{"id":907,"date":"2026-05-28T12:31:04","date_gmt":"2026-05-28T11:31:04","guid":{"rendered":"https:\/\/www.commissionofinvestigation.ie\/tacaiocht-do-mharthanoiri\/"},"modified":"2026-08-24T11:03:40","modified_gmt":"2026-08-24T10:03:40","slug":"tacaiocht-do-mharthanoiri","status":"publish","type":"page","link":"https:\/\/www.commissionofinvestigation.ie\/ga\/tacaiocht-do-mharthanoiri\/","title":{"rendered":"Taca\u00edocht do Mharthan\u00f3ir\u00ed"},"content":{"rendered":"\n<div class=\"wp-block-uagb-advanced-heading uagb-block-ef57d004\" id=\"participation-support\"><\/div>\n\n\n\n<p class=\"wp-block-paragraph\">T\u00e1 an Coimisi\u00fan tiomanta lena chinnti\u00fa go bhfuil a phr\u00f3isis inrochtana agus ionchuimsitheach, agus go bhfuil taca\u00edocht ar f\u00e1il d\u00f3ibh siud a bhfuil s\u00ed de dh\u00edth orthu le p\u00e1irt a ghlacadh sa suirbh\u00e9 agus sna c\u00e9imeanna d\u00e1r gcuid oibre ina dhiaidh sin.&nbsp;<a href=\"https:\/\/www.commissionofinvestigation.ie\/ga\/tacaiocht-do-mharthanoiri\/tacaiocht-rannphairtiochta\/\">Tuilleadh eolais faoi Thaca\u00edocht Rannph\u00e1irt\u00edochta<\/a>.<\/p>\n\n\n\n<div class=\"wp-block-uagb-advanced-heading uagb-block-630464f0\" id=\"external-support-services\"><h2 class=\"uagb-heading-text\"><strong>Seirbh\u00eds\u00ed Taca\u00edochta Seachtracha<\/strong><\/h2><\/div>\n\n\n\n<p class=\"wp-block-paragraph\">T\u00e1 taca\u00edocht d\u00f3ibh si\u00fad a d\u2019fhulaing droch\u00fas\u00e1id ghn\u00e9asach ar f\u00e1il \u00f3 l\u00edon gn\u00edomhaireachta\u00ed th\u00edos. Mura bhfuil t\u00fa cinnte faoin gcine\u00e1l taca\u00edochta at\u00e1 de dh\u00edth ort, moltar duit labhairt le do dhocht\u00fair teaghlaigh.<\/p>\n\n\n\n<div class=\"wp-block-uagb-advanced-heading uagb-block-753059a8\"><h3 class=\"uagb-heading-text\"><strong>Duine Amh\u00e1in as Gach Ceathrar<\/strong><\/h3><\/div>\n\n\n\n<p class=\"wp-block-paragraph\">Cuireann Duine Amh\u00e1in as Gach Ceathrar taca\u00edocht ar f\u00e1il do mharthan\u00f3ir\u00ed aosaigh a d\u2019fhulaing droch\u00fas\u00e1id ghn\u00e9asach leana\u00ed:<\/p>\n\n\n\n<ul class=\"wp-block-list\">\n<li>Teil: <a href=\"tel:+35316624070\">+353 1 662 4070<\/a><\/li>\n\n\n\n<li>R-phost:&nbsp;<a href=\"mailto:info@oneinfour.ie\">info@oneinfour.ie<\/a><\/li>\n\n\n\n<li>Su\u00edomh gr\u00e9as\u00e1in:&nbsp;<a href=\"http:\/\/www.oneinfour.ie\/\">www.oneinfour.ie<\/a><\/li>\n<\/ul>\n\n\n\n<div class=\"wp-block-uagb-advanced-heading uagb-block-cc8155ec\"><h3 class=\"uagb-heading-text\"><strong>An tSeirbh\u00eds N\u00e1isi\u00fanta Comhairleoireachta<\/strong><\/h3><\/div>\n\n\n\n<p class=\"wp-block-paragraph\">Cuireann Seirbh\u00eds N\u00e1isi\u00fanta Comhairleoireachta FSS seirbh\u00eds comhairleoireachta agus s\u00edciteiripe at\u00e1 gairmi\u00fail agus faoi r\u00fan ar f\u00e1il do dhaoine at\u00e1 18 mbliana d\u2019aois n\u00f3 n\u00edos sine a d\u2019fhulaing droch\u00fas\u00e1id leana\u00ed. Is f\u00e9idir rochtain a dh\u00e9anamh ar an tseirbh\u00eds tr\u00ed fh\u00e9in-atreor\u00fa n\u00f3 tr\u00ed atreor\u00fa \u00f3 dhocht\u00fair teaghlaigh.<\/p>\n\n\n\n<ul class=\"wp-block-list\">\n<li>T\u00e1 an tseirbh\u00eds ar f\u00e1il i R\u00e9igi\u00fain Sl\u00e1inte uile FSS. T\u00e1 an t-eolas teagmh\u00e1la \u00e9ags\u00fail ag brath ar c\u00e1 bhfuil t\u00fa in \u00c9irinn, ach is f\u00e9idir teacht ar na sonra\u00ed teagmh\u00e1la do gach ceantar \u00e1iti\u00fail ag: <\/li>\n<\/ul>\n\n\n\n<p class=\"wp-block-paragraph\"><a href=\"https:\/\/www2.hse.ie\/mental-health\/services-support\/ncs\/self-referral\/\">T\u00fa f\u00e9in a atreor\u00fa go dt\u00ed an SNC<\/a><\/p>\n\n\n\n<div class=\"wp-block-uagb-advanced-heading uagb-block-33ec0f1c\"><h3 class=\"uagb-heading-text\"><strong>Connect Counselling<\/strong><\/h3><\/div>\n\n\n\n<p class=\"wp-block-paragraph\">Is seirbh\u00eds comhairleoireachta agus taca\u00edochta teileaf\u00f3in de chuid FSS \u00ed Connect Counselling le haghaidh daoine f\u00e1sta a d\u2019fhulaing droch\u00fas\u00e1id leana\u00ed. Is iad comhairleoir\u00ed c\u00e1ilithe at\u00e1 ar an bhfoireann agus t\u00e1 s\u00ed ar f\u00e1il \u00f3 thr\u00e1thn\u00f3na D\u00e9 C\u00e9adaoin go dt\u00ed tr\u00e1thn\u00f3na D\u00e9 Domhnaigh \u00f3 5pm-9pm.<\/p>\n\n\n\n<ul class=\"wp-block-list\">\n<li>Poblacht na h\u00c9ireann: Saorghlao <a href=\"tel:1800477477\">1800 477 477<\/a><\/li>\n\n\n\n<li>Tuaisceart \u00c9ireann agus an R\u00edocht Aontaithe: <a href=\"tel:008000488023\">00800 0488 023\u00a0<\/a>\u00a0\u00a0\u00a0\u00a0<\/li>\n\n\n\n<li>Lasmuigh d\u2019\u00c9irinn agus an R\u00edocht Aontaithe: <a href=\"tel:+353016833357\">+353 (0)1 683 3357<\/a><\/li>\n\n\n\n<li>Su\u00edomh Gr\u00e9as\u00e1in: <a href=\"https:\/\/connectcounselling.ie\/\">connectcounselling.ie<\/a><\/li>\n<\/ul>\n\n\n\n<div class=\"wp-block-uagb-advanced-heading uagb-block-e69911f1\"><h3 class=\"uagb-heading-text\"><strong>Rape Crisis Centre<\/strong><\/h3><\/div>\n\n\n\n<p class=\"wp-block-paragraph\">Seirbh\u00eds \u00e9isteachta agus taca\u00edochta at\u00e1 saor in aisce agus faoi r\u00fan \u00e1 tairiscint do dhuine ar bith a ndearnadh \u00e9igni\u00fa, ionsa\u00ed gn\u00e9asach, ciapadh gn\u00e9asach n\u00f3 droch\u00fas\u00e1id ghn\u00e9asach air\/uirthi ag am ar bith ina saol.<\/p>\n\n\n\n<ul class=\"wp-block-list\">\n<li>L\u00edne Chabhrach N\u00e1isi\u00fanta 24-uair an chloig: <a href=\"tel:1800778888\">1800 77 88 88<\/a> (uaireanta oifige)<\/li>\n\n\n\n<li>R-phost:\u00a0<a href=\"mailto:counselling@rcc.ie\">counselling@rcc.ie<\/a><\/li>\n\n\n\n<li>Su\u00edomh Gr\u00e9as\u00e1in:&nbsp;<a href=\"http:\/\/www.rapecrisisireland.ie\">rapecrisisireland.ie<\/a><\/li>\n<\/ul>\n\n\n\n<div class=\"wp-block-uagb-advanced-heading uagb-block-f949ccfa\"><h3 class=\"uagb-heading-text\"><strong>Samaritans<\/strong><\/h3><\/div>\n\n\n\n<p class=\"wp-block-paragraph\">T\u00e1 na Sam\u00e1raigh ar f\u00e1il le haghaidh taca\u00edochta \u00e9isteachta at\u00e1 faoi r\u00fan agus neamhbhreithi\u00fanach. Is f\u00e9idir leat glaoch n\u00f3 r\u00edomhphost a chur chuig na Sam\u00e1raigh uair ar bith, de l\u00e1 agus d\u2019o\u00edche:<\/p>\n\n\n\n<ul class=\"wp-block-list\">\n<li>Saorghlao: <a href=\"tel:116123\">116 123<\/a><\/li>\n\n\n\n<li>R-phost:&nbsp;<a href=\"mailto:jo@samaritans.ie\">jo@samaritans.ie<\/a><\/li>\n\n\n\n<li>Su\u00edomh gr\u00e9as\u00e1in:&nbsp;<a href=\"https:\/\/www.samaritans.org\/ireland\/samaritans-ireland\/\">samaritans.ie<\/a><\/li>\n<\/ul>\n\n\n\n<div class=\"wp-block-uagb-advanced-heading uagb-block-8e3091c1\"><h3 class=\"uagb-heading-text\"><strong>Pieta<\/strong><\/h3><\/div>\n\n\n\n<p class=\"wp-block-paragraph\">Cuireann Pieta comhairleoireacht ar f\u00e1il ina n-ionaid ar fud na t\u00edre, agus taca\u00edocht ar an bhf\u00f3n. T\u00e1 a gcuid seirbh\u00eds\u00ed le haghaidh daoine at\u00e1 i mbaol l\u00e1mh a chur ina mb\u00e1s f\u00e9in, agus do dhaoine at\u00e1 f\u00e1gtha faoi bhr\u00f3n de bharr f\u00e9inmharaithe:<\/p>\n\n\n\n<ul class=\"wp-block-list\">\n<li>Saorghlao <a href=\"tel:1800247247\">1800 247 247<\/a> (uair ar bith, de l\u00e1 n\u00f3 d\u2019o\u00edche)<\/li>\n\n\n\n<li>Cuir an t\u00e9acs HELP go dt\u00ed <a href=\"tel:51444\">51444<\/a> (t\u00e1 gn\u00e1thr\u00e1ta\u00ed teachtaireachta\u00ed i bhfeidhm)<\/li>\n\n\n\n<li>Tabhair cuairt ar&nbsp;<a href=\"https:\/\/www.pieta.ie\/\">www.pieta.ie<\/a>&nbsp;le haghaidh tuilleadh eolais<\/li>\n<\/ul>\n\n\n\n<div class=\"wp-block-uagb-advanced-heading uagb-block-0eb994fd\"><h3 class=\"uagb-heading-text\"><strong>Text About It (Cuir T\u00e9acs Faoi)<\/strong><\/h3><\/div>\n\n\n\n<p class=\"wp-block-paragraph\">Seirbh\u00eds t\u00e9acs saor in aisce ina gcuirtear taca\u00edocht mhoth\u00fach\u00e1nach do dhuine ar bith at\u00e1 ag fulaingt mar gheall ar gh\u00e9arch\u00e9im, tr\u00ed theagmh\u00e1il a dh\u00e9anamh i gcomhr\u00e1 t\u00e9acs le hoibr\u00ed deonach oilte agus faoi mhaoirseacht:<\/p>\n\n\n\n<ul class=\"wp-block-list\">\n<li>Cuir an t\u00e9acs HELLO go dt\u00ed <a href=\"tel:50808\">50808<\/a> chun t\u00fas a chur le comhr\u00e1<\/li>\n\n\n\n<li>Tabhair cuairt ar&nbsp;<a href=\"https:\/\/www.textaboutit.ie\/\">www.textaboutit.ie<\/a>&nbsp;le haghaidh tuilleadh eolais<\/li>\n<\/ul>\n\n\n\n<div class=\"wp-block-uagb-advanced-heading uagb-block-d7bdc403\"><h3 class=\"uagb-heading-text\"><strong>Eolas maidir le Meabhairshl\u00e1inte<\/strong><\/h3><\/div>\n\n\n\n<p class=\"wp-block-paragraph\">Tabhair cuairt ar\u00a0<a href=\"https:\/\/www2.hse.ie\/mental-health\/\">www.yourmentalhealth.ie<\/a>\u00a0le haghaidh eolais faoin gcaoi le haire a thabhairt do do mheabhairshl\u00e1inte, le taca\u00edocht a thabhairt do dhaoine eile, n\u00f3 le seirbh\u00eds a aimsi\u00fa i do cheantar. Ar an su\u00edomh, is f\u00e9idir leat eolas a aimsi\u00fa faoi na taca\u00edochta\u00ed at\u00e1 \u00e1 gcur ar f\u00e1il ag eagra\u00edochta\u00ed at\u00e1 maoinithe ag FSS, lena n-\u00e1ir\u00edtear f\u00e9inchabhair, comhairleoireacht, l\u00ednte cabhracha agus taca\u00edochta\u00ed ar l\u00edne. Is f\u00e9idir leat glaoch ar chur ar Do L\u00edne Eolais maidir le Meabhairshl\u00e1inte de chudi FSS ar an saorghlao <a href=\"tel:1800111888\">1800 111 888<\/a> le haghaidh eolais faoi sheirbh\u00eds\u00ed meabhairshl\u00e1inte i do cheantar. T\u00e1 an L\u00edne Eolais oscailte uair ar bith, de l\u00e1 n\u00f3 d\u2019o\u00edche.<\/p>\n\n\n\n<div class=\"wp-block-uagb-advanced-heading uagb-block-189ead25\"><h3 class=\"uagb-heading-text\"><strong>Taca\u00edocht do Mharthan\u00f3ir\u00ed thar lear<\/strong><\/h3><\/div>\n\n\n\n<p class=\"wp-block-paragraph\"><strong>An Bhreatain<\/strong><\/p>\n\n\n\n<p class=\"wp-block-paragraph\">D\u00f3ibh si\u00fad at\u00e1 ina gc\u00f3na\u00ed sa Bhreatain ar mhaith leo leas a bhaint as taca\u00edochta\u00ed go h\u00e1iti\u00fail, t\u00e1 l\u00edon eagra\u00edochta\u00ed ann \u2013 arna thac\u00fa \u00f3 thaobh airgeadais de ag an Roinn Gn\u00f3tha\u00ed Eachtracha tr\u00edd an gCl\u00e1r Taca\u00edochta d\u2019Eisimircigh \u2013 a chuireann taca\u00edocht ar f\u00e1il.<\/p>\n\n\n\n<p class=\"wp-block-paragraph\"><strong>ICAP<\/strong><\/p>\n\n\n\n<p class=\"wp-block-paragraph\">Is \u00e9 ICAP an t-aon sainseirbh\u00eds comhairleoireachta agus s\u00edciteiripe bunaithe sa Bhreatain a thugann taca\u00edocht do dhaoine \u00f3n phobal \u00c9ireannach a bhfuil raon fadhbanna moth\u00fach\u00e1nacha rompu, lena n-\u00e1ir\u00edtear d\u00falagar, imn\u00ed agus strus. T\u00e1 saineolas ar leith acu faoi bheith ag obair leo si\u00fad a th\u00e1inig beo as droch\u00fas\u00e1id leana\u00ed agus cuireann siad seirbh\u00eds teiripe saor in aisce ar f\u00e1il do mharthan\u00f3ir\u00ed de dhroch\u00fas\u00e1id institi\u00faideach:<\/p>\n\n\n\n<ul class=\"wp-block-list\">\n<li>Teil: <a href=\"tel:02072727906\">020 7272 7906<\/a><\/li>\n\n\n\n<li>Seoladh: 96 Moray Rd, Finsbury Park, Londain N4 3LA<\/li>\n\n\n\n<li>R-phost: Londain&nbsp;<a href=\"mailto:info@icap.org.uk\">info@icap.org.uk<\/a><\/li>\n\n\n\n<li>R-phost: West Midlands&nbsp;<a href=\"mailto:info@icapbirmingham.org.uk\">info@icapbirmingham.org.uk<\/a><\/li>\n\n\n\n<li>su\u00edomh gr\u00e9as\u00e1in:&nbsp;<a href=\"https:\/\/www.icap.org.uk\/\">icap.org.uk<\/a><\/li>\n<\/ul>\n\n\n\n<p class=\"wp-block-paragraph\"><strong>L\u00e1rionad \u00c9ireannach Londan<\/strong><\/p>\n\n\n\n<p class=\"wp-block-paragraph\">Le seirbh\u00eds chomhth\u00e1ite marthan\u00f3ir\u00ed L\u00e1rionad \u00c9ireannach Londan, cuirtear taca\u00edocht agus abhc\u00f3ideacht ar f\u00e1il do mharthan\u00f3ir\u00ed agus d\u2019iarch\u00f3naitheoir\u00ed institi\u00faid\u00ed \u00c9ireannacha at\u00e1 ina gc\u00f3na\u00ed i Londain agus san Oirdheisceart. Is f\u00e9idir teagmh\u00e1il a dh\u00e9anamh leo ar <a href=\"tel:02079162222\">0207 916 2222<\/a>, agus ag\u00a0<a href=\"mailto:community@londonirishcentre.org\">community@londonirishcentre.org<\/a><\/p>\n\n\n\n<p class=\"wp-block-paragraph\"><a href=\"https:\/\/www.londonirishcentre.org\/our-services\/community-development\/survivorservice\">T\u00e1 tuilleadh eolais ar f\u00e1il<\/a>.<\/p>\n\n\n\n<div class=\"wp-block-uagb-advanced-heading uagb-block-05b20260\"><h3 class=\"uagb-heading-text\"><strong>Fr\u00e9a \u2013 Renewing Roots (Fr\u00e9amhacha a Athmh\u00fascailt)<\/strong><\/h3><\/div>\n\n\n\n<p class=\"wp-block-paragraph\">Is comhph\u00e1irt\u00edocht \u00e9 Fr\u00e9a \u2013 Renewing Roots idir C\u00faram an Phobail \u00c9ireannaigh, Sl\u00e1inte agus Tithe an Phobail \u00c9ireannaigh Leeds agus C\u00faram an Phobail \u00c9ireannaigh Manchain, ina dtugtar taca\u00edocht do mharthan\u00f3ir\u00ed agus d\u2019iarch\u00f3naitheoir\u00ed institi\u00faid\u00ed \u00c9ireannacha, chomh maith le taca\u00edocht mhoth\u00fach\u00e1nach agus phraitici\u00fail a thairiscint.<\/p>\n\n\n\n<ul class=\"wp-block-list\">\n<li>Teil: <a href=\"tel:07458138682\">07458 138 682<\/a><\/li>\n\n\n\n<li>r-phost:&nbsp;<a href=\"mailto:renewingroots@frea.org.uk\">renewingroots@frea.org.uk<\/a><\/li>\n<\/ul>\n\n\n\n<p class=\"wp-block-paragraph\"><a href=\"https:\/\/www.frea.org.uk\/motherandbabypayments\">T\u00e1 tuilleadh eolais ar f\u00e1il.<\/a><\/p>\n\n\n\n<div class=\"wp-block-uagb-advanced-heading uagb-block-58b92d66\"><h3 class=\"uagb-heading-text\"><strong>Cumann \u00c9ireannach Coventry<\/strong><\/h3><\/div>\n\n\n\n<p class=\"wp-block-paragraph\">Oibr\u00edonn Cumann \u00c9ireannach Coventry le marthan\u00f3ir\u00ed agus iarch\u00f3naitheoir\u00ed institi\u00faid\u00ed \u00c9ireannacha.<\/p>\n\n\n\n<ul class=\"wp-block-list\">\n<li>Teil: <a href=\"tel:02476256629\">0247 625 6629<\/a><\/li>\n\n\n\n<li>R-phost:&nbsp;<a href=\"mailto:simon.mccarthy@covirishsoc.org.uk\">simon.mccarthy@covirishsoc.org.uk<\/a><\/li>\n<\/ul>\n\n\n\n<p class=\"wp-block-paragraph\"><a href=\"https:\/\/www.coventryirishsociety.com\/help-support\/irish-survivors\">T\u00e1 tuilleadh eolais ar f\u00e1il<\/a>.<\/p>\n\n\n\n<div class=\"wp-block-uagb-advanced-heading uagb-block-c45a26e2\"><h3 class=\"uagb-heading-text\"><strong>Na St\u00e1it Aontaithe<\/strong><\/h3><\/div>\n\n\n\n<p class=\"wp-block-paragraph\">In Ionaid Chomhghuaill\u00edocht Inimirce na h\u00c9ireann, cuirtear taca\u00edocht ar f\u00e1il do na pobail \u00c9ireannacha\/Ghael-Mheirice\u00e1nacha a bhfuil siad ag freastal orthu.<\/p>\n\n\n\n<p class=\"wp-block-paragraph\"><a href=\"https:\/\/ciic-usa.org\/\">T\u00e1 tuilleadh eolais ar f\u00e1il<\/a>&nbsp;agus&nbsp;<a href=\"https:\/\/ciic-usa.org\/find-your-local-irish-center\/\">t\u00e1 sonra\u00ed na n-ionad ar f\u00e1il<\/a>.<\/p>\n\n\n\n<div class=\"wp-block-uagb-advanced-heading uagb-block-549dc8e0\"><h3 class=\"uagb-heading-text\"><strong>T\u00edortha eile<\/strong><\/h3><\/div>\n\n\n\n<p class=\"wp-block-paragraph\">Do dhaoine at\u00e1 ina gc\u00f3na\u00ed lasmuigh d\u2019\u00c9irinn, den Bhreatain agus de na St\u00e1it Aontaithe, is f\u00e9idir le hAmbas\u00e1id n\u00f3 Consalacht \u00e1iti\u00fail de chuid na h\u00c9ireann sonra\u00ed eagra\u00edochta\u00ed a chur ar f\u00e1il a bheadh in ann cuidi\u00fa.<\/p>\n\n\n\n<p class=\"wp-block-paragraph\"><a href=\"https:\/\/www.ireland.ie\/ga\/dfa\/ambasaidi-na-heireann\/\">T\u00e1 liosta ambas\u00e1id\u00ed agus consalachta\u00ed ar f\u00e1il \u00f3n Roinn Gn\u00f3tha\u00ed Eachtracha agus Tr\u00e1d\u00e1la<\/a>.<\/p>\n\n\n\n<div class=\"wp-block-uagb-advanced-heading uagb-block-0a602bd9\" id=\"reporting-an-allegation\"><h3 class=\"uagb-heading-text\"><strong>L\u00edomhain a thuairisci\u00fa don Gharda S\u00edoch\u00e1na maidir le droch\u00fas\u00e1id ghn\u00e9asach<\/strong><\/h3><\/div>\n\n\n\n<p class=\"wp-block-paragraph\">M\u00e1s mian leat l\u00edomhain a thuairisci\u00fa maidir le droch\u00fas\u00e1id ghn\u00e9asach, is f\u00e9idir dul i dteagmh\u00e1il le do st\u00e1isi\u00fan \u00e1iti\u00fail de chuid an Gharda S\u00edoch\u00e1na, leis an Aonad Bainist\u00edochta um Choireanna Gn\u00e9is de chuid an Gharda S\u00edoch\u00e1na (<a href=\"tel:016663430\">01-6663430<\/a>) n\u00f3 le L\u00edne Thuairiscithe an Gharda S\u00edoch\u00e1na maidir le Droch\u00fas\u00e1id Ghn\u00e9asach Leana\u00ed (<a href=\"tel:1800555222\">1800 555 222<\/a>), seirbh\u00eds at\u00e1 faoi r\u00fan, saor in aisce agus ar f\u00e1il ar bhonn 24\/7. De rogha air sin, is f\u00e9idir r\u00edomhphost a chur chuig\u00a0<a href=\"mailto:GNPSB_SCMU@garda.ie\">GNPSB_SCMU@garda.ie<\/a><\/p>\n","protected":false},"excerpt":{"rendered":"<p>T\u00e1 an Coimisi\u00fan tiomanta lena chinnti\u00fa go bhfuil a phr\u00f3isis inrochtana agus ionchuimsitheach, agus go bhfuil taca\u00edocht ar f\u00e1il d\u00f3ibh [&hellip;]<\/p>\n","protected":false},"author":2,"featured_media":0,"parent":0,"menu_order":50,"comment_status":"closed","ping_status":"closed","template":"","meta":{"_acf_changed":false,"_uag_custom_page_level_css":"","site-sidebar-layout":"default","site-content-layout":"","ast-site-content-layout":"default","site-content-style":"default","site-sidebar-style":"default","ast-global-header-display":"","ast-banner-title-visibility":"","ast-main-header-display":"","ast-hfb-above-header-display":"","ast-hfb-below-header-display":"","ast-hfb-mobile-header-display":"","site-post-title":"","ast-breadcrumbs-content":"","ast-featured-img":"","footer-sml-layout":"","ast-disable-related-posts":"","theme-transparent-header-meta":"","adv-header-id-meta":"","stick-header-meta":"","header-above-stick-meta":"","header-main-stick-meta":"","header-below-stick-meta":"","astra-migrate-meta-layouts":"default","ast-page-background-enabled":"default","ast-page-background-meta":{"desktop":{"background-color":"var(--ast-global-color-5)","background-image":"","background-repeat":"repeat","background-position":"center center","background-size":"auto","background-attachment":"scroll","background-type":"","background-media":"","overlay-type":"","overlay-color":"","overlay-opacity":"","overlay-gradient":""},"tablet":{"background-color":"","background-image":"","background-repeat":"repeat","background-position":"center center","background-size":"auto","background-attachment":"scroll","background-type":"","background-media":"","overlay-type":"","overlay-color":"","overlay-opacity":"","overlay-gradient":""},"mobile":{"background-color":"","background-image":"","background-repeat":"repeat","background-position":"center center","background-size":"auto","background-attachment":"scroll","background-type":"","background-media":"","overlay-type":"","overlay-color":"","overlay-opacity":"","overlay-gradient":""}},"ast-content-background-meta":{"desktop":{"background-color":"var(--ast-global-color-4)","background-image":"","background-repeat":"repeat","background-position":"center center","background-size":"auto","background-attachment":"scroll","background-type":"","background-media":"","overlay-type":"","overlay-color":"","overlay-opacity":"","overlay-gradient":""},"tablet":{"background-color":"var(--ast-global-color-4)","background-image":"","background-repeat":"repeat","background-position":"center center","background-size":"auto","background-attachment":"scroll","background-type":"","background-media":"","overlay-type":"","overlay-color":"","overlay-opacity":"","overlay-gradient":""},"mobile":{"background-color":"var(--ast-global-color-4)","background-image":"","background-repeat":"repeat","background-position":"center center","background-size":"auto","background-attachment":"scroll","background-type":"","background-media":"","overlay-type":"","overlay-color":"","overlay-opacity":"","overlay-gradient":""}},"footnotes":""},"class_list":["post-907","page","type-page","status-publish","hentry"],"acf":[],"yoast_head":"<!-- This site is optimized with the Yoast SEO plugin v28.4 - https:\/\/yoast.com\/product\/yoast-seo-wordpress\/ -->\n<title>Taca\u00edocht do Mharthan\u00f3ir\u00ed - Commission of Investigation<\/title>\n<meta name=\"robots\" content=\"index, follow, max-snippet:-1, max-image-preview:large, max-video-preview:-1\" \/>\n<link rel=\"canonical\" href=\"https:\/\/www.commissionofinvestigation.ie\/ga\/tacaiocht-do-mharthanoiri\/\" \/>\n<meta property=\"og:locale\" content=\"en_US\" \/>\n<meta property=\"og:type\" content=\"article\" \/>\n<meta property=\"og:title\" content=\"Taca\u00edocht do Mharthan\u00f3ir\u00ed - Commission of Investigation\" \/>\n<meta property=\"og:description\" content=\"T\u00e1 an Coimisi\u00fan tiomanta lena chinnti\u00fa go bhfuil a phr\u00f3isis inrochtana agus ionchuimsitheach, agus go bhfuil taca\u00edocht ar f\u00e1il d\u00f3ibh [&hellip;]\" \/>\n<meta property=\"og:url\" content=\"https:\/\/www.commissionofinvestigation.ie\/ga\/tacaiocht-do-mharthanoiri\/\" \/>\n<meta property=\"og:site_name\" content=\"Commission of Investigation\" \/>\n<meta property=\"article:modified_time\" content=\"2026-08-24T10:03:40+00:00\" \/>\n<meta name=\"twitter:card\" content=\"summary_large_image\" \/>\n<meta name=\"twitter:label1\" content=\"Est. reading time\" \/>\n\t<meta name=\"twitter:data1\" content=\"5 minutes\" \/>\n<script type=\"application\/ld+json\" class=\"yoast-schema-graph\">{\"@context\":\"https:\\\/\\\/schema.org\",\"@graph\":[{\"@type\":\"WebPage\",\"@id\":\"https:\\\/\\\/www.commissionofinvestigation.ie\\\/ga\\\/tacaiocht-do-mharthanoiri\\\/\",\"url\":\"https:\\\/\\\/www.commissionofinvestigation.ie\\\/ga\\\/tacaiocht-do-mharthanoiri\\\/\",\"name\":\"Taca\u00edocht do Mharthan\u00f3ir\u00ed - Commission of Investigation\",\"isPartOf\":{\"@id\":\"https:\\\/\\\/www.commissionofinvestigation.ie\\\/#website\"},\"datePublished\":\"2026-05-28T11:31:04+00:00\",\"dateModified\":\"2026-08-24T10:03:40+00:00\",\"breadcrumb\":{\"@id\":\"https:\\\/\\\/www.commissionofinvestigation.ie\\\/ga\\\/tacaiocht-do-mharthanoiri\\\/#breadcrumb\"},\"inLanguage\":\"ga\",\"potentialAction\":[{\"@type\":\"ReadAction\",\"target\":[\"https:\\\/\\\/www.commissionofinvestigation.ie\\\/ga\\\/tacaiocht-do-mharthanoiri\\\/\"]}]},{\"@type\":\"BreadcrumbList\",\"@id\":\"https:\\\/\\\/www.commissionofinvestigation.ie\\\/ga\\\/tacaiocht-do-mharthanoiri\\\/#breadcrumb\",\"itemListElement\":[{\"@type\":\"ListItem\",\"position\":1,\"name\":\"Home\",\"item\":\"https:\\\/\\\/www.commissionofinvestigation.ie\\\/ga\\\/\"},{\"@type\":\"ListItem\",\"position\":2,\"name\":\"Taca\u00edocht do Mharthan\u00f3ir\u00ed\"}]},{\"@type\":\"WebSite\",\"@id\":\"https:\\\/\\\/www.commissionofinvestigation.ie\\\/#website\",\"url\":\"https:\\\/\\\/www.commissionofinvestigation.ie\\\/\",\"name\":\"Commission of Investigation\",\"description\":\"Commission of Investigation: Handling of historical child sexual abuse in schools.\",\"publisher\":{\"@id\":\"https:\\\/\\\/www.commissionofinvestigation.ie\\\/#organization\"},\"potentialAction\":[{\"@type\":\"SearchAction\",\"target\":{\"@type\":\"EntryPoint\",\"urlTemplate\":\"https:\\\/\\\/www.commissionofinvestigation.ie\\\/?s={search_term_string}\"},\"query-input\":{\"@type\":\"PropertyValueSpecification\",\"valueRequired\":true,\"valueName\":\"search_term_string\"}}],\"inLanguage\":\"ga\"},{\"@type\":\"Organization\",\"@id\":\"https:\\\/\\\/www.commissionofinvestigation.ie\\\/#organization\",\"name\":\"Commission of Investigation\",\"url\":\"https:\\\/\\\/www.commissionofinvestigation.ie\\\/\",\"logo\":{\"@type\":\"ImageObject\",\"inLanguage\":\"ga\",\"@id\":\"https:\\\/\\\/www.commissionofinvestigation.ie\\\/#\\\/schema\\\/logo\\\/image\\\/\",\"url\":\"https:\\\/\\\/www.commissionofinvestigation.ie\\\/app\\\/uploads\\\/2026\\\/05\\\/coi-logo-scaled.png\",\"contentUrl\":\"https:\\\/\\\/www.commissionofinvestigation.ie\\\/app\\\/uploads\\\/2026\\\/05\\\/coi-logo-scaled.png\",\"width\":2560,\"height\":425,\"caption\":\"Commission of Investigation\"},\"image\":{\"@id\":\"https:\\\/\\\/www.commissionofinvestigation.ie\\\/#\\\/schema\\\/logo\\\/image\\\/\"}}]}<\/script>\n<!-- \/ Yoast SEO plugin. -->","yoast_head_json":{"title":"Taca\u00edocht do Mharthan\u00f3ir\u00ed - Commission of Investigation","robots":{"index":"index","follow":"follow","max-snippet":"max-snippet:-1","max-image-preview":"max-image-preview:large","max-video-preview":"max-video-preview:-1"},"canonical":"https:\/\/www.commissionofinvestigation.ie\/ga\/tacaiocht-do-mharthanoiri\/","og_locale":"en_US","og_type":"article","og_title":"Taca\u00edocht do Mharthan\u00f3ir\u00ed - Commission of Investigation","og_description":"T\u00e1 an Coimisi\u00fan tiomanta lena chinnti\u00fa go bhfuil a phr\u00f3isis inrochtana agus ionchuimsitheach, agus go bhfuil taca\u00edocht ar f\u00e1il d\u00f3ibh [&hellip;]","og_url":"https:\/\/www.commissionofinvestigation.ie\/ga\/tacaiocht-do-mharthanoiri\/","og_site_name":"Commission of Investigation","article_modified_time":"2026-08-24T10:03:40+00:00","twitter_card":"summary_large_image","twitter_misc":{"Est. reading time":"5 minutes"},"schema":{"@context":"https:\/\/schema.org","@graph":[{"@type":"WebPage","@id":"https:\/\/www.commissionofinvestigation.ie\/ga\/tacaiocht-do-mharthanoiri\/","url":"https:\/\/www.commissionofinvestigation.ie\/ga\/tacaiocht-do-mharthanoiri\/","name":"Taca\u00edocht do Mharthan\u00f3ir\u00ed - Commission of Investigation","isPartOf":{"@id":"https:\/\/www.commissionofinvestigation.ie\/#website"},"datePublished":"2026-05-28T11:31:04+00:00","dateModified":"2026-08-24T10:03:40+00:00","breadcrumb":{"@id":"https:\/\/www.commissionofinvestigation.ie\/ga\/tacaiocht-do-mharthanoiri\/#breadcrumb"},"inLanguage":"ga","potentialAction":[{"@type":"ReadAction","target":["https:\/\/www.commissionofinvestigation.ie\/ga\/tacaiocht-do-mharthanoiri\/"]}]},{"@type":"BreadcrumbList","@id":"https:\/\/www.commissionofinvestigation.ie\/ga\/tacaiocht-do-mharthanoiri\/#breadcrumb","itemListElement":[{"@type":"ListItem","position":1,"name":"Home","item":"https:\/\/www.commissionofinvestigation.ie\/ga\/"},{"@type":"ListItem","position":2,"name":"Taca\u00edocht do Mharthan\u00f3ir\u00ed"}]},{"@type":"WebSite","@id":"https:\/\/www.commissionofinvestigation.ie\/#website","url":"https:\/\/www.commissionofinvestigation.ie\/","name":"Commission of Investigation","description":"Commission of Investigation: Handling of historical child sexual abuse in schools.","publisher":{"@id":"https:\/\/www.commissionofinvestigation.ie\/#organization"},"potentialAction":[{"@type":"SearchAction","target":{"@type":"EntryPoint","urlTemplate":"https:\/\/www.commissionofinvestigation.ie\/?s={search_term_string}"},"query-input":{"@type":"PropertyValueSpecification","valueRequired":true,"valueName":"search_term_string"}}],"inLanguage":"ga"},{"@type":"Organization","@id":"https:\/\/www.commissionofinvestigation.ie\/#organization","name":"Commission of Investigation","url":"https:\/\/www.commissionofinvestigation.ie\/","logo":{"@type":"ImageObject","inLanguage":"ga","@id":"https:\/\/www.commissionofinvestigation.ie\/#\/schema\/logo\/image\/","url":"https:\/\/www.commissionofinvestigation.ie\/app\/uploads\/2026\/05\/coi-logo-scaled.png","contentUrl":"https:\/\/www.commissionofinvestigation.ie\/app\/uploads\/2026\/05\/coi-logo-scaled.png","width":2560,"height":425,"caption":"Commission of Investigation"},"image":{"@id":"https:\/\/www.commissionofinvestigation.ie\/#\/schema\/logo\/image\/"}}]}},"spectra_custom_meta":{"_uagb_previous_block_counts":["a:90:{s:21:\"uagb\/advanced-heading\";i:16;s:15:\"uagb\/blockquote\";i:0;s:12:\"uagb\/buttons\";i:0;s:18:\"uagb\/buttons-child\";i:0;s:19:\"uagb\/call-to-action\";i:0;s:15:\"uagb\/cf7-styler\";i:0;s:11:\"uagb\/column\";i:0;s:12:\"uagb\/columns\";i:0;s:14:\"uagb\/container\";i:0;s:21:\"uagb\/content-timeline\";i:0;s:27:\"uagb\/content-timeline-child\";i:0;s:14:\"uagb\/countdown\";i:0;s:12:\"uagb\/counter\";i:0;s:8:\"uagb\/faq\";i:0;s:14:\"uagb\/faq-child\";i:0;s:10:\"uagb\/forms\";i:0;s:17:\"uagb\/forms-accept\";i:0;s:19:\"uagb\/forms-checkbox\";i:0;s:15:\"uagb\/forms-date\";i:0;s:16:\"uagb\/forms-email\";i:0;s:17:\"uagb\/forms-hidden\";i:0;s:15:\"uagb\/forms-name\";i:0;s:16:\"uagb\/forms-phone\";i:0;s:16:\"uagb\/forms-radio\";i:0;s:17:\"uagb\/forms-select\";i:0;s:19:\"uagb\/forms-textarea\";i:0;s:17:\"uagb\/forms-toggle\";i:0;s:14:\"uagb\/forms-url\";i:0;s:14:\"uagb\/gf-styler\";i:0;s:15:\"uagb\/google-map\";i:0;s:11:\"uagb\/how-to\";i:0;s:16:\"uagb\/how-to-step\";i:0;s:9:\"uagb\/icon\";i:0;s:14:\"uagb\/icon-list\";i:0;s:20:\"uagb\/icon-list-child\";i:0;s:10:\"uagb\/image\";i:0;s:18:\"uagb\/image-gallery\";i:0;s:13:\"uagb\/info-box\";i:0;s:18:\"uagb\/inline-notice\";i:0;s:11:\"uagb\/lottie\";i:0;s:21:\"uagb\/marketing-button\";i:0;s:10:\"uagb\/modal\";i:0;s:18:\"uagb\/popup-builder\";i:0;s:16:\"uagb\/post-button\";i:0;s:18:\"uagb\/post-carousel\";i:0;s:17:\"uagb\/post-excerpt\";i:0;s:14:\"uagb\/post-grid\";i:0;s:15:\"uagb\/post-image\";i:0;s:17:\"uagb\/post-masonry\";i:0;s:14:\"uagb\/post-meta\";i:0;s:18:\"uagb\/post-taxonomy\";i:0;s:18:\"uagb\/post-timeline\";i:0;s:15:\"uagb\/post-title\";i:0;s:20:\"uagb\/restaurant-menu\";i:0;s:26:\"uagb\/restaurant-menu-child\";i:0;s:11:\"uagb\/review\";i:0;s:12:\"uagb\/section\";i:0;s:14:\"uagb\/separator\";i:0;s:11:\"uagb\/slider\";i:0;s:17:\"uagb\/slider-child\";i:0;s:17:\"uagb\/social-share\";i:0;s:23:\"uagb\/social-share-child\";i:0;s:16:\"uagb\/star-rating\";i:0;s:23:\"uagb\/sure-cart-checkout\";i:0;s:22:\"uagb\/sure-cart-product\";i:0;s:15:\"uagb\/sure-forms\";i:0;s:22:\"uagb\/table-of-contents\";i:0;s:9:\"uagb\/tabs\";i:0;s:15:\"uagb\/tabs-child\";i:0;s:18:\"uagb\/taxonomy-list\";i:0;s:9:\"uagb\/team\";i:0;s:16:\"uagb\/testimonial\";i:0;s:14:\"uagb\/wp-search\";i:0;s:19:\"uagb\/instagram-feed\";i:0;s:10:\"uagb\/login\";i:0;s:17:\"uagb\/loop-builder\";i:0;s:18:\"uagb\/loop-category\";i:0;s:20:\"uagb\/loop-pagination\";i:0;s:15:\"uagb\/loop-reset\";i:0;s:16:\"uagb\/loop-search\";i:0;s:14:\"uagb\/loop-sort\";i:0;s:17:\"uagb\/loop-wrapper\";i:0;s:13:\"uagb\/register\";i:0;s:19:\"uagb\/register-email\";i:0;s:24:\"uagb\/register-first-name\";i:0;s:23:\"uagb\/register-last-name\";i:0;s:22:\"uagb\/register-password\";i:0;s:30:\"uagb\/register-reenter-password\";i:0;s:19:\"uagb\/register-terms\";i:0;s:22:\"uagb\/register-username\";i:0;}"],"_last_translation_edit_mode":["native-editor"],"ast-main-header-display":[""],"ast-hfb-above-header-display":[""],"ast-hfb-below-header-display":[""],"ast-hfb-mobile-header-display":[""],"adv-header-id-meta":[""],"footer-sml-layout":[""],"stick-header-meta":[""],"header-main-stick-meta":[""],"header-above-stick-meta":[""],"header-below-stick-meta":[""],"site-post-title":[""],"site-sidebar-layout":["default"],"site-content-layout":[""],"ast-featured-img":[""],"ast-breadcrumbs-content":[""],"theme-transparent-header-meta":[""],"ast-banner-title-visibility":[""],"ast-global-header-display":[""],"ast-site-content-layout":["default"],"site-content-style":["default"],"site-sidebar-style":["default"],"menu_type":["sections"],"sections":["3"],"_menu_type":["field_6a33d6ebaeaaa"],"_sections":["field_6a33d800aeaab"],"_sections_0_title":["field_6a33d81daeaac"],"_sections_0_anchor":["field_6a33d828aeaad"],"_sections_1_title":["field_6a33d81daeaac"],"_sections_1_anchor":["field_6a33d828aeaad"],"_sections_2_title":["field_6a33d81daeaac"],"_sections_2_anchor":["field_6a33d828aeaad"],"_top_nav_excluded":[""],"_cms_nav_minihome":[""],"_wpml_word_count":["1237"],"_edit_lock":["1787565821:7"],"_edit_last":["7"],"_wp_page_template":[""],"_yoast_wpseo_content_score":["90"],"_yoast_wpseo_estimated-reading-time-minutes":["5"],"sections_0_title":["Taca\u00edocht Rannp\u00e1irt\u00edochta"],"sections_0_anchor":["TACA\u00cdOCHT-RANNPH\u00c1IRT\u00cdOCHTA "],"sections_1_title":["Taca\u00edocht do Mharthan\u00f3ir\u00ed thar lear"],"sections_1_anchor":["TACA\u00cdOCHT-DO-MHARTHAN\u00d3IR\u00cd"],"sections_2_title":["L\u00edomhain a thuairisci\u00fa don Gharda S\u00edoch\u00e1na maidir le droch\u00fas\u00e1id ghn\u00e9asach"],"sections_2_anchor":["L\u00edomhain-a-thuairisci\u00fa-don-Gharda-S\u00edoch\u00e1na-maidir-le-droch\u00fas\u00e1id-ghn\u00e9asach"]},"uagb_featured_image_src":{"full":false,"thumbnail":false,"medium":false,"medium_large":false,"large":false,"1536x1536":false,"2048x2048":false},"uagb_author_info":{"display_name":"Jose","author_link":"https:\/\/www.commissionofinvestigation.ie\/ga\/author\/jose\/"},"uagb_comment_info":0,"uagb_excerpt":"T\u00e1 an Coimisi\u00fan tiomanta lena chinnti\u00fa go bhfuil a phr\u00f3isis inrochtana agus ionchuimsitheach, agus go bhfuil taca\u00edocht ar f\u00e1il d\u00f3ibh [&hellip;]","_links":{"self":[{"href":"https:\/\/www.commissionofinvestigation.ie\/ga\/wp-json\/wp\/v2\/pages\/907","targetHints":{"allow":["GET"]}}],"collection":[{"href":"https:\/\/www.commissionofinvestigation.ie\/ga\/wp-json\/wp\/v2\/pages"}],"about":[{"href":"https:\/\/www.commissionofinvestigation.ie\/ga\/wp-json\/wp\/v2\/types\/page"}],"author":[{"embeddable":true,"href":"https:\/\/www.commissionofinvestigation.ie\/ga\/wp-json\/wp\/v2\/users\/2"}],"replies":[{"embeddable":true,"href":"https:\/\/www.commissionofinvestigation.ie\/ga\/wp-json\/wp\/v2\/comments?post=907"}],"version-history":[{"count":11,"href":"https:\/\/www.commissionofinvestigation.ie\/ga\/wp-json\/wp\/v2\/pages\/907\/revisions"}],"predecessor-version":[{"id":1474,"href":"https:\/\/www.commissionofinvestigation.ie\/ga\/wp-json\/wp\/v2\/pages\/907\/revisions\/1474"}],"wp:attachment":[{"href":"https:\/\/www.commissionofinvestigation.ie\/ga\/wp-json\/wp\/v2\/media?parent=907"}],"curies":[{"name":"wp","href":"https:\/\/api.w.org\/{rel}","templated":true}]}}