{"id":892,"date":"2026-05-28T12:30:32","date_gmt":"2026-05-28T11:30:32","guid":{"rendered":"https:\/\/www.commissionofinvestigation.ie\/maidir-leis-an-gcoimisiun\/"},"modified":"2026-08-24T11:35:58","modified_gmt":"2026-08-24T10:35:58","slug":"maidir-leis-an-gcoimisiun","status":"publish","type":"page","link":"https:\/\/www.commissionofinvestigation.ie\/ga\/maidir-leis-an-gcoimisiun\/","title":{"rendered":"Maidir Leis an gCoimisi\u00fan"},"content":{"rendered":"\n<figure class=\"wp-block-image size-large\"><img loading=\"lazy\" decoding=\"async\" width=\"1024\" height=\"731\" src=\"https:\/\/www.commissionofinvestigation.ie\/app\/uploads\/2026\/06\/study-research-1024x731.png\" alt=\"\" class=\"wp-image-552\" srcset=\"https:\/\/www.commissionofinvestigation.ie\/app\/uploads\/2026\/06\/study-research-1024x731.png 1024w, https:\/\/www.commissionofinvestigation.ie\/app\/uploads\/2026\/06\/study-research-300x214.png 300w, https:\/\/www.commissionofinvestigation.ie\/app\/uploads\/2026\/06\/study-research-768x549.png 768w, https:\/\/www.commissionofinvestigation.ie\/app\/uploads\/2026\/06\/study-research.png 1484w\" sizes=\"auto, (max-width: 1024px) 100vw, 1024px\" \/><\/figure>\n\n\n\n<h2 id=\"R\u00e9amhr\u00e1\" class=\"wp-block-heading\"><strong>R\u00e9amhr\u00e1<\/strong><\/h2>\n\n\n\n<p class=\"wp-block-paragraph\">Buna\u00edodh an Coimisi\u00fan Imscr\u00fad\u00fach\u00e1in chun scr\u00fad\u00fa a dh\u00e9anamh ar an gcaoi ar l\u00e1imhse\u00e1il scoileanna agus iad si\u00fad freagrach as scoileanna in \u00c9irinn, \u00e1bhair imn\u00ed faoi dhroch\u00fas\u00e1id ghn\u00e9asach leana\u00ed. <\/p>\n\n\n\n<p class=\"wp-block-paragraph\">Scr\u00fad\u00f3idh an Coimisi\u00fan freisin an chaoi ar l\u00e1imhse\u00e1il An Garda S\u00edoch\u00e1na, Feidhmeannaht na Seirbh\u00edse Sl\u00e1inte, agus an Roinn Oideachais, tuairisc\u00ed faoi dhroch\u00fas\u00e1id. Ina chuid oibre, d\u00edreofar ar \u00e1it n\u00e1r tugadh d\u00f3thain cosanta do leana\u00ed a aithint, f\u00e9achaint ar an gc\u00fais ar tharla na teipeanna sin agus c\u00e9 a bh\u00ed freagrach.<\/p>\n\n\n\n<p class=\"wp-block-paragraph\">Cuirfidh an Coimisi\u00fan san \u00e1ireamh an tionchar a bh\u00ed ag droch\u00fas\u00e1id ghn\u00e9asach leana\u00ed i scoileanna. Tuairisceoidh s\u00e9 chuig an Aire Oideachais agus \u00d3ige faoi eisp\u00e9iris na marthan\u00f3ir\u00ed, an tionchar a bh\u00ed aige ar a saol, agus faoi cad is f\u00e9idir a fhoghlaim chun cosaint leana\u00ed a neart\u00fa amach anseo.<\/p>\n\n\n\n<h2 id=\"t\u00e9arma\u00ed-tagartha\" class=\"wp-block-heading\"><strong>T\u00e9arma\u00ed Tagartha<\/strong><\/h2>\n\n\n\n<p class=\"wp-block-paragraph\">I an Choimisi\u00fain, tugtar breac-chuntas ar a bhfuil s\u00e9 bunaithe lena dh\u00e9anamh, cad a scr\u00fad\u00f3idh s\u00e9 agus, ar an m\u00f3rg\u00f3ir, an chaoi a dtabharfaidh s\u00e9 faoina chuid oibre.<\/p>\n\n\n\n<p class=\"wp-block-paragraph\">N\u00ed f\u00e9idir leis an gCoimisi\u00fan ach imscr\u00fad\u00fa a dh\u00e9anamh ar \u00e1bhair at\u00e1 cl\u00fadaithe sna T\u00e9arma\u00ed Tagartha at\u00e1 leagtha amach ag an Rialtas.<\/p>\n\n\n\n<p class=\"wp-block-paragraph\">Faoina Th\u00e9arma\u00ed Tagartha, d\u00e9anfaidh an Coimisi\u00fan an m\u00e9id seo a leanas:<\/p>\n\n\n\n<ul class=\"wp-block-list\">\n<li>L\u00e1imhse\u00e1il \u00e1bhar imn\u00ed faoi dhroch\u00fas\u00e1id ghn\u00e9asach leana\u00ed a tharla idir 1927 agus 2013 sna scoileanna lae agus c\u00f3naithe uile, scoileanna speisialta san \u00e1ireamh, a mheas.<\/li>\n\n\n\n<li>Teipeanna na scoileanna le freagairt ar \u00e1bhair imn\u00ed faoi dhroch\u00fas\u00e1id ghn\u00e9asach leana\u00ed ar bhealach inar tugadh d\u00f3thain cosanta do leana\u00ed, a aithint agus a imscr\u00fad\u00fa, agus scr\u00fad\u00fa a dh\u00e9anamh ar ch\u00faiseanna na dteipeanna sin.<\/li>\n\n\n\n<li>Scr\u00fad\u00fa a dh\u00e9anamh ar an gcaoi ar l\u00e1imhse\u00e1il An Garda S\u00edoch\u00e1na, Feidhmeannacht na Seirbh\u00edse Sl\u00e1inte (agus na comhlachta\u00ed a bh\u00ed ann roimhe seo n\u00f3 na comhlachta\u00ed a thagann ina ndiaidh), agus an Roinn Oideachais, \u00e1bhair imn\u00ed faoi dhroch\u00fas\u00e1id ghn\u00e9asach leana\u00ed a tuairisc\u00edodh d\u00f3ibh.<\/li>\n\n\n\n<li>Tuairisci\u00fa a dh\u00e9anamh ar an tionchar a bh\u00ed ag droch\u00fas\u00e1id ghn\u00e9asach ar mharthan\u00f3ir\u00ed agus aon cheachtanna a d\u2019fh\u00e9adfadh cuidi\u00fa le cosaint leana\u00ed a neart\u00fa tuilleadh amach anseo a aithint.<\/li>\n<\/ul>\n\n\n\n<p class=\"wp-block-paragraph\">N\u00edl s\u00e9 de ch\u00faram ar an gCoimisi\u00fan imscr\u00fad\u00fa a dh\u00e9anamh ar ch\u00e1sanna ar leith de dhroch\u00fas\u00e1id ghn\u00e9asach leana\u00ed n\u00e1 cinnt\u00ed a dh\u00e9anamh faoi dhaoine ar leith a rinne na coireanna. An r\u00f3l at\u00e1 aige n\u00e1 scr\u00fad\u00fa a dh\u00e9anamh ar an gcaoi ar l\u00e1imhse\u00e1ladh \u00e1bhair imn\u00ed faoi dhroch\u00fas\u00e1id ghn\u00e9asach leana\u00ed. <\/p>\n\n\n\n<p class=\"wp-block-paragraph\"><a href=\"https:\/\/www.commissionofinvestigation.ie\/ga\/ma-ta-tu-buartha-faoi-shabhailteacht-linbh-anois\/\">Is f\u00e9idir teacht ar thuilleadh eolais anseo m\u00e1 t\u00e1 t\u00fa buartha f<\/a>a<a href=\"https:\/\/www.commissionofinvestigation.ie\/ga\/ma-ta-tu-buartha-faoi-shabhailteacht-linbh-anois\/\">oi sh\u00e1bh\u00e1ilteacht linbh anois<\/a>.<\/p>\n\n\n\n<div class=\"wp-block-uagb-advanced-heading uagb-block-40cf66b7\" id=\"Obair-an-Choimisi\u00fain\"><h2 class=\"uagb-heading-text\"><strong>M\u00e1 t\u00e1 t\u00fa Buartha faoi Sh\u00e1bh\u00e1ilteacht Linbh Anois<\/strong><\/h2><\/div>\n\n\n\n<p class=\"wp-block-paragraph\"><strong>An Garda S\u00edoch\u00e1na<\/strong><br><em>Is f\u00e9idir leat droch\u00fas\u00e1id ghn\u00e9asach leana\u00ed a thuairisci\u00fa do na Garda\u00ed ar an bhf\u00f3n am ar bith, l\u00e1 n\u00f3 o\u00edche.<\/em><\/p>\n\n\n\n<p class=\"wp-block-paragraph\"><strong>Saorghlao:<\/strong><em>&nbsp;<\/em><a href=\"tel:1800555222\" target=\"_blank\" rel=\"noopener\"><em>1800 555 222<\/em><\/a><\/p>\n\n\n\n<p class=\"wp-block-paragraph\"><strong>Tusla<\/strong><\/p>\n\n\n\n<p class=\"wp-block-paragraph\"><em>Is f\u00e9idir leat teagmh\u00e1il a dh\u00e9anamh le Tusla freisin m\u00e1 t\u00e1 \u00e1bhar imn\u00ed ort faoi dhroch\u00fas\u00e1id ghn\u00e9asach leana\u00ed.<\/em><\/p>\n\n\n\n<p class=\"wp-block-paragraph\">Faigh na sonra\u00ed teagmh\u00e1la le haghaidh do rann\u00f3g oibre s\u00f3isialta \u00e1iti\u00fail ar&nbsp;<a href=\"https:\/\/www.tusla.ie\/children-first\/contact-a-social-worker3\/\" target=\"_blank\" rel=\"noreferrer noopener\"><em>shu\u00edomh gr\u00e9as\u00e1in Tusla<\/em><\/a><em>.<\/em><\/p>\n\n\n\n<div class=\"wp-block-uagb-advanced-heading uagb-block-a4c18dec\" id=\"Obair-an-Choimisi\u00fain\"><h2 class=\"uagb-heading-text\">Obair an Choimisi\u00fain<\/h2><\/div>\n\n\n\n<p class=\"wp-block-paragraph\">Re\u00e1cht\u00e1lfaidh an Coimisi\u00fan Imscr\u00fad\u00fach\u00e1in <a href=\"https:\/\/www.commissionofinvestigation.ie\/ga\/pairt-a-ghlacadh\/suirbhe\/\">suirbh\u00e9<\/a> san Fh\u00f3mhar in 2026, ina dtabharfar cuireadh do mharthan\u00f3ir\u00ed de dhroch\u00fas\u00e1id ghn\u00e9asach leana\u00ed i scoileanna, chomh maith le daoine eile a bhful eolas \u00e1bhartha acu, chun roinnt sonra\u00ed tosaigh a chur ar f\u00e1il. Leis an eolas a bhail\u00edtear cuideofar le cinneadh a dh\u00e9anamh faoi na ch\u00e9ad ch\u00e9imeanna eile d\u2019obair imscr\u00fadaitheach an Choimsi\u00fain.<\/p>\n\n\n\n<p class=\"wp-block-paragraph\">Bun\u00f3idh an Coimisi\u00fan <a href=\"https:\/\/www.commissionofinvestigation.ie\/ga\/pairt-a-ghlacadh\/clar-rannphairtiochta-marthanoiri\/\">Cl\u00e1r Rannph\u00e1irt\u00edochta Marthan\u00f3ir\u00ed<\/a> freisin. Cuirfidh s\u00e9 seo sp\u00e1s deonach agus s\u00e1bh\u00e1ilte ina bhfuil taca\u00edocht ar f\u00e1il do mharthan\u00f3ir\u00ed chun cuntas a n-eisp\u00e9iris agus an tionchar a bh\u00ed aige a roinnt, tr\u00ed phr\u00f3iseas at\u00e1 neamhfhoirmi\u00fail, faoi r\u00fan agus anaithnid.<\/p>\n\n\n\n<div class=\"wp-block-uagb-advanced-heading uagb-block-f32fce0f\" id=\"Cur-Chuige-D\u00edrithe-ar-Mharthan\u00f3ir\u00ed\"><h2 class=\"uagb-heading-text\"><strong>Cur Chuige D\u00edrithe ar Mharthan\u00f3ir\u00ed<\/strong><\/h2><\/div>\n\n\n\n<p class=\"wp-block-paragraph\">T\u00e1 an Coimisi\u00fan tiomanta lena chinnti\u00fa go bhfuil a chuid oibre ag d\u00edri\u00fa ar mharthan\u00f3ir\u00ed, mar at\u00e1 leagtha amach ina <a href=\"https:\/\/www.commissionofinvestigation.ie\/ga\/maidir-leis-an-gcoimisiun\/prionsabail-dirithe-ar-mharthanoiri\/\"><strong>Phrionsabail ag D\u00edri\u00fa ar Mharthan\u00f3ir\u00ed<\/strong>.<\/a><\/p>\n\n\n\n<h2 id=\"Foireann-an-Choimisi\u00fain\" class=\"wp-block-heading\"><strong>Foireann an Choimisi\u00fain<\/strong><\/h2>\n\n\n\n<p class=\"wp-block-paragraph\">Ceapadh an Breitheamh Michael MacGrath, Uasal, mar chathaoirleach ar an gCoimisi\u00fan. Faigheann s\u00e9 taca\u00edocht \u00f3 cheithre choimisin\u00e9ir: An Breitheamh Mary Ellen Ring, Uasal, Roddy Bourke, Uasal, Michele Clarke, Uasal agus Kieran McGrath, Uasal.<\/p>\n\n\n\n<p class=\"wp-block-paragraph\"><strong><a href=\"https:\/\/www.commissionofinvestigation.ie\/ga\/maidir-leis-an-gcoimisiun\/foireann-an-choimsiuin\/\">Tuilleadh eolais maidir le foireann an Choimisi\u00fain<\/a><\/strong><\/p>\n\n\n\n<h2 id=\"Bun\u00fa-an-Choimisi\u00fain-Imscr\u00fad\u00fach\u00e1in\" class=\"wp-block-heading\"><strong>Bun\u00fa an Choimisi\u00fain Imscr\u00fad\u00fach\u00e1in <\/strong><\/h2>\n\n\n\n<p class=\"wp-block-paragraph\">Bhunaigh an tAire Oideachais agus \u00d3ige an Coimisi\u00fan Imscr\u00fad\u00fach\u00e1in maidir le L\u00e1imhse\u00e1il Droch\u00fas\u00e1ide Gn\u00e9asa\u00ed Leana\u00ed Stairi\u00fala i Scoileanna tar \u00e9is Fiosr\u00fach\u00e1in Sc\u00f3ipe faoi nochtadh droch\u00fas\u00e1ide gn\u00e9asa\u00ed stairi\u00fala i scoileanna.<\/p>\n\n\n\n<p class=\"wp-block-paragraph\"><strong><a href=\"https:\/\/www.commissionofinvestigation.ie\/ga\/maidir-leis-an-gcoimisiun\/bunu-an-choimisiuin\/\">Tuilleadh eolais maidir le bun\u00fa an Choimisi\u00fain.<\/a><\/strong><\/p>\n\n\n\n<p class=\"wp-block-paragraph\"><\/p>\n","protected":false},"excerpt":{"rendered":"<p>R\u00e9amhr\u00e1 Buna\u00edodh an Coimisi\u00fan Imscr\u00fad\u00fach\u00e1in chun scr\u00fad\u00fa a dh\u00e9anamh ar an gcaoi ar l\u00e1imhse\u00e1il scoileanna agus iad si\u00fad freagrach as [&hellip;]<\/p>\n","protected":false},"author":2,"featured_media":0,"parent":0,"menu_order":20,"comment_status":"closed","ping_status":"closed","template":"","meta":{"_acf_changed":false,"_uag_custom_page_level_css":"","site-sidebar-layout":"default","site-content-layout":"","ast-site-content-layout":"default","site-content-style":"default","site-sidebar-style":"default","ast-global-header-display":"","ast-banner-title-visibility":"","ast-main-header-display":"","ast-hfb-above-header-display":"","ast-hfb-below-header-display":"","ast-hfb-mobile-header-display":"","site-post-title":"","ast-breadcrumbs-content":"","ast-featured-img":"","footer-sml-layout":"","ast-disable-related-posts":"","theme-transparent-header-meta":"","adv-header-id-meta":"","stick-header-meta":"","header-above-stick-meta":"","header-main-stick-meta":"","header-below-stick-meta":"","astra-migrate-meta-layouts":"default","ast-page-background-enabled":"default","ast-page-background-meta":{"desktop":{"background-color":"var(--ast-global-color-5)","background-image":"","background-repeat":"repeat","background-position":"center center","background-size":"auto","background-attachment":"scroll","background-type":"","background-media":"","overlay-type":"","overlay-color":"","overlay-opacity":"","overlay-gradient":""},"tablet":{"background-color":"","background-image":"","background-repeat":"repeat","background-position":"center center","background-size":"auto","background-attachment":"scroll","background-type":"","background-media":"","overlay-type":"","overlay-color":"","overlay-opacity":"","overlay-gradient":""},"mobile":{"background-color":"","background-image":"","background-repeat":"repeat","background-position":"center center","background-size":"auto","background-attachment":"scroll","background-type":"","background-media":"","overlay-type":"","overlay-color":"","overlay-opacity":"","overlay-gradient":""}},"ast-content-background-meta":{"desktop":{"background-color":"var(--ast-global-color-4)","background-image":"","background-repeat":"repeat","background-position":"center center","background-size":"auto","background-attachment":"scroll","background-type":"","background-media":"","overlay-type":"","overlay-color":"","overlay-opacity":"","overlay-gradient":""},"tablet":{"background-color":"var(--ast-global-color-4)","background-image":"","background-repeat":"repeat","background-position":"center center","background-size":"auto","background-attachment":"scroll","background-type":"","background-media":"","overlay-type":"","overlay-color":"","overlay-opacity":"","overlay-gradient":""},"mobile":{"background-color":"var(--ast-global-color-4)","background-image":"","background-repeat":"repeat","background-position":"center center","background-size":"auto","background-attachment":"scroll","background-type":"","background-media":"","overlay-type":"","overlay-color":"","overlay-opacity":"","overlay-gradient":""}},"footnotes":""},"class_list":["post-892","page","type-page","status-publish","hentry"],"acf":[],"yoast_head":"<!-- This site is optimized with the Yoast SEO plugin v28.4 - https:\/\/yoast.com\/product\/yoast-seo-wordpress\/ -->\n<title>Maidir Leis an gCoimisi\u00fan - Commission of Investigation<\/title>\n<meta name=\"robots\" content=\"index, follow, max-snippet:-1, max-image-preview:large, max-video-preview:-1\" \/>\n<link rel=\"canonical\" href=\"https:\/\/www.commissionofinvestigation.ie\/ga\/maidir-leis-an-gcoimisiun\/\" \/>\n<meta property=\"og:locale\" content=\"en_US\" \/>\n<meta property=\"og:type\" content=\"article\" \/>\n<meta property=\"og:title\" content=\"Maidir Leis an gCoimisi\u00fan - Commission of Investigation\" \/>\n<meta property=\"og:description\" content=\"R\u00e9amhr\u00e1 Buna\u00edodh an Coimisi\u00fan Imscr\u00fad\u00fach\u00e1in chun scr\u00fad\u00fa a dh\u00e9anamh ar an gcaoi ar l\u00e1imhse\u00e1il scoileanna agus iad si\u00fad freagrach as [&hellip;]\" \/>\n<meta property=\"og:url\" content=\"https:\/\/www.commissionofinvestigation.ie\/ga\/maidir-leis-an-gcoimisiun\/\" \/>\n<meta property=\"og:site_name\" content=\"Commission of Investigation\" \/>\n<meta property=\"article:modified_time\" content=\"2026-08-24T10:35:58+00:00\" \/>\n<meta property=\"og:image\" content=\"https:\/\/www.commissionofinvestigation.ie\/app\/uploads\/2026\/06\/study-research.png\" \/>\n\t<meta property=\"og:image:width\" content=\"1484\" \/>\n\t<meta property=\"og:image:height\" content=\"1060\" \/>\n\t<meta property=\"og:image:type\" content=\"image\/png\" \/>\n<meta name=\"twitter:card\" content=\"summary_large_image\" \/>\n<meta name=\"twitter:label1\" content=\"Est. reading time\" \/>\n\t<meta name=\"twitter:data1\" content=\"4 minutes\" \/>\n<script type=\"application\/ld+json\" class=\"yoast-schema-graph\">{\"@context\":\"https:\\\/\\\/schema.org\",\"@graph\":[{\"@type\":\"WebPage\",\"@id\":\"https:\\\/\\\/www.commissionofinvestigation.ie\\\/ga\\\/maidir-leis-an-gcoimisiun\\\/\",\"url\":\"https:\\\/\\\/www.commissionofinvestigation.ie\\\/ga\\\/maidir-leis-an-gcoimisiun\\\/\",\"name\":\"Maidir Leis an gCoimisi\u00fan - Commission of Investigation\",\"isPartOf\":{\"@id\":\"https:\\\/\\\/www.commissionofinvestigation.ie\\\/#website\"},\"primaryImageOfPage\":{\"@id\":\"https:\\\/\\\/www.commissionofinvestigation.ie\\\/ga\\\/maidir-leis-an-gcoimisiun\\\/#primaryimage\"},\"image\":{\"@id\":\"https:\\\/\\\/www.commissionofinvestigation.ie\\\/ga\\\/maidir-leis-an-gcoimisiun\\\/#primaryimage\"},\"thumbnailUrl\":\"https:\\\/\\\/www.commissionofinvestigation.ie\\\/app\\\/uploads\\\/2026\\\/06\\\/study-research-1024x731.png\",\"datePublished\":\"2026-05-28T11:30:32+00:00\",\"dateModified\":\"2026-08-24T10:35:58+00:00\",\"breadcrumb\":{\"@id\":\"https:\\\/\\\/www.commissionofinvestigation.ie\\\/ga\\\/maidir-leis-an-gcoimisiun\\\/#breadcrumb\"},\"inLanguage\":\"ga\",\"potentialAction\":[{\"@type\":\"ReadAction\",\"target\":[\"https:\\\/\\\/www.commissionofinvestigation.ie\\\/ga\\\/maidir-leis-an-gcoimisiun\\\/\"]}]},{\"@type\":\"ImageObject\",\"inLanguage\":\"ga\",\"@id\":\"https:\\\/\\\/www.commissionofinvestigation.ie\\\/ga\\\/maidir-leis-an-gcoimisiun\\\/#primaryimage\",\"url\":\"https:\\\/\\\/www.commissionofinvestigation.ie\\\/app\\\/uploads\\\/2026\\\/06\\\/study-research-1024x731.png\",\"contentUrl\":\"https:\\\/\\\/www.commissionofinvestigation.ie\\\/app\\\/uploads\\\/2026\\\/06\\\/study-research-1024x731.png\"},{\"@type\":\"BreadcrumbList\",\"@id\":\"https:\\\/\\\/www.commissionofinvestigation.ie\\\/ga\\\/maidir-leis-an-gcoimisiun\\\/#breadcrumb\",\"itemListElement\":[{\"@type\":\"ListItem\",\"position\":1,\"name\":\"Home\",\"item\":\"https:\\\/\\\/www.commissionofinvestigation.ie\\\/ga\\\/\"},{\"@type\":\"ListItem\",\"position\":2,\"name\":\"Maidir Leis an gCoimisi\u00fan\"}]},{\"@type\":\"WebSite\",\"@id\":\"https:\\\/\\\/www.commissionofinvestigation.ie\\\/#website\",\"url\":\"https:\\\/\\\/www.commissionofinvestigation.ie\\\/\",\"name\":\"Commission of Investigation\",\"description\":\"Commission of Investigation: Handling of historical child sexual abuse in schools.\",\"publisher\":{\"@id\":\"https:\\\/\\\/www.commissionofinvestigation.ie\\\/#organization\"},\"potentialAction\":[{\"@type\":\"SearchAction\",\"target\":{\"@type\":\"EntryPoint\",\"urlTemplate\":\"https:\\\/\\\/www.commissionofinvestigation.ie\\\/?s={search_term_string}\"},\"query-input\":{\"@type\":\"PropertyValueSpecification\",\"valueRequired\":true,\"valueName\":\"search_term_string\"}}],\"inLanguage\":\"ga\"},{\"@type\":\"Organization\",\"@id\":\"https:\\\/\\\/www.commissionofinvestigation.ie\\\/#organization\",\"name\":\"Commission of Investigation\",\"url\":\"https:\\\/\\\/www.commissionofinvestigation.ie\\\/\",\"logo\":{\"@type\":\"ImageObject\",\"inLanguage\":\"ga\",\"@id\":\"https:\\\/\\\/www.commissionofinvestigation.ie\\\/#\\\/schema\\\/logo\\\/image\\\/\",\"url\":\"https:\\\/\\\/www.commissionofinvestigation.ie\\\/app\\\/uploads\\\/2026\\\/05\\\/coi-logo-scaled.png\",\"contentUrl\":\"https:\\\/\\\/www.commissionofinvestigation.ie\\\/app\\\/uploads\\\/2026\\\/05\\\/coi-logo-scaled.png\",\"width\":2560,\"height\":425,\"caption\":\"Commission of Investigation\"},\"image\":{\"@id\":\"https:\\\/\\\/www.commissionofinvestigation.ie\\\/#\\\/schema\\\/logo\\\/image\\\/\"}}]}<\/script>\n<!-- \/ Yoast SEO plugin. -->","yoast_head_json":{"title":"Maidir Leis an gCoimisi\u00fan - Commission of Investigation","robots":{"index":"index","follow":"follow","max-snippet":"max-snippet:-1","max-image-preview":"max-image-preview:large","max-video-preview":"max-video-preview:-1"},"canonical":"https:\/\/www.commissionofinvestigation.ie\/ga\/maidir-leis-an-gcoimisiun\/","og_locale":"en_US","og_type":"article","og_title":"Maidir Leis an gCoimisi\u00fan - Commission of Investigation","og_description":"R\u00e9amhr\u00e1 Buna\u00edodh an Coimisi\u00fan Imscr\u00fad\u00fach\u00e1in chun scr\u00fad\u00fa a dh\u00e9anamh ar an gcaoi ar l\u00e1imhse\u00e1il scoileanna agus iad si\u00fad freagrach as [&hellip;]","og_url":"https:\/\/www.commissionofinvestigation.ie\/ga\/maidir-leis-an-gcoimisiun\/","og_site_name":"Commission of Investigation","article_modified_time":"2026-08-24T10:35:58+00:00","og_image":[{"width":1484,"height":1060,"url":"https:\/\/www.commissionofinvestigation.ie\/app\/uploads\/2026\/06\/study-research.png","type":"image\/png"}],"twitter_card":"summary_large_image","twitter_misc":{"Est. reading time":"4 minutes"},"schema":{"@context":"https:\/\/schema.org","@graph":[{"@type":"WebPage","@id":"https:\/\/www.commissionofinvestigation.ie\/ga\/maidir-leis-an-gcoimisiun\/","url":"https:\/\/www.commissionofinvestigation.ie\/ga\/maidir-leis-an-gcoimisiun\/","name":"Maidir Leis an gCoimisi\u00fan - Commission of Investigation","isPartOf":{"@id":"https:\/\/www.commissionofinvestigation.ie\/#website"},"primaryImageOfPage":{"@id":"https:\/\/www.commissionofinvestigation.ie\/ga\/maidir-leis-an-gcoimisiun\/#primaryimage"},"image":{"@id":"https:\/\/www.commissionofinvestigation.ie\/ga\/maidir-leis-an-gcoimisiun\/#primaryimage"},"thumbnailUrl":"https:\/\/www.commissionofinvestigation.ie\/app\/uploads\/2026\/06\/study-research-1024x731.png","datePublished":"2026-05-28T11:30:32+00:00","dateModified":"2026-08-24T10:35:58+00:00","breadcrumb":{"@id":"https:\/\/www.commissionofinvestigation.ie\/ga\/maidir-leis-an-gcoimisiun\/#breadcrumb"},"inLanguage":"ga","potentialAction":[{"@type":"ReadAction","target":["https:\/\/www.commissionofinvestigation.ie\/ga\/maidir-leis-an-gcoimisiun\/"]}]},{"@type":"ImageObject","inLanguage":"ga","@id":"https:\/\/www.commissionofinvestigation.ie\/ga\/maidir-leis-an-gcoimisiun\/#primaryimage","url":"https:\/\/www.commissionofinvestigation.ie\/app\/uploads\/2026\/06\/study-research-1024x731.png","contentUrl":"https:\/\/www.commissionofinvestigation.ie\/app\/uploads\/2026\/06\/study-research-1024x731.png"},{"@type":"BreadcrumbList","@id":"https:\/\/www.commissionofinvestigation.ie\/ga\/maidir-leis-an-gcoimisiun\/#breadcrumb","itemListElement":[{"@type":"ListItem","position":1,"name":"Home","item":"https:\/\/www.commissionofinvestigation.ie\/ga\/"},{"@type":"ListItem","position":2,"name":"Maidir Leis an gCoimisi\u00fan"}]},{"@type":"WebSite","@id":"https:\/\/www.commissionofinvestigation.ie\/#website","url":"https:\/\/www.commissionofinvestigation.ie\/","name":"Commission of Investigation","description":"Commission of Investigation: Handling of historical child sexual abuse in schools.","publisher":{"@id":"https:\/\/www.commissionofinvestigation.ie\/#organization"},"potentialAction":[{"@type":"SearchAction","target":{"@type":"EntryPoint","urlTemplate":"https:\/\/www.commissionofinvestigation.ie\/?s={search_term_string}"},"query-input":{"@type":"PropertyValueSpecification","valueRequired":true,"valueName":"search_term_string"}}],"inLanguage":"ga"},{"@type":"Organization","@id":"https:\/\/www.commissionofinvestigation.ie\/#organization","name":"Commission of Investigation","url":"https:\/\/www.commissionofinvestigation.ie\/","logo":{"@type":"ImageObject","inLanguage":"ga","@id":"https:\/\/www.commissionofinvestigation.ie\/#\/schema\/logo\/image\/","url":"https:\/\/www.commissionofinvestigation.ie\/app\/uploads\/2026\/05\/coi-logo-scaled.png","contentUrl":"https:\/\/www.commissionofinvestigation.ie\/app\/uploads\/2026\/05\/coi-logo-scaled.png","width":2560,"height":425,"caption":"Commission of Investigation"},"image":{"@id":"https:\/\/www.commissionofinvestigation.ie\/#\/schema\/logo\/image\/"}}]}},"spectra_custom_meta":{"_uagb_previous_block_counts":["a:90:{s:21:\"uagb\/advanced-heading\";i:3;s:15:\"uagb\/blockquote\";i:0;s:12:\"uagb\/buttons\";i:0;s:18:\"uagb\/buttons-child\";i:0;s:19:\"uagb\/call-to-action\";i:0;s:15:\"uagb\/cf7-styler\";i:0;s:11:\"uagb\/column\";i:0;s:12:\"uagb\/columns\";i:0;s:14:\"uagb\/container\";i:0;s:21:\"uagb\/content-timeline\";i:0;s:27:\"uagb\/content-timeline-child\";i:0;s:14:\"uagb\/countdown\";i:0;s:12:\"uagb\/counter\";i:0;s:8:\"uagb\/faq\";i:0;s:14:\"uagb\/faq-child\";i:0;s:10:\"uagb\/forms\";i:0;s:17:\"uagb\/forms-accept\";i:0;s:19:\"uagb\/forms-checkbox\";i:0;s:15:\"uagb\/forms-date\";i:0;s:16:\"uagb\/forms-email\";i:0;s:17:\"uagb\/forms-hidden\";i:0;s:15:\"uagb\/forms-name\";i:0;s:16:\"uagb\/forms-phone\";i:0;s:16:\"uagb\/forms-radio\";i:0;s:17:\"uagb\/forms-select\";i:0;s:19:\"uagb\/forms-textarea\";i:0;s:17:\"uagb\/forms-toggle\";i:0;s:14:\"uagb\/forms-url\";i:0;s:14:\"uagb\/gf-styler\";i:0;s:15:\"uagb\/google-map\";i:0;s:11:\"uagb\/how-to\";i:0;s:16:\"uagb\/how-to-step\";i:0;s:9:\"uagb\/icon\";i:0;s:14:\"uagb\/icon-list\";i:0;s:20:\"uagb\/icon-list-child\";i:0;s:10:\"uagb\/image\";i:0;s:18:\"uagb\/image-gallery\";i:0;s:13:\"uagb\/info-box\";i:0;s:18:\"uagb\/inline-notice\";i:0;s:11:\"uagb\/lottie\";i:0;s:21:\"uagb\/marketing-button\";i:0;s:10:\"uagb\/modal\";i:0;s:18:\"uagb\/popup-builder\";i:0;s:16:\"uagb\/post-button\";i:0;s:18:\"uagb\/post-carousel\";i:0;s:17:\"uagb\/post-excerpt\";i:0;s:14:\"uagb\/post-grid\";i:0;s:15:\"uagb\/post-image\";i:0;s:17:\"uagb\/post-masonry\";i:0;s:14:\"uagb\/post-meta\";i:0;s:18:\"uagb\/post-taxonomy\";i:0;s:18:\"uagb\/post-timeline\";i:0;s:15:\"uagb\/post-title\";i:0;s:20:\"uagb\/restaurant-menu\";i:0;s:26:\"uagb\/restaurant-menu-child\";i:0;s:11:\"uagb\/review\";i:0;s:12:\"uagb\/section\";i:0;s:14:\"uagb\/separator\";i:0;s:11:\"uagb\/slider\";i:0;s:17:\"uagb\/slider-child\";i:0;s:17:\"uagb\/social-share\";i:0;s:23:\"uagb\/social-share-child\";i:0;s:16:\"uagb\/star-rating\";i:0;s:23:\"uagb\/sure-cart-checkout\";i:0;s:22:\"uagb\/sure-cart-product\";i:0;s:15:\"uagb\/sure-forms\";i:0;s:22:\"uagb\/table-of-contents\";i:0;s:9:\"uagb\/tabs\";i:0;s:15:\"uagb\/tabs-child\";i:0;s:18:\"uagb\/taxonomy-list\";i:0;s:9:\"uagb\/team\";i:0;s:16:\"uagb\/testimonial\";i:0;s:14:\"uagb\/wp-search\";i:0;s:19:\"uagb\/instagram-feed\";i:0;s:10:\"uagb\/login\";i:0;s:17:\"uagb\/loop-builder\";i:0;s:18:\"uagb\/loop-category\";i:0;s:20:\"uagb\/loop-pagination\";i:0;s:15:\"uagb\/loop-reset\";i:0;s:16:\"uagb\/loop-search\";i:0;s:14:\"uagb\/loop-sort\";i:0;s:17:\"uagb\/loop-wrapper\";i:0;s:13:\"uagb\/register\";i:0;s:19:\"uagb\/register-email\";i:0;s:24:\"uagb\/register-first-name\";i:0;s:23:\"uagb\/register-last-name\";i:0;s:22:\"uagb\/register-password\";i:0;s:30:\"uagb\/register-reenter-password\";i:0;s:19:\"uagb\/register-terms\";i:0;s:22:\"uagb\/register-username\";i:0;}"],"_last_translation_edit_mode":["native-editor"],"ast-main-header-display":[""],"ast-hfb-above-header-display":[""],"ast-hfb-below-header-display":[""],"ast-hfb-mobile-header-display":[""],"adv-header-id-meta":[""],"footer-sml-layout":[""],"stick-header-meta":[""],"header-main-stick-meta":[""],"header-above-stick-meta":[""],"header-below-stick-meta":[""],"site-post-title":[""],"site-sidebar-layout":["default"],"site-content-layout":[""],"ast-featured-img":[""],"ast-breadcrumbs-content":[""],"theme-transparent-header-meta":[""],"ast-banner-title-visibility":[""],"ast-global-header-display":[""],"ast-site-content-layout":["default"],"site-content-style":["default"],"site-sidebar-style":["default"],"menu_type":["sections"],"sections":["6"],"_menu_type":["field_6a33d6ebaeaaa"],"_sections":["field_6a33d800aeaab"],"_sections_0_title":["field_6a33d81daeaac"],"_sections_0_anchor":["field_6a33d828aeaad"],"_sections_1_title":["field_6a33d81daeaac"],"_sections_1_anchor":["field_6a33d828aeaad"],"_sections_2_title":["field_6a33d81daeaac"],"_sections_2_anchor":["field_6a33d828aeaad"],"_sections_3_title":["field_6a33d81daeaac"],"_sections_3_anchor":["field_6a33d828aeaad"],"_sections_4_title":["field_6a33d81daeaac"],"_sections_4_anchor":["field_6a33d828aeaad"],"_sections_5_title":["field_6a33d81daeaac"],"_sections_5_anchor":["field_6a33d828aeaad"],"_top_nav_excluded":[""],"_cms_nav_minihome":[""],"sections_0_title":["R\u00e9amhr\u00e1"],"sections_0_anchor":["R\u00e9amhr\u00e1"],"sections_1_title":["T\u00e9arma\u00ed Tagartha"],"sections_1_anchor":["t\u00e9arma\u00ed-tagartha"],"sections_2_title":["Obair an Choimisi\u00fain"],"sections_2_anchor":["Obair-an-Choimisi\u00fain"],"sections_3_title":["Cur Chuige D\u00edrithe ar Mharthan\u00f3ir\u00ed"],"sections_3_anchor":["Cur-Chuige-D\u00edrithe-ar-Mharthan\u00f3ir\u00ed "],"sections_4_title":["Foireann an Choimisi\u00fain"],"sections_4_anchor":["Foireann-an-Choimisi\u00fain"],"sections_5_title":["Bun\u00fa an Choimisi\u00fain Imscr\u00fad\u00fach\u00e1in "],"sections_5_anchor":["Bun\u00fa-an-Choimisi\u00fain-Imscr\u00fad\u00fach\u00e1in "],"_wpml_word_count":["797"],"_edit_lock":["1787567759:7"],"_edit_last":["7"],"_wp_page_template":[""],"_yoast_wpseo_content_score":["60"],"_yoast_wpseo_estimated-reading-time-minutes":["4"],"_uag_page_assets":["a:9:{s:3:\"css\";s:2019:\".wp-block-uagb-advanced-heading.uagb-block-40cf66b7.wp-block-uagb-advanced-heading .uagb-desc-text{margin-bottom: 15px;}.wp-block-uagb-advanced-heading.uagb-block-40cf66b7.wp-block-uagb-advanced-heading .uagb-highlight{font-style: normal;font-weight: Default;background: #007cba;color: #fff;-webkit-text-fill-color: #fff;}.wp-block-uagb-advanced-heading.uagb-block-40cf66b7.wp-block-uagb-advanced-heading .uagb-highlight::-moz-selection{color: #fff;background: #007cba;-webkit-text-fill-color: #fff;}.wp-block-uagb-advanced-heading.uagb-block-40cf66b7.wp-block-uagb-advanced-heading .uagb-highlight::selection{color: #fff;background: #007cba;-webkit-text-fill-color: #fff;}.wp-block-uagb-advanced-heading.uagb-block-a4c18dec.wp-block-uagb-advanced-heading .uagb-desc-text{margin-bottom: 15px;}.wp-block-uagb-advanced-heading.uagb-block-a4c18dec.wp-block-uagb-advanced-heading .uagb-highlight{font-style: normal;font-weight: Default;background: #007cba;color: #fff;-webkit-text-fill-color: #fff;}.wp-block-uagb-advanced-heading.uagb-block-a4c18dec.wp-block-uagb-advanced-heading .uagb-highlight::-moz-selection{color: #fff;background: #007cba;-webkit-text-fill-color: #fff;}.wp-block-uagb-advanced-heading.uagb-block-a4c18dec.wp-block-uagb-advanced-heading .uagb-highlight::selection{color: #fff;background: #007cba;-webkit-text-fill-color: #fff;}.wp-block-uagb-advanced-heading.uagb-block-f32fce0f.wp-block-uagb-advanced-heading .uagb-desc-text{margin-bottom: 15px;}.wp-block-uagb-advanced-heading.uagb-block-f32fce0f.wp-block-uagb-advanced-heading .uagb-highlight{font-style: normal;font-weight: Default;background: #007cba;color: #fff;-webkit-text-fill-color: #fff;}.wp-block-uagb-advanced-heading.uagb-block-f32fce0f.wp-block-uagb-advanced-heading .uagb-highlight::-moz-selection{color: #fff;background: #007cba;-webkit-text-fill-color: #fff;}.wp-block-uagb-advanced-heading.uagb-block-f32fce0f.wp-block-uagb-advanced-heading .uagb-highlight::selection{color: #fff;background: #007cba;-webkit-text-fill-color: #fff;}\";s:2:\"js\";s:0:\"\";s:18:\"current_block_list\";a:12:{i:0;s:10:\"core\/image\";i:1;s:12:\"core\/heading\";i:2;s:14:\"core\/paragraph\";i:3;s:9:\"core\/list\";i:4;s:14:\"core\/list-item\";i:5;s:21:\"uagb\/advanced-heading\";i:6;s:11:\"core\/search\";i:7;s:10:\"core\/group\";i:8;s:17:\"core\/latest-posts\";i:9;s:20:\"core\/latest-comments\";i:10;s:13:\"core\/archives\";i:11;s:15:\"core\/categories\";}s:8:\"uag_flag\";b:1;s:11:\"uag_version\";s:10:\"1788698913\";s:6:\"gfonts\";a:0:{}s:10:\"gfonts_url\";s:0:\"\";s:12:\"gfonts_files\";a:0:{}s:14:\"uag_faq_layout\";b:0;}"]},"uagb_featured_image_src":{"full":false,"thumbnail":false,"medium":false,"medium_large":false,"large":false,"1536x1536":false,"2048x2048":false},"uagb_author_info":{"display_name":"Jose","author_link":"https:\/\/www.commissionofinvestigation.ie\/ga\/author\/jose\/"},"uagb_comment_info":0,"uagb_excerpt":"R\u00e9amhr\u00e1 Buna\u00edodh an Coimisi\u00fan Imscr\u00fad\u00fach\u00e1in chun scr\u00fad\u00fa a dh\u00e9anamh ar an gcaoi ar l\u00e1imhse\u00e1il scoileanna agus iad si\u00fad freagrach as [&hellip;]","_links":{"self":[{"href":"https:\/\/www.commissionofinvestigation.ie\/ga\/wp-json\/wp\/v2\/pages\/892","targetHints":{"allow":["GET"]}}],"collection":[{"href":"https:\/\/www.commissionofinvestigation.ie\/ga\/wp-json\/wp\/v2\/pages"}],"about":[{"href":"https:\/\/www.commissionofinvestigation.ie\/ga\/wp-json\/wp\/v2\/types\/page"}],"author":[{"embeddable":true,"href":"https:\/\/www.commissionofinvestigation.ie\/ga\/wp-json\/wp\/v2\/users\/2"}],"replies":[{"embeddable":true,"href":"https:\/\/www.commissionofinvestigation.ie\/ga\/wp-json\/wp\/v2\/comments?post=892"}],"version-history":[{"count":10,"href":"https:\/\/www.commissionofinvestigation.ie\/ga\/wp-json\/wp\/v2\/pages\/892\/revisions"}],"predecessor-version":[{"id":1510,"href":"https:\/\/www.commissionofinvestigation.ie\/ga\/wp-json\/wp\/v2\/pages\/892\/revisions\/1510"}],"wp:attachment":[{"href":"https:\/\/www.commissionofinvestigation.ie\/ga\/wp-json\/wp\/v2\/media?parent=892"}],"curies":[{"name":"wp","href":"https:\/\/api.w.org\/{rel}","templated":true}]}}