{"id":1232,"date":"2026-06-02T12:37:48","date_gmt":"2026-06-02T11:37:48","guid":{"rendered":"https:\/\/www.commissionofinvestigation.ie\/pairt-a-ghlacadh\/clar-rannphairtiochta-marthanoiri\/"},"modified":"2026-08-24T12:33:45","modified_gmt":"2026-08-24T11:33:45","slug":"clar-rannphairtiochta-marthanoiri","status":"publish","type":"page","link":"https:\/\/www.commissionofinvestigation.ie\/ga\/pairt-a-ghlacadh\/clar-rannphairtiochta-marthanoiri\/","title":{"rendered":"Cl\u00e1r Rannph\u00e1irt\u00edochta Marthan\u00f3ir\u00ed"},"content":{"rendered":"\n<figure class=\"wp-block-image size-full\"><img loading=\"lazy\" decoding=\"async\" width=\"285\" height=\"185\" src=\"https:\/\/www.commissionofinvestigation.ie\/app\/uploads\/2026\/05\/survior-support-programme.png\" alt=\"\" class=\"wp-image-148\"\/><\/figure>\n\n\n\n<div class=\"wp-block-uagb-advanced-heading uagb-block-64275756\" id=\"introduction\"><h2 class=\"uagb-heading-text\"><strong>R\u00e9amhr\u00e1<\/strong><\/h2><\/div>\n\n\n\n<p class=\"wp-block-paragraph\">Is cl\u00e1r deonach \u00e9 an Cl\u00e1r Rannph\u00e1irt\u00edochta Marthan\u00f3ir\u00ed. Buna\u00edodh \u00e9 chun sp\u00e1s ina bhfuil taca\u00edocht a thabhairt do mharthan\u00f3ir\u00ed de dhroch\u00fas\u00e1id ghn\u00e9asach leana\u00ed i scoileanna chun n\u00edos m\u00f3 a roinnt faoina n-eisp\u00e9iris agus faoin gcaoi ar chuir na heisp\u00e9iris seo isteach ar a saol. I gc\u00fains\u00ed \u00e1irithe, is f\u00e9idir le ball teaghlaigh p\u00e1irt a ghlacadh thar ceann duine at\u00e1 tar \u00e9is b\u00e1s a fh\u00e1il n\u00f3 nach f\u00e9idir tac\u00fa leis\/l\u00e9i le p\u00e1irt a ghlacadh \u00e9\/\u00ed f\u00e9in.<\/p>\n\n\n\n<p class=\"wp-block-paragraph\">Sa suirbh\u00e9, fiafra\u00edmid d\u00edot an mbeadh sp\u00e9is agat p\u00e1irt a ghlacadh sa Chl\u00e1r Rannph\u00e1irt\u00edochta Marthan\u00f3ir\u00ed. M\u00e1 l\u00e9ir\u00edonn t\u00fa go mb\u2019fh\u00e9idir go mbeadh sp\u00e9is agat p\u00e1irt a ghlacadh ann, ansin rachaimid i dteagmh\u00e1il leat nuair at\u00e1 an cl\u00e1r r\u00e9idh le t\u00fas a chur leis. Ag an bpointe sin, eagr\u00f3imid coinne leat agus freagr\u00f3imid aon cheisteanna a bheadh agat.<\/p>\n\n\n\n<p class=\"wp-block-paragraph\">Fiafr\u00f3imid d\u00edot freisin faoin gcaoi ar mhaith leat p\u00e1irt a ghlacadh ann agus faoi aon riachtanais ar leith n\u00f3 riachtanais inrochtana a bheadh agat.<br><br>Is f\u00e9idir leat tuilleadh a l\u00e9amh th\u00edos faoin gcaoi inar f\u00e9idir linn cuidi\u00fa leat p\u00e1irt a ghlacadh ann, faoin gceannteideal <strong>Inrochtaineacht<\/strong>.<\/p>\n\n\n\n<p class=\"wp-block-paragraph\">Sa chl\u00e1r, tabharfar an deis duit n\u00edos m\u00f3 sonra\u00ed a roinnt, i d\u2019fhocail f\u00e9in agus ar do luas f\u00e9in, faoi d\u2019eisp\u00e9ireas. N\u00e1 d\u00e9an dearmad gur cl\u00e1r go hioml\u00e1n deonach \u00e9 an Cl\u00e1r Rannph\u00e1irt\u00edochta Marthan\u00f3ir\u00ed agus is f\u00e9idir leat d\u2019intinn a athr\u00fa am ar bith faoi ph\u00e1irt a ghlacadh ann.<\/p>\n\n\n\n<p class=\"wp-block-paragraph\">T\u00e1 s\u00fail againn t\u00fas a chur leis an gcl\u00e1r in 2027, nuair at\u00e1 freagra\u00ed an tsuirbh\u00e9 uile bailithe agus tar \u00e9is anail\u00eds tosaigh a dh\u00e9anamh ar na freagra\u00ed.<\/p>\n\n\n\n<div class=\"wp-block-uagb-advanced-heading uagb-block-f98809b1\" id=\"what-the-programme-involves\"><h2 class=\"uagb-heading-text\"><strong>Cad at\u00e1 i gCeist Leis an gCl\u00e1r<\/strong><\/h2><\/div>\n\n\n\n<p class=\"wp-block-paragraph\">Is cl\u00e1r neamhfhoirmi\u00fail, r\u00fanda agus anaithnidithe \u00e9 an cl\u00e1r. N\u00ed pr\u00f3iseas dl\u00edthi\u00fail n\u00e1 \u00e9isteacht fhoirmi\u00fail \u00e9. Caithfear faoi r\u00fan le cad a roinneann t\u00fa, agus cosn\u00f3far d\u2019aitheantas.<\/p>\n\n\n\n<p class=\"wp-block-paragraph\">Sa chl\u00e1r, tairgfear sp\u00e1s neamhfhoirmi\u00fail ina bhfuil taca\u00edocht ar f\u00e9idir leat labhairt le h\u00e9ascaitheoir oilte faoin gcaoi a raibh tionchar ag an droch\u00fas\u00e1id a d\u2019fhulaing t\u00fa ort. Is f\u00e9idir leat d\u2019eisp\u00e9ireas a roinnt i d\u2019fhocail f\u00e9in, ar do bhealach f\u00e9in agus ar do luas f\u00e9in. N\u00ed bheidh aon \u00e9isteachta\u00ed mar a bheadh \u00e9isteachta\u00ed c\u00fairte sa Chl\u00e1r Rannph\u00e1irt\u00edochta Marthan\u00f3ir\u00ed, agus n\u00ed chuirfear ceisteanna ort go foirmi\u00fail n\u00e1 n\u00ed dh\u00e9anfar crocheisti\u00fa ort.<\/p>\n\n\n\n<p class=\"wp-block-paragraph\">Cuideoidh cad a roinneann t\u00fa leis an gCoimsi\u00fan tuiscint n\u00edos fearr a fh\u00e1il ar thionchar na droch\u00fas\u00e1ide gn\u00e9asa\u00ed leana\u00ed i scoileanna. Cuideoidh an cl\u00e1r le bonn eolais a chur faoi thuarasc\u00e1il faoi dhroch\u00fas\u00e1id ghn\u00e9asach a bhaineann le scoileanna do Chathaoirleach an Choimisi\u00fain. Is tuarasc\u00e1il anaithnid a bheidh sa tuarasc\u00e1il seo, n\u00ed dh\u00e9anfar t\u00fa f\u00e9in n\u00e1 duine ar bith eile a aithint, agus n\u00ed dh\u00e9anfar aon chinnt\u00ed faoi dhuine n\u00e1 eagra\u00edocht ar leith. L\u00e9ireofar inti na t\u00e9ama\u00ed agus saincheisteanna leathana a thagann chun cinn sa Chl\u00e1r Rannph\u00e1irt\u00edochta Marthan\u00f3ir\u00ed, agus d\u2019fh\u00e9adfa\u00ed sliocht a thabhairt as rannph\u00e1irtithe sa chl\u00e1r, nach nd\u00e9anfar a aithint. Cuirfidh tortha\u00ed an Chl\u00e1ir Rannph\u00e1irt\u00edochta Marthan\u00f3ir\u00ed bonn eolais freisin faoi Thuarasc\u00e1il an Choimisi\u00fain don Aire Oideachais agus \u00d3ige.<\/p>\n\n\n\n<div class=\"wp-block-uagb-advanced-heading uagb-block-9ca3b1a6\" id=\"take-part\"><h2 class=\"uagb-heading-text\"><strong>An Chaoi ar F\u00e9idir Leat P\u00e1irt a Ghlacadh sa Chl\u00e1r Rannph\u00e1irt\u00edochta Marthan\u00f3ir\u00ed<\/strong><\/h2><\/div>\n\n\n\n<p class=\"wp-block-paragraph\">M\u00e1 roghna\u00edonn t\u00fa p\u00e1irt a ghlacadh ann, is f\u00e9idir leat \u00e9 sin a dh\u00e9anamh sa tsl\u00ed is fearr a oireann duit. D\u2019fh\u00e9adfadh na nithe seo a leanas a bheith san \u00e1ireamh:<\/p>\n\n\n\n<ul class=\"wp-block-list\">\n<li>P\u00e1irt a ghlacadh i bpearsa<\/li>\n\n\n\n<li>P\u00e1irt a ghlacadh ar l\u00edne<\/li>\n\n\n\n<li>P\u00e1irt a ghlacadh ar an bhf\u00f3n<\/li>\n\n\n\n<li>D\u2019eisp\u00e9ireas a roinnt i scr\u00edbhinn<\/li>\n<\/ul>\n\n\n\n<p class=\"wp-block-paragraph\">Beidh an chuid is m\u00f3 de na comhr\u00e1ite i bpearsa ar si\u00fal in \u00e1itreabh an Choimisi\u00fain i mBaile \u00c1tha Cliath, i seomra\u00ed tiomnaithe at\u00e1 deartha le bheith compordach agus f\u00e1ilteach. Mura n-oireann s\u00e9 seo duit, oibreoimid leat le rogha eile a fh\u00e1il. B\u2019fh\u00e9idir go mbeadh san \u00e1ireamh anseo bualadh leat n\u00edos gaire de do bhaile.<\/p>\n\n\n\n<p class=\"wp-block-paragraph\">Is f\u00e9idir leat duine a thabhairt leat le haghaidh taca\u00edochta, ar n\u00f3s cara n\u00f3 ball teaghlaigh, n\u00f3 is f\u00e9idir leat taca\u00edocht a fh\u00e1il \u00f3 Sheirbh\u00eds Taca\u00edochta Rannph\u00e1irt\u00edochta an Choimisi\u00fain.<\/p>\n\n\n\n<p class=\"wp-block-paragraph\">T\u00e1 smacht agat f\u00e9in faoi cad a roinneann t\u00fa. Is f\u00e9idir leat cinneadh a dh\u00e9anamh faoi cad ar mhaith leat labhairt faoi, c\u00e9 mh\u00e9ad sonra\u00ed is mian leat a thabhairt, agus cathain at\u00e1 t\u00fa ag iarraidh stopadh. Is \u00e9 at\u00e1 i gceist leis an gcl\u00e1r seo n\u00e1 deis a thabhairt do mharthan\u00f3ir\u00ed \u00e9isteacht leo ar shl\u00ed ina motha\u00edtear compordach, meas\u00fail agus ar a dt\u00e9arma\u00ed f\u00e9in. <\/p>\n\n\n\n<p class=\"wp-block-paragraph\">M\u00e1 ghlacann t\u00fa p\u00e1irt sa chl\u00e1r, cialla\u00edonn s\u00e9 sin go n-\u00e9istfear agus go n-aithneofar d\u2019eisp\u00e9ireas. M\u00e1 roinneann t\u00fa d\u2019eisp\u00e9ireas leis an gCoimisi\u00fan, d\u2019fh\u00e9adfadh s\u00e9 cur le tuiscint n\u00edos doimhne ar thionchar na droch\u00fas\u00e1ide gn\u00e9asa\u00ed leana\u00ed i scoileanna ar dhaoine aonair agus ar shocha\u00ed na h\u00c9ireann i gcoitinne. Cuirfidh tortha\u00ed an Chl\u00e1ir Rannph\u00e1irt\u00edochta Marthan\u00f3ir\u00ed bonn eolais faoi thuarasc\u00e1il Chathaoirleach an Choimisi\u00fain don Aire Oideachais agus \u00d3ige.<\/p>\n\n\n\n<div class=\"wp-block-uagb-advanced-heading uagb-block-625206c2\" id=\"trauma-informed\"><h2 class=\"uagb-heading-text\"><strong>Cur Chuige Tr\u00e1mathreoraithe<\/strong><\/h2><\/div>\n\n\n\n<p class=\"wp-block-paragraph\">Tuigimid gur d\u00f3cha go raibh eisp\u00e9ireas de thr\u00e1ma ag daoine at\u00e1 ag glacadh p\u00e1irt ann.\nIs f\u00e9idir le tr\u00e1ma cur isteach ar c\u00e9 chomh s\u00e1bh\u00e1ilte agus a mhotha\u00edonn duine agus ar c\u00e9 mh\u00e9ad at\u00e1 s\u00e9\/s\u00ed ag iarraidh a roinnt. Is f\u00e9idir leis cur isteach ar iontaoibh freisin agus ar an moth\u00fa smachta at\u00e1 ag duine.<\/p>\n\n\n\n<p class=\"wp-block-paragraph\">Mar gheall air seo, t\u00e1 an Cl\u00e1r Rannph\u00e1irt\u00edochta Marthan\u00f3ir\u00ed deartha le bheith d\u00edrithe ar mharthan\u00f3ir\u00ed agus leis an rogha agus an smacht a thabhairt duit. T\u00e1 s\u00e9 mar aidhm aige cuidi\u00fa leat le go moth\u00f3idh t\u00fa s\u00e1bh\u00e1ilte agus go bhfuil meas ort, agus cuirtear slite \u00e9ags\u00fala ar f\u00e1il le p\u00e1irt a ghlacadh ann ag brath ar cad \u00e9 an rud a mhotha\u00edonn i gceart duit. Is f\u00e9idir leat cinneadh a dh\u00e9anamh faoi cad ba mhaith leat a roinnt, an chaoi a roinneann t\u00fa \u00e9, agus cathain ba mhaith leat stopadh.<\/p>\n\n\n\n<div class=\"wp-block-uagb-advanced-heading uagb-block-4c90d5f8\" id=\"programme-principles\"><h2 class=\"uagb-heading-text\"><strong>Prionsabail an Chl\u00e1ir Rannph\u00e1irt\u00edochta Marthan\u00f3ir\u00ed<\/strong><\/h2><\/div>\n\n\n\n<p class=\"wp-block-paragraph\"><\/p>\n\n\n\n<ul class=\"wp-block-list\">\n<li>T\u00e1 an deis agat f\u00e9in rogha a dh\u00e9anamh an nglacfaidh t\u00fa p\u00e1irt ann.<\/li>\n\n\n\n<li>D\u00e9anann t\u00fa cinneadh faoin gcaoi ar mhaith leat p\u00e1irt a ghlacadh ann agus faoi cad a mhotha\u00edonn an rud is comporda\u00ed duit.<\/li>\n\n\n\n<li>D\u00e9anann t\u00fa cinneadh faoi cad ba mhaith leat a roinnt agus faoi c\u00e9 mh\u00e9ad sonra le tabhairt.<\/li>\n\n\n\n<li>Is f\u00e9idir leat briseadh n\u00f3 sos a ghlacadh, n\u00f3 stopadh ag am ar bith. <\/li>\n\n\n\n<li>Is f\u00e9idir leat duine a thabhairt leat le haghaidh taca\u00edochta m\u00e1 chuid\u00edonn s\u00e9 sin leat moth\u00fa n\u00edos comporda\u00ed, n\u00f3 is f\u00e9idir leis an gCoimisi\u00fan duine a chur ar f\u00e1il \u00f3n tSeirbh\u00eds Taca\u00edochta Rannph\u00e1irt\u00edochta. <\/li>\n\n\n\n<li>Caithfear leat go meas\u00fail, le d\u00ednit, agus gan aon bhreithi\u00fanas. <\/li>\n\n\n\n<li>L\u00e1imhse\u00e1lfar cad a roinneann t\u00fa go c\u00faramach agus coinneofar faoi r\u00fan \u00e9. B\u2019fh\u00e9idir go mbeidh orainn faisn\u00e9is chritici\u00fail a roinnt le Tusla m\u00e1 l\u00e9ir\u00edtear go bhfuil riosca reatha um chosaint leana\u00ed i gceist. <\/li>\n\n\n\n<li>Cosn\u00f3far d\u2019aitheantas agus do phr\u00edobh\u00e1ideachas. <\/li>\n\n\n\n<li>Aithn\u00edmid go bhfuil eisp\u00e9ireas gach duine \u00e9ags\u00fail, agus nach bhfuil aon bhealach ceart n\u00e1 m\u00edcheart le p\u00e1irt a ghlacadh ann. <\/li>\n\n\n\n<li>Beidh taca\u00edocht ar f\u00e1il roimh do Rannph\u00e1irt\u00edocht, i rith agus i ndiaidh do Rannph\u00e1irt\u00edochta.<\/li>\n<\/ul>\n\n\n\n<div class=\"wp-block-uagb-advanced-heading uagb-block-4e3afb81\" id=\"accessibility\"><h2 class=\"uagb-heading-text\"><strong>Inrochtaineacht<\/strong><\/h2><\/div>\n\n\n\n<p class=\"wp-block-paragraph\">T\u00e1imid tiomanta leis an gcl\u00e1r a dh\u00e9anamh chomh inrochtana agus chomh hionchuimsitheach agus is f\u00e9idir.<\/p>\n\n\n\n<p class=\"wp-block-paragraph\">M\u00e1 t\u00e1 riachtanais ar leith agat n\u00f3 m\u00e1 t\u00e1 socr\u00fa r\u00e9as\u00fanta de dh\u00edth ort, is f\u00e9idir leat teagmh\u00e1il a dh\u00e9anamh len\u00e1r Seirbh\u00eds Taca\u00edochta Rannph\u00e1irt\u00edochta  agus d\u00e9anfaimid \u00e1r nd\u00edcheall freastal ar do riachtanais.<\/p>\n\n\n\n<p class=\"wp-block-paragraph\">B\u2019fh\u00e9idir go mbeadh san \u00e1ireamh leis seo, mar shampla, ateangaireacht Theanga Chomhartha\u00edochta na h\u00c9ireann a eagr\u00fa, tac\u00fa le madra\u00ed treoracha n\u00f3 ainmhithe cuidithe, n\u00f3 athruithe eile a dh\u00e9anamh a chuideoidh leat p\u00e1irt a ghlacadh ann.<\/p>\n","protected":false},"excerpt":{"rendered":"<p>R\u00e9amhr\u00e1 Is cl\u00e1r deonach \u00e9 an Cl\u00e1r Rannph\u00e1irt\u00edochta Marthan\u00f3ir\u00ed. Buna\u00edodh \u00e9 chun sp\u00e1s ina bhfuil taca\u00edocht a thabhairt do mharthan\u00f3ir\u00ed [&hellip;]<\/p>\n","protected":false},"author":5,"featured_media":0,"parent":895,"menu_order":30,"comment_status":"closed","ping_status":"closed","template":"","meta":{"_acf_changed":false,"_uag_custom_page_level_css":"","site-sidebar-layout":"default","site-content-layout":"","ast-site-content-layout":"default","site-content-style":"default","site-sidebar-style":"default","ast-global-header-display":"","ast-banner-title-visibility":"","ast-main-header-display":"","ast-hfb-above-header-display":"","ast-hfb-below-header-display":"","ast-hfb-mobile-header-display":"","site-post-title":"","ast-breadcrumbs-content":"","ast-featured-img":"","footer-sml-layout":"","ast-disable-related-posts":"","theme-transparent-header-meta":"","adv-header-id-meta":"","stick-header-meta":"","header-above-stick-meta":"","header-main-stick-meta":"","header-below-stick-meta":"","astra-migrate-meta-layouts":"default","ast-page-background-enabled":"default","ast-page-background-meta":{"desktop":{"background-color":"var(--ast-global-color-5)","background-image":"","background-repeat":"repeat","background-position":"center center","background-size":"auto","background-attachment":"scroll","background-type":"","background-media":"","overlay-type":"","overlay-color":"","overlay-opacity":"","overlay-gradient":""},"tablet":{"background-color":"","background-image":"","background-repeat":"repeat","background-position":"center center","background-size":"auto","background-attachment":"scroll","background-type":"","background-media":"","overlay-type":"","overlay-color":"","overlay-opacity":"","overlay-gradient":""},"mobile":{"background-color":"","background-image":"","background-repeat":"repeat","background-position":"center center","background-size":"auto","background-attachment":"scroll","background-type":"","background-media":"","overlay-type":"","overlay-color":"","overlay-opacity":"","overlay-gradient":""}},"ast-content-background-meta":{"desktop":{"background-color":"var(--ast-global-color-4)","background-image":"","background-repeat":"repeat","background-position":"center center","background-size":"auto","background-attachment":"scroll","background-type":"","background-media":"","overlay-type":"","overlay-color":"","overlay-opacity":"","overlay-gradient":""},"tablet":{"background-color":"var(--ast-global-color-4)","background-image":"","background-repeat":"repeat","background-position":"center center","background-size":"auto","background-attachment":"scroll","background-type":"","background-media":"","overlay-type":"","overlay-color":"","overlay-opacity":"","overlay-gradient":""},"mobile":{"background-color":"var(--ast-global-color-4)","background-image":"","background-repeat":"repeat","background-position":"center center","background-size":"auto","background-attachment":"scroll","background-type":"","background-media":"","overlay-type":"","overlay-color":"","overlay-opacity":"","overlay-gradient":""}},"footnotes":""},"class_list":["post-1232","page","type-page","status-publish","hentry"],"acf":[],"yoast_head":"<!-- This site is optimized with the Yoast SEO plugin v28.4 - https:\/\/yoast.com\/product\/yoast-seo-wordpress\/ -->\n<title>Cl\u00e1r Rannph\u00e1irt\u00edochta Marthan\u00f3ir\u00ed - Commission of Investigation<\/title>\n<meta name=\"robots\" content=\"index, follow, max-snippet:-1, max-image-preview:large, max-video-preview:-1\" \/>\n<link rel=\"canonical\" href=\"https:\/\/www.commissionofinvestigation.ie\/ga\/pairt-a-ghlacadh\/clar-rannphairtiochta-marthanoiri\/\" \/>\n<meta property=\"og:locale\" content=\"en_US\" \/>\n<meta property=\"og:type\" content=\"article\" \/>\n<meta property=\"og:title\" content=\"Cl\u00e1r Rannph\u00e1irt\u00edochta Marthan\u00f3ir\u00ed - Commission of Investigation\" \/>\n<meta property=\"og:description\" content=\"R\u00e9amhr\u00e1 Is cl\u00e1r deonach \u00e9 an Cl\u00e1r Rannph\u00e1irt\u00edochta Marthan\u00f3ir\u00ed. Buna\u00edodh \u00e9 chun sp\u00e1s ina bhfuil taca\u00edocht a thabhairt do mharthan\u00f3ir\u00ed [&hellip;]\" \/>\n<meta property=\"og:url\" content=\"https:\/\/www.commissionofinvestigation.ie\/ga\/pairt-a-ghlacadh\/clar-rannphairtiochta-marthanoiri\/\" \/>\n<meta property=\"og:site_name\" content=\"Commission of Investigation\" \/>\n<meta property=\"article:modified_time\" content=\"2026-08-24T11:33:45+00:00\" \/>\n<meta property=\"og:image\" content=\"https:\/\/www.commissionofinvestigation.ie\/app\/uploads\/2026\/05\/survior-support-programme.png\" \/>\n\t<meta property=\"og:image:width\" content=\"285\" \/>\n\t<meta property=\"og:image:height\" content=\"185\" \/>\n\t<meta property=\"og:image:type\" content=\"image\/png\" \/>\n<meta name=\"twitter:card\" content=\"summary_large_image\" \/>\n<meta name=\"twitter:label1\" content=\"Est. reading time\" \/>\n\t<meta name=\"twitter:data1\" content=\"6 minutes\" \/>\n<script type=\"application\/ld+json\" class=\"yoast-schema-graph\">{\"@context\":\"https:\\\/\\\/schema.org\",\"@graph\":[{\"@type\":\"WebPage\",\"@id\":\"https:\\\/\\\/www.commissionofinvestigation.ie\\\/ga\\\/pairt-a-ghlacadh\\\/clar-rannphairtiochta-marthanoiri\\\/\",\"url\":\"https:\\\/\\\/www.commissionofinvestigation.ie\\\/ga\\\/pairt-a-ghlacadh\\\/clar-rannphairtiochta-marthanoiri\\\/\",\"name\":\"Cl\u00e1r Rannph\u00e1irt\u00edochta Marthan\u00f3ir\u00ed - Commission of Investigation\",\"isPartOf\":{\"@id\":\"https:\\\/\\\/www.commissionofinvestigation.ie\\\/#website\"},\"primaryImageOfPage\":{\"@id\":\"https:\\\/\\\/www.commissionofinvestigation.ie\\\/ga\\\/pairt-a-ghlacadh\\\/clar-rannphairtiochta-marthanoiri\\\/#primaryimage\"},\"image\":{\"@id\":\"https:\\\/\\\/www.commissionofinvestigation.ie\\\/ga\\\/pairt-a-ghlacadh\\\/clar-rannphairtiochta-marthanoiri\\\/#primaryimage\"},\"thumbnailUrl\":\"https:\\\/\\\/www.commissionofinvestigation.ie\\\/app\\\/uploads\\\/2026\\\/05\\\/survior-support-programme.png\",\"datePublished\":\"2026-06-02T11:37:48+00:00\",\"dateModified\":\"2026-08-24T11:33:45+00:00\",\"breadcrumb\":{\"@id\":\"https:\\\/\\\/www.commissionofinvestigation.ie\\\/ga\\\/pairt-a-ghlacadh\\\/clar-rannphairtiochta-marthanoiri\\\/#breadcrumb\"},\"inLanguage\":\"ga\",\"potentialAction\":[{\"@type\":\"ReadAction\",\"target\":[\"https:\\\/\\\/www.commissionofinvestigation.ie\\\/ga\\\/pairt-a-ghlacadh\\\/clar-rannphairtiochta-marthanoiri\\\/\"]}]},{\"@type\":\"ImageObject\",\"inLanguage\":\"ga\",\"@id\":\"https:\\\/\\\/www.commissionofinvestigation.ie\\\/ga\\\/pairt-a-ghlacadh\\\/clar-rannphairtiochta-marthanoiri\\\/#primaryimage\",\"url\":\"https:\\\/\\\/www.commissionofinvestigation.ie\\\/app\\\/uploads\\\/2026\\\/05\\\/survior-support-programme.png\",\"contentUrl\":\"https:\\\/\\\/www.commissionofinvestigation.ie\\\/app\\\/uploads\\\/2026\\\/05\\\/survior-support-programme.png\"},{\"@type\":\"BreadcrumbList\",\"@id\":\"https:\\\/\\\/www.commissionofinvestigation.ie\\\/ga\\\/pairt-a-ghlacadh\\\/clar-rannphairtiochta-marthanoiri\\\/#breadcrumb\",\"itemListElement\":[{\"@type\":\"ListItem\",\"position\":1,\"name\":\"Home\",\"item\":\"https:\\\/\\\/www.commissionofinvestigation.ie\\\/ga\\\/\"},{\"@type\":\"ListItem\",\"position\":2,\"name\":\"P\u00e1irt a Ghlacadh\",\"item\":\"https:\\\/\\\/www.commissionofinvestigation.ie\\\/ga\\\/pairt-a-ghlacadh\\\/\"},{\"@type\":\"ListItem\",\"position\":3,\"name\":\"Cl\u00e1r Rannph\u00e1irt\u00edochta Marthan\u00f3ir\u00ed\"}]},{\"@type\":\"WebSite\",\"@id\":\"https:\\\/\\\/www.commissionofinvestigation.ie\\\/#website\",\"url\":\"https:\\\/\\\/www.commissionofinvestigation.ie\\\/\",\"name\":\"Commission of Investigation\",\"description\":\"Commission of Investigation: Handling of historical child sexual abuse in schools.\",\"publisher\":{\"@id\":\"https:\\\/\\\/www.commissionofinvestigation.ie\\\/#organization\"},\"potentialAction\":[{\"@type\":\"SearchAction\",\"target\":{\"@type\":\"EntryPoint\",\"urlTemplate\":\"https:\\\/\\\/www.commissionofinvestigation.ie\\\/?s={search_term_string}\"},\"query-input\":{\"@type\":\"PropertyValueSpecification\",\"valueRequired\":true,\"valueName\":\"search_term_string\"}}],\"inLanguage\":\"ga\"},{\"@type\":\"Organization\",\"@id\":\"https:\\\/\\\/www.commissionofinvestigation.ie\\\/#organization\",\"name\":\"Commission of Investigation\",\"url\":\"https:\\\/\\\/www.commissionofinvestigation.ie\\\/\",\"logo\":{\"@type\":\"ImageObject\",\"inLanguage\":\"ga\",\"@id\":\"https:\\\/\\\/www.commissionofinvestigation.ie\\\/#\\\/schema\\\/logo\\\/image\\\/\",\"url\":\"https:\\\/\\\/www.commissionofinvestigation.ie\\\/app\\\/uploads\\\/2026\\\/05\\\/coi-logo-scaled.png\",\"contentUrl\":\"https:\\\/\\\/www.commissionofinvestigation.ie\\\/app\\\/uploads\\\/2026\\\/05\\\/coi-logo-scaled.png\",\"width\":2560,\"height\":425,\"caption\":\"Commission of Investigation\"},\"image\":{\"@id\":\"https:\\\/\\\/www.commissionofinvestigation.ie\\\/#\\\/schema\\\/logo\\\/image\\\/\"}}]}<\/script>\n<!-- \/ Yoast SEO plugin. -->","yoast_head_json":{"title":"Cl\u00e1r Rannph\u00e1irt\u00edochta Marthan\u00f3ir\u00ed - Commission of Investigation","robots":{"index":"index","follow":"follow","max-snippet":"max-snippet:-1","max-image-preview":"max-image-preview:large","max-video-preview":"max-video-preview:-1"},"canonical":"https:\/\/www.commissionofinvestigation.ie\/ga\/pairt-a-ghlacadh\/clar-rannphairtiochta-marthanoiri\/","og_locale":"en_US","og_type":"article","og_title":"Cl\u00e1r Rannph\u00e1irt\u00edochta Marthan\u00f3ir\u00ed - Commission of Investigation","og_description":"R\u00e9amhr\u00e1 Is cl\u00e1r deonach \u00e9 an Cl\u00e1r Rannph\u00e1irt\u00edochta Marthan\u00f3ir\u00ed. Buna\u00edodh \u00e9 chun sp\u00e1s ina bhfuil taca\u00edocht a thabhairt do mharthan\u00f3ir\u00ed [&hellip;]","og_url":"https:\/\/www.commissionofinvestigation.ie\/ga\/pairt-a-ghlacadh\/clar-rannphairtiochta-marthanoiri\/","og_site_name":"Commission of Investigation","article_modified_time":"2026-08-24T11:33:45+00:00","og_image":[{"width":285,"height":185,"url":"https:\/\/www.commissionofinvestigation.ie\/app\/uploads\/2026\/05\/survior-support-programme.png","type":"image\/png"}],"twitter_card":"summary_large_image","twitter_misc":{"Est. reading time":"6 minutes"},"schema":{"@context":"https:\/\/schema.org","@graph":[{"@type":"WebPage","@id":"https:\/\/www.commissionofinvestigation.ie\/ga\/pairt-a-ghlacadh\/clar-rannphairtiochta-marthanoiri\/","url":"https:\/\/www.commissionofinvestigation.ie\/ga\/pairt-a-ghlacadh\/clar-rannphairtiochta-marthanoiri\/","name":"Cl\u00e1r Rannph\u00e1irt\u00edochta Marthan\u00f3ir\u00ed - Commission of Investigation","isPartOf":{"@id":"https:\/\/www.commissionofinvestigation.ie\/#website"},"primaryImageOfPage":{"@id":"https:\/\/www.commissionofinvestigation.ie\/ga\/pairt-a-ghlacadh\/clar-rannphairtiochta-marthanoiri\/#primaryimage"},"image":{"@id":"https:\/\/www.commissionofinvestigation.ie\/ga\/pairt-a-ghlacadh\/clar-rannphairtiochta-marthanoiri\/#primaryimage"},"thumbnailUrl":"https:\/\/www.commissionofinvestigation.ie\/app\/uploads\/2026\/05\/survior-support-programme.png","datePublished":"2026-06-02T11:37:48+00:00","dateModified":"2026-08-24T11:33:45+00:00","breadcrumb":{"@id":"https:\/\/www.commissionofinvestigation.ie\/ga\/pairt-a-ghlacadh\/clar-rannphairtiochta-marthanoiri\/#breadcrumb"},"inLanguage":"ga","potentialAction":[{"@type":"ReadAction","target":["https:\/\/www.commissionofinvestigation.ie\/ga\/pairt-a-ghlacadh\/clar-rannphairtiochta-marthanoiri\/"]}]},{"@type":"ImageObject","inLanguage":"ga","@id":"https:\/\/www.commissionofinvestigation.ie\/ga\/pairt-a-ghlacadh\/clar-rannphairtiochta-marthanoiri\/#primaryimage","url":"https:\/\/www.commissionofinvestigation.ie\/app\/uploads\/2026\/05\/survior-support-programme.png","contentUrl":"https:\/\/www.commissionofinvestigation.ie\/app\/uploads\/2026\/05\/survior-support-programme.png"},{"@type":"BreadcrumbList","@id":"https:\/\/www.commissionofinvestigation.ie\/ga\/pairt-a-ghlacadh\/clar-rannphairtiochta-marthanoiri\/#breadcrumb","itemListElement":[{"@type":"ListItem","position":1,"name":"Home","item":"https:\/\/www.commissionofinvestigation.ie\/ga\/"},{"@type":"ListItem","position":2,"name":"P\u00e1irt a Ghlacadh","item":"https:\/\/www.commissionofinvestigation.ie\/ga\/pairt-a-ghlacadh\/"},{"@type":"ListItem","position":3,"name":"Cl\u00e1r Rannph\u00e1irt\u00edochta Marthan\u00f3ir\u00ed"}]},{"@type":"WebSite","@id":"https:\/\/www.commissionofinvestigation.ie\/#website","url":"https:\/\/www.commissionofinvestigation.ie\/","name":"Commission of Investigation","description":"Commission of Investigation: Handling of historical child sexual abuse in schools.","publisher":{"@id":"https:\/\/www.commissionofinvestigation.ie\/#organization"},"potentialAction":[{"@type":"SearchAction","target":{"@type":"EntryPoint","urlTemplate":"https:\/\/www.commissionofinvestigation.ie\/?s={search_term_string}"},"query-input":{"@type":"PropertyValueSpecification","valueRequired":true,"valueName":"search_term_string"}}],"inLanguage":"ga"},{"@type":"Organization","@id":"https:\/\/www.commissionofinvestigation.ie\/#organization","name":"Commission of Investigation","url":"https:\/\/www.commissionofinvestigation.ie\/","logo":{"@type":"ImageObject","inLanguage":"ga","@id":"https:\/\/www.commissionofinvestigation.ie\/#\/schema\/logo\/image\/","url":"https:\/\/www.commissionofinvestigation.ie\/app\/uploads\/2026\/05\/coi-logo-scaled.png","contentUrl":"https:\/\/www.commissionofinvestigation.ie\/app\/uploads\/2026\/05\/coi-logo-scaled.png","width":2560,"height":425,"caption":"Commission of Investigation"},"image":{"@id":"https:\/\/www.commissionofinvestigation.ie\/#\/schema\/logo\/image\/"}}]}},"spectra_custom_meta":{"_uagb_previous_block_counts":["a:90:{s:21:\"uagb\/advanced-heading\";i:6;s:15:\"uagb\/blockquote\";i:0;s:12:\"uagb\/buttons\";i:0;s:18:\"uagb\/buttons-child\";i:0;s:19:\"uagb\/call-to-action\";i:0;s:15:\"uagb\/cf7-styler\";i:0;s:11:\"uagb\/column\";i:0;s:12:\"uagb\/columns\";i:0;s:14:\"uagb\/container\";i:0;s:21:\"uagb\/content-timeline\";i:0;s:27:\"uagb\/content-timeline-child\";i:0;s:14:\"uagb\/countdown\";i:0;s:12:\"uagb\/counter\";i:0;s:8:\"uagb\/faq\";i:0;s:14:\"uagb\/faq-child\";i:0;s:10:\"uagb\/forms\";i:0;s:17:\"uagb\/forms-accept\";i:0;s:19:\"uagb\/forms-checkbox\";i:0;s:15:\"uagb\/forms-date\";i:0;s:16:\"uagb\/forms-email\";i:0;s:17:\"uagb\/forms-hidden\";i:0;s:15:\"uagb\/forms-name\";i:0;s:16:\"uagb\/forms-phone\";i:0;s:16:\"uagb\/forms-radio\";i:0;s:17:\"uagb\/forms-select\";i:0;s:19:\"uagb\/forms-textarea\";i:0;s:17:\"uagb\/forms-toggle\";i:0;s:14:\"uagb\/forms-url\";i:0;s:14:\"uagb\/gf-styler\";i:0;s:15:\"uagb\/google-map\";i:0;s:11:\"uagb\/how-to\";i:0;s:16:\"uagb\/how-to-step\";i:0;s:9:\"uagb\/icon\";i:0;s:14:\"uagb\/icon-list\";i:0;s:20:\"uagb\/icon-list-child\";i:0;s:10:\"uagb\/image\";i:0;s:18:\"uagb\/image-gallery\";i:0;s:13:\"uagb\/info-box\";i:0;s:18:\"uagb\/inline-notice\";i:0;s:11:\"uagb\/lottie\";i:0;s:21:\"uagb\/marketing-button\";i:0;s:10:\"uagb\/modal\";i:0;s:18:\"uagb\/popup-builder\";i:0;s:16:\"uagb\/post-button\";i:0;s:18:\"uagb\/post-carousel\";i:0;s:17:\"uagb\/post-excerpt\";i:0;s:14:\"uagb\/post-grid\";i:0;s:15:\"uagb\/post-image\";i:0;s:17:\"uagb\/post-masonry\";i:0;s:14:\"uagb\/post-meta\";i:0;s:18:\"uagb\/post-taxonomy\";i:0;s:18:\"uagb\/post-timeline\";i:0;s:15:\"uagb\/post-title\";i:0;s:20:\"uagb\/restaurant-menu\";i:0;s:26:\"uagb\/restaurant-menu-child\";i:0;s:11:\"uagb\/review\";i:0;s:12:\"uagb\/section\";i:0;s:14:\"uagb\/separator\";i:0;s:11:\"uagb\/slider\";i:0;s:17:\"uagb\/slider-child\";i:0;s:17:\"uagb\/social-share\";i:0;s:23:\"uagb\/social-share-child\";i:0;s:16:\"uagb\/star-rating\";i:0;s:23:\"uagb\/sure-cart-checkout\";i:0;s:22:\"uagb\/sure-cart-product\";i:0;s:15:\"uagb\/sure-forms\";i:0;s:22:\"uagb\/table-of-contents\";i:0;s:9:\"uagb\/tabs\";i:0;s:15:\"uagb\/tabs-child\";i:0;s:18:\"uagb\/taxonomy-list\";i:0;s:9:\"uagb\/team\";i:0;s:16:\"uagb\/testimonial\";i:0;s:14:\"uagb\/wp-search\";i:0;s:19:\"uagb\/instagram-feed\";i:0;s:10:\"uagb\/login\";i:0;s:17:\"uagb\/loop-builder\";i:0;s:18:\"uagb\/loop-category\";i:0;s:20:\"uagb\/loop-pagination\";i:0;s:15:\"uagb\/loop-reset\";i:0;s:16:\"uagb\/loop-search\";i:0;s:14:\"uagb\/loop-sort\";i:0;s:17:\"uagb\/loop-wrapper\";i:0;s:13:\"uagb\/register\";i:0;s:19:\"uagb\/register-email\";i:0;s:24:\"uagb\/register-first-name\";i:0;s:23:\"uagb\/register-last-name\";i:0;s:22:\"uagb\/register-password\";i:0;s:30:\"uagb\/register-reenter-password\";i:0;s:19:\"uagb\/register-terms\";i:0;s:22:\"uagb\/register-username\";i:0;}"],"_last_translation_edit_mode":["native-editor"],"ast-main-header-display":[""],"ast-hfb-above-header-display":[""],"ast-hfb-below-header-display":[""],"ast-hfb-mobile-header-display":[""],"adv-header-id-meta":[""],"footer-sml-layout":[""],"stick-header-meta":[""],"header-main-stick-meta":[""],"header-above-stick-meta":[""],"header-below-stick-meta":[""],"site-post-title":[""],"site-sidebar-layout":["default"],"site-content-layout":[""],"ast-featured-img":[""],"ast-breadcrumbs-content":[""],"theme-transparent-header-meta":[""],"ast-banner-title-visibility":[""],"ast-global-header-display":[""],"ast-site-content-layout":["default"],"site-content-style":["default"],"site-sidebar-style":["default"],"menu_type":["sections"],"sections":["6"],"_menu_type":["field_6a33d6ebaeaaa"],"_sections":["field_6a33d800aeaab"],"_sections_0_title":["field_6a33d81daeaac"],"_sections_0_anchor":["field_6a33d828aeaad"],"_sections_1_title":["field_6a33d81daeaac"],"_sections_1_anchor":["field_6a33d828aeaad"],"_sections_2_title":["field_6a33d81daeaac"],"_sections_2_anchor":["field_6a33d828aeaad"],"_sections_3_title":["field_6a33d81daeaac"],"_sections_3_anchor":["field_6a33d828aeaad"],"_sections_4_title":["field_6a33d81daeaac"],"_sections_4_anchor":["field_6a33d828aeaad"],"_sections_5_title":["field_6a33d81daeaac"],"_sections_5_anchor":["field_6a33d828aeaad"],"_top_nav_excluded":[""],"_cms_nav_minihome":[""],"sections_0_title":["R\u00e9amhr\u00e1"],"sections_0_anchor":["introduction"],"sections_1_title":["Cad at\u00e1 i gceist leis an gCl\u00e1r"],"sections_1_anchor":["what-the-programme-involves"],"sections_2_title":["An Chaoi ar f\u00e9idir Leat P\u00e1irt a Ghlacadh sa Chl\u00e1r Rannph\u00e1irt\u00edochta Marthan\u00f3ir\u00ed"],"sections_2_anchor":["take-part"],"sections_3_title":["Cur Chuige Tr\u00e1mathreoraithe"],"sections_3_anchor":["trauma-informed"],"sections_4_title":["Prionsabail an Chl\u00e1ir Rannph\u00e1irt\u00edochta Marthan\u00f3ir\u00ed"],"sections_4_anchor":["programme-principles"],"sections_5_title":["Inrochtaineacht"],"sections_5_anchor":["accessibility"],"_wpml_word_count":["1295"],"_wp_page_template":[""],"_edit_lock":["1787571229:7"],"_edit_last":["7"],"_yoast_wpseo_content_score":["60"],"_yoast_wpseo_estimated-reading-time-minutes":["6"],"_uag_page_assets":["a:9:{s:3:\"css\";s:4038:\".wp-block-uagb-advanced-heading.uagb-block-64275756.wp-block-uagb-advanced-heading .uagb-desc-text{margin-bottom: 15px;}.wp-block-uagb-advanced-heading.uagb-block-64275756.wp-block-uagb-advanced-heading .uagb-highlight{font-style: normal;font-weight: Default;background: #007cba;color: #fff;-webkit-text-fill-color: #fff;}.wp-block-uagb-advanced-heading.uagb-block-64275756.wp-block-uagb-advanced-heading .uagb-highlight::-moz-selection{color: #fff;background: #007cba;-webkit-text-fill-color: #fff;}.wp-block-uagb-advanced-heading.uagb-block-64275756.wp-block-uagb-advanced-heading .uagb-highlight::selection{color: #fff;background: #007cba;-webkit-text-fill-color: #fff;}.wp-block-uagb-advanced-heading.uagb-block-f98809b1.wp-block-uagb-advanced-heading .uagb-desc-text{margin-bottom: 15px;}.wp-block-uagb-advanced-heading.uagb-block-f98809b1.wp-block-uagb-advanced-heading .uagb-highlight{font-style: normal;font-weight: Default;background: #007cba;color: #fff;-webkit-text-fill-color: #fff;}.wp-block-uagb-advanced-heading.uagb-block-f98809b1.wp-block-uagb-advanced-heading .uagb-highlight::-moz-selection{color: #fff;background: #007cba;-webkit-text-fill-color: #fff;}.wp-block-uagb-advanced-heading.uagb-block-f98809b1.wp-block-uagb-advanced-heading .uagb-highlight::selection{color: #fff;background: #007cba;-webkit-text-fill-color: #fff;}.wp-block-uagb-advanced-heading.uagb-block-9ca3b1a6.wp-block-uagb-advanced-heading .uagb-desc-text{margin-bottom: 15px;}.wp-block-uagb-advanced-heading.uagb-block-9ca3b1a6.wp-block-uagb-advanced-heading .uagb-highlight{font-style: normal;font-weight: Default;background: #007cba;color: #fff;-webkit-text-fill-color: #fff;}.wp-block-uagb-advanced-heading.uagb-block-9ca3b1a6.wp-block-uagb-advanced-heading .uagb-highlight::-moz-selection{color: #fff;background: #007cba;-webkit-text-fill-color: #fff;}.wp-block-uagb-advanced-heading.uagb-block-9ca3b1a6.wp-block-uagb-advanced-heading .uagb-highlight::selection{color: #fff;background: #007cba;-webkit-text-fill-color: #fff;}.wp-block-uagb-advanced-heading.uagb-block-625206c2.wp-block-uagb-advanced-heading .uagb-desc-text{margin-bottom: 15px;}.wp-block-uagb-advanced-heading.uagb-block-625206c2.wp-block-uagb-advanced-heading .uagb-highlight{font-style: normal;font-weight: Default;background: #007cba;color: #fff;-webkit-text-fill-color: #fff;}.wp-block-uagb-advanced-heading.uagb-block-625206c2.wp-block-uagb-advanced-heading .uagb-highlight::-moz-selection{color: #fff;background: #007cba;-webkit-text-fill-color: #fff;}.wp-block-uagb-advanced-heading.uagb-block-625206c2.wp-block-uagb-advanced-heading .uagb-highlight::selection{color: #fff;background: #007cba;-webkit-text-fill-color: #fff;}.wp-block-uagb-advanced-heading.uagb-block-4c90d5f8.wp-block-uagb-advanced-heading .uagb-desc-text{margin-bottom: 15px;}.wp-block-uagb-advanced-heading.uagb-block-4c90d5f8.wp-block-uagb-advanced-heading .uagb-highlight{font-style: normal;font-weight: Default;background: #007cba;color: #fff;-webkit-text-fill-color: #fff;}.wp-block-uagb-advanced-heading.uagb-block-4c90d5f8.wp-block-uagb-advanced-heading .uagb-highlight::-moz-selection{color: #fff;background: #007cba;-webkit-text-fill-color: #fff;}.wp-block-uagb-advanced-heading.uagb-block-4c90d5f8.wp-block-uagb-advanced-heading .uagb-highlight::selection{color: #fff;background: #007cba;-webkit-text-fill-color: #fff;}.wp-block-uagb-advanced-heading.uagb-block-4e3afb81.wp-block-uagb-advanced-heading .uagb-desc-text{margin-bottom: 15px;}.wp-block-uagb-advanced-heading.uagb-block-4e3afb81.wp-block-uagb-advanced-heading .uagb-highlight{font-style: normal;font-weight: Default;background: #007cba;color: #fff;-webkit-text-fill-color: #fff;}.wp-block-uagb-advanced-heading.uagb-block-4e3afb81.wp-block-uagb-advanced-heading .uagb-highlight::-moz-selection{color: #fff;background: #007cba;-webkit-text-fill-color: #fff;}.wp-block-uagb-advanced-heading.uagb-block-4e3afb81.wp-block-uagb-advanced-heading .uagb-highlight::selection{color: #fff;background: #007cba;-webkit-text-fill-color: #fff;}\";s:2:\"js\";s:0:\"\";s:18:\"current_block_list\";a:12:{i:0;s:10:\"core\/image\";i:1;s:21:\"uagb\/advanced-heading\";i:2;s:14:\"core\/paragraph\";i:3;s:9:\"core\/list\";i:4;s:14:\"core\/list-item\";i:5;s:11:\"core\/search\";i:6;s:10:\"core\/group\";i:7;s:12:\"core\/heading\";i:8;s:17:\"core\/latest-posts\";i:9;s:20:\"core\/latest-comments\";i:10;s:13:\"core\/archives\";i:11;s:15:\"core\/categories\";}s:8:\"uag_flag\";b:1;s:11:\"uag_version\";s:10:\"1788706713\";s:6:\"gfonts\";a:0:{}s:10:\"gfonts_url\";s:0:\"\";s:12:\"gfonts_files\";a:0:{}s:14:\"uag_faq_layout\";b:0;}"]},"uagb_featured_image_src":{"full":false,"thumbnail":false,"medium":false,"medium_large":false,"large":false,"1536x1536":false,"2048x2048":false},"uagb_author_info":{"display_name":"Lisa Westermann","author_link":"https:\/\/www.commissionofinvestigation.ie\/ga\/author\/lisa\/"},"uagb_comment_info":0,"uagb_excerpt":"R\u00e9amhr\u00e1 Is cl\u00e1r deonach \u00e9 an Cl\u00e1r Rannph\u00e1irt\u00edochta Marthan\u00f3ir\u00ed. Buna\u00edodh \u00e9 chun sp\u00e1s ina bhfuil taca\u00edocht a thabhairt do mharthan\u00f3ir\u00ed [&hellip;]","_links":{"self":[{"href":"https:\/\/www.commissionofinvestigation.ie\/ga\/wp-json\/wp\/v2\/pages\/1232","targetHints":{"allow":["GET"]}}],"collection":[{"href":"https:\/\/www.commissionofinvestigation.ie\/ga\/wp-json\/wp\/v2\/pages"}],"about":[{"href":"https:\/\/www.commissionofinvestigation.ie\/ga\/wp-json\/wp\/v2\/types\/page"}],"author":[{"embeddable":true,"href":"https:\/\/www.commissionofinvestigation.ie\/ga\/wp-json\/wp\/v2\/users\/5"}],"replies":[{"embeddable":true,"href":"https:\/\/www.commissionofinvestigation.ie\/ga\/wp-json\/wp\/v2\/comments?post=1232"}],"version-history":[{"count":3,"href":"https:\/\/www.commissionofinvestigation.ie\/ga\/wp-json\/wp\/v2\/pages\/1232\/revisions"}],"predecessor-version":[{"id":1522,"href":"https:\/\/www.commissionofinvestigation.ie\/ga\/wp-json\/wp\/v2\/pages\/1232\/revisions\/1522"}],"up":[{"embeddable":true,"href":"https:\/\/www.commissionofinvestigation.ie\/ga\/wp-json\/wp\/v2\/pages\/895"}],"wp:attachment":[{"href":"https:\/\/www.commissionofinvestigation.ie\/ga\/wp-json\/wp\/v2\/media?parent=1232"}],"curies":[{"name":"wp","href":"https:\/\/api.w.org\/{rel}","templated":true}]}}