{"id":1203,"date":"2026-06-18T13:41:22","date_gmt":"2026-06-18T12:41:22","guid":{"rendered":"https:\/\/www.commissionofinvestigation.ie\/imscruduchan\/faisneis-do-scoileanna-comhlachtai-patrunachta-agus-boird-bhainistiochta\/"},"modified":"2026-08-24T12:51:27","modified_gmt":"2026-08-24T11:51:27","slug":"faisneis-do-scoileanna-comhlachtai-patrunachta-agus-boird-bhainistiochta","status":"publish","type":"page","link":"https:\/\/www.commissionofinvestigation.ie\/ga\/imscruduchan\/faisneis-do-scoileanna-comhlachtai-patrunachta-agus-boird-bhainistiochta\/","title":{"rendered":"Faisn\u00e9is do Scoileanna, Comhlachta\u00ed P\u00e1tr\u00fanachta agus Boird Bhainist\u00edochta"},"content":{"rendered":"\n<h2 id=\"introduction\" class=\"wp-block-heading\"><h2><strong>R\u00e9amhr\u00e1<\/strong><\/h2><\/h2>\n\n<p class=\"wp-block-paragraph\">Buna\u00edodh an Coimisi\u00fan Imscr\u00fad\u00fach\u00e1in maidir le L\u00e1imhse\u00e1il Droch\u00fas\u00e1ide Gn\u00e9asa\u00ed Stairi\u00fala Leana\u00ed i Scoileanna chun imscr\u00fad\u00fa a dh\u00e9anamh ar an gcaoi ar l\u00e1imhse\u00e1ladh \u00e1bhair imn\u00ed agus gear\u00e1in faoi dhroch\u00fas\u00e1id ghn\u00e9asach leana\u00ed i scoileanna in \u00c9irinn.<\/p>\n\n<p class=\"wp-block-paragraph\">The Commission\u2019s work will examine the actions taken (or not taken) in response to such concerns across a range of institutions and authorities, including schools and those responsible for schools. The abuse must have occurred from 1927 to 2013, but may have been reported more recently or not reported at all.<\/p>\n\n<h2 id=\"scope\" class=\"wp-block-heading\"><h2><strong>Sc\u00f3ip Imscr\u00fad\u00fach\u00e1in an Choimisi\u00fain<\/strong><\/h2><\/h2>\n\n<p class=\"wp-block-paragraph\">Faoina Th\u00e9arma\u00ed Tagartha, d\u00e9anfaidh an Coimisi\u00fan an m\u00e9id seo a leanas:<\/p>\n\n<ul class=\"wp-block-list\">\n<li>Scr\u00fad\u00f3far s\u00e9 an chaoi ar l\u00e1imhse\u00e1ladh \u00e1bhair imn\u00ed n\u00f3 gear\u00e1in faoi dhroch\u00fas\u00e1id leana\u00ed a bhaineann le scoileanna<\/li>\n\n\n\n<li>Sainaithneofar c\u00e9 acu ar teipeadh droch\u00fas\u00e1id a thuairisci\u00fa, freagairt di, n\u00f3 \u00ed a chosc<\/li>\n\n\n\n<li>Scr\u00fad\u00f3far na c\u00f3rais, beartais agus cleachtais \u00e1bhartha, agus pr\u00f3isis cinnteoireachta le himeacht ama.<\/li>\n<\/ul>\n\n<p class=\"wp-block-paragraph\">Is \u00e9 f\u00f3cas an Choimisi\u00fain n\u00e1 ar l\u00e1imhse\u00e1il na n-\u00e1bhar imn\u00ed agus na bhfreagairt\u00ed c\u00f3rasacha, seachas ar imscr\u00fad\u00fa a dh\u00e9anamh ar l\u00edomhaint\u00ed ar leith.<\/p>\n\n<h2 id=\"records\" class=\"wp-block-heading\"><h2><strong>Taifid agus Doicim\u00e9id<\/strong><\/h2><\/h2>\n\n<p class=\"wp-block-paragraph\">D\u2019fh\u00e9adfadh taifid a bheith \u00e1 gcoinne\u00e1il ag gn\u00edomhaireachta\u00ed St\u00e1it agus Ranna a bhaineann le himscr\u00fad\u00fa an Choimisi\u00fain. D\u2019fh\u00e9adfadh an m\u00e9id seo a leanas a bheith san \u00e1ireamh, mar shampla:<\/p>\n\n<ul class=\"wp-block-list\">\n<li>Taifid, comhaid n\u00f3 comhfhreagras a bhaineann le l\u00edomhaint\u00ed n\u00f3 le h\u00e1bhair imn\u00ed<\/li>\n\n\n\n<li>Taifid de ghear\u00e1in, \u00e1bhair imn\u00ed faoi chosaint leana\u00ed n\u00f3 pr\u00f3sis ara\u00edonachta ball foirne  <\/li>\n\n\n\n<li>Miontuairisc\u00ed cruinnithe n\u00f3 cumars\u00e1id inmhe\u00e1nach<\/li>\n\n\n\n<li>Beartais n\u00f3 n\u00f3sanna imeachta i bhfeidhm ag an am<\/li>\n<\/ul>\n\n<p class=\"wp-block-paragraph\">Moltar go m\u00f3r do na scoileanna, na comhlachta\u00ed p\u00e1tr\u00fanachta agus na boird bhainist\u00edochta uile c\u00e9imeanna a ghlacadh l\u00e1ithreach bonn le haon taifid a chaomhn\u00fa at\u00e1 acu, faoina gc\u00faram n\u00f3 faoina smacht a bhainfeadh leis an m\u00e9id seo a leanas:<\/p>\n\n<ul class=\"wp-block-list\">\n<li>L\u00edomhaint\u00ed, amhras n\u00f3 \u00e1bhair imn\u00ed faoi dhroch\u00fas\u00e1id ghn\u00e9asach stairi\u00fail leana\u00ed <\/li>\n\n\n\n<li>L\u00e1imhse\u00e1il a leith\u00e9id d\u2019\u00e1bhair imn\u00ed<\/li>\n\n\n\n<li>Aon ghn\u00edomhartha a rinneadh n\u00f3 nach ndearnadh mar fhreagairt<\/li>\n<\/ul>\n\n<p class=\"wp-block-paragraph\">Cl\u00fada\u00edonn s\u00e9 seo taifid ar p\u00e1ip\u00e9ar agus taifid leictreonacha.<\/p>\n\n<p class=\"wp-block-paragraph\">N\u00edor ch\u00f3ir taifid a scriosadh, a athr\u00fa n\u00e1 f\u00e1il r\u00e9idh leo, mar b\u2019fh\u00e9idir go mbeidh siad ag teast\u00e1il \u00f3n gCoimisi\u00fan mar chuid d\u00e1 imscr\u00fad\u00fach\u00e1n. Faoi <a href=\"https:\/\/www.irishstatutebook.ie\/eli\/2004\/act\/23\/section\/31\/enacted\/en\/html\">Alt 31 den Acht um Choimsi\u00fain Imscr\u00fad\u00fach\u00e1in 2004<\/a>, t\u00e1 oibleag\u00e1id ar gach duine a bhfuil ina s(h)eilb n\u00f3 ina c(h)umhacht doicim\u00e9ad n\u00f3 faisn\u00e9is a bhaineann le h\u00e1bhar ar bith at\u00e1 laistigh de th\u00e9arma\u00ed tagartha an Choimisi\u00fain, an doicim\u00e9ad n\u00f3 an fhaisn\u00e9is sin a chaomhn\u00fa.<br\/><br\/>\u00a0<\/p>\n\n<h2 id=\"approach\" class=\"wp-block-heading\"><strong>Cur Chuige i dtreo Faisn\u00e9is a Bhaili\u00fa<\/strong><\/h2>\n\n<p class=\"wp-block-paragraph\">I bhfianaise sc\u00e1la agus n\u00e1d\u00far stairi\u00fail na n-\u00e1bhar at\u00e1 faoi scr\u00fad\u00fa, cuirfidh an Coimisi\u00fan cur chuige strucht\u00fartha agus iomchu\u00ed i dtreo faisn\u00e9is a bhaili\u00fa.<\/p>\n\n<h3 class=\"wp-block-heading\"><strong>Initial Survey<\/strong><\/h3>\n\n<p class=\"wp-block-paragraph\">Tos\u00f3idh an Coimisi\u00fan tr\u00ed shuirbh\u00e9 tosaigh a re\u00e1cht\u00e1il an F\u00f3mhar seo ag lorg faisn\u00e9ise \u00f3 mharthan\u00f3ir\u00ed, agus \u00f3 dhaoine eile, faoi dhroch\u00fas\u00e1id ghn\u00e9asach a bhaineann le scoileana. Cuideoidh an fhaisn\u00e9is seo leis an gCoimisi\u00fan leis an m\u00e9id seo a leanas a dh\u00e9anamh:<\/p>\n\n<ul class=\"wp-block-list\">\n<li>Tuiscint a fh\u00e1il ar mh\u00e9id agus ar n\u00e1d\u00far na ngear\u00e1n faoi dhroch\u00fas\u00e1id ghn\u00e9asach stairi\u00fail a bhaineann le scoileanna <\/li>\n\n\n\n<li>R\u00e9ims\u00ed n\u00f3 c\u00e1sanna a shainaithint ina bhfuil d\u00f3thain \u00e1bhair chun tac\u00fa le mionscr\u00fad\u00fa.<\/li>\n<\/ul>\n\n<h3 class=\"wp-block-heading\"><strong>Cur Chuige Sampl\u00e1la<\/strong><\/h3>\n\n<p class=\"wp-block-paragraph\">Tar \u00e9is na c\u00e9ime tosaigh seo, cuirfidh an Coimisi\u00fan cur chuige sampl\u00e1la i bhfeidhm, ina roghn\u00f3far c\u00e1sanna n\u00f3 catag\u00f3ir\u00ed c\u00e1sanna ar leith le haghaidh mion-imscr\u00fad\u00fach\u00e1in.<\/p>\n\n<p class=\"wp-block-paragraph\">T\u00e1 an cur chuige seo riachtanach le go mbeidh an Coimisi\u00fan in ann tabhairt faoi imscr\u00fad\u00fach\u00e1n fi\u00fantach agus bunaithe ar fhianaise laistigh d\u00e1 thr\u00e9imhse ama c\u00faig bliana.<\/p>\n\n<h3 class=\"wp-block-heading\"><h3><strong>Iarratais ar Fhaisn\u00e9is<\/strong><\/h3><\/h3>\n\n<p class=\"wp-block-paragraph\">\u00c1it a n-aithn\u00edtear go mbaineann comhlacht St\u00e1it le mionobair an Choimisi\u00fain, d\u00e9anfaidh an Coimisi\u00fan an m\u00e9id seo a leanas:<\/p>\n\n<ul class=\"wp-block-list\">\n<li>Scr\u00edobhfar chuige go d\u00edreach le tuilleadh faisn\u00e9ise n\u00f3 doicim\u00e9ad a iarraidh<\/li>\n\n\n\n<li>Sonr\u00f3far na h\u00e1bhair, c\u00e1sanna n\u00f3 catag\u00f3ir\u00ed c\u00e1sanna ar leith at\u00e1 ag teast\u00e1il<\/li>\n\n\n\n<li>Leagfar amach aon tr\u00e9imhs\u00ed ama agus n\u00f3sanna imeachta is infheidhme<\/li>\n<\/ul>\n\n<h3 id=\"cooperation\" class=\"wp-block-heading\"><h2><strong>Comhoibri\u00fa leis an gCoimisi\u00fan<\/strong><\/h2><\/h3>\n\n<p class=\"wp-block-paragraph\">T\u00e1 s\u00e9 beartaithe ag an gCoimisi\u00fan, nuair is f\u00e9idir, tabhairt faoina obair a bhonn comhoibrithe dheonaigh.<\/p>\n\n<p class=\"wp-block-paragraph\">Faoin Acht um Choimisi\u00fain Imscr\u00fad\u00fach\u00e1in 2004:<\/p>\n\n<ul class=\"wp-block-list\">\n<li>T\u00e1thar ag s\u00fail go lorg\u00f3idh agus go n-\u00e9asc\u00f3idh Coimisi\u00fan comhoibri\u00fa deonach \u00f3 dhaoine aonair agus \u00f3 eagra\u00edochta\u00ed      <\/li>\n\n\n\n<li>T\u00e1 an t-\u00fadar\u00e1s dl\u00edthi\u00fail ag Coimisi\u00fan, nuair is g\u00e1, a chur mar cheangal doicim\u00e9id a thabhairt agus iallach a chur ar fhinn\u00e9ithe fianaise a chur ar f\u00e1il. <\/li>\n<\/ul>\n\n<p class=\"wp-block-paragraph\">T\u00e1 an Coimisi\u00fan ag s\u00fail leis go mbeidh na scoileanna agus iad si\u00fad at\u00e1 freagrach as scoileanna rannph\u00e1irteach ar bhealach tairbheach agus go gcuideoidh siad go hioml\u00e1n lena chuid oibre. Mar sin f\u00e9in, d\u2019fh\u00e9adfadh s\u00e9 a chumhachta\u00ed reacht\u00fala a fheidhmi\u00fa le h\u00e9ifeacht\u00falacht an imscr\u00fad\u00fach\u00e1in a chinnti\u00fa.<\/p>\n\n<h2 id=\"further-information\" class=\"wp-block-heading\"><h2><strong>Tuilleadh Eolais<\/strong><\/h2><\/h2>\n\n<p class=\"wp-block-paragraph\">Cuirfear tuilleadh eolais faoi obair an Choimisi\u00fain, lena n-\u00e1ir\u00edtear nuashonruithe agus treoir, ar f\u00e1il ar an su\u00edomh gr\u00e9as\u00e1in seo.<\/p>\n\n<p class=\"wp-block-paragraph\">Moltar do scoileanna, comhlachta\u00ed p\u00e1tr\u00fanachta agus boird bhainist\u00edochta:<\/p>\n\n<ul class=\"wp-block-list\">\n<li>Athbhreithni\u00fa a dh\u00e9anamh ar a gcleachtais um bainist\u00edocht taifead <\/li>\n\n\n\n<li>A chinnti\u00fa go nd\u00e9antar na doicim\u00e9id iomchu\u00ed a aithint agus a chaomhn\u00fa<\/li>\n\n\n\n<li>Ullmh\u00fa le freagairt ar iarratais \u00f3n gCoimisi\u00fan nuair is g\u00e1.<\/li>\n<\/ul>\n","protected":false},"excerpt":{"rendered":"<p>R\u00e9amhr\u00e1 Buna\u00edodh an Coimisi\u00fan Imscr\u00fad\u00fach\u00e1in maidir le L\u00e1imhse\u00e1il Droch\u00fas\u00e1ide Gn\u00e9asa\u00ed Stairi\u00fala Leana\u00ed i Scoileanna chun imscr\u00fad\u00fa a dh\u00e9anamh ar an [&hellip;]<\/p>\n","protected":false},"author":3,"featured_media":0,"parent":898,"menu_order":0,"comment_status":"closed","ping_status":"closed","template":"","meta":{"_acf_changed":false,"_uag_custom_page_level_css":"","site-sidebar-layout":"default","site-content-layout":"","ast-site-content-layout":"default","site-content-style":"default","site-sidebar-style":"default","ast-global-header-display":"","ast-banner-title-visibility":"","ast-main-header-display":"","ast-hfb-above-header-display":"","ast-hfb-below-header-display":"","ast-hfb-mobile-header-display":"","site-post-title":"","ast-breadcrumbs-content":"","ast-featured-img":"","footer-sml-layout":"","ast-disable-related-posts":"","theme-transparent-header-meta":"","adv-header-id-meta":"","stick-header-meta":"","header-above-stick-meta":"","header-main-stick-meta":"","header-below-stick-meta":"","astra-migrate-meta-layouts":"default","ast-page-background-enabled":"default","ast-page-background-meta":{"desktop":{"background-color":"var(--ast-global-color-5)","background-image":"","background-repeat":"repeat","background-position":"center center","background-size":"auto","background-attachment":"scroll","background-type":"","background-media":"","overlay-type":"","overlay-color":"","overlay-opacity":"","overlay-gradient":""},"tablet":{"background-color":"","background-image":"","background-repeat":"repeat","background-position":"center center","background-size":"auto","background-attachment":"scroll","background-type":"","background-media":"","overlay-type":"","overlay-color":"","overlay-opacity":"","overlay-gradient":""},"mobile":{"background-color":"","background-image":"","background-repeat":"repeat","background-position":"center center","background-size":"auto","background-attachment":"scroll","background-type":"","background-media":"","overlay-type":"","overlay-color":"","overlay-opacity":"","overlay-gradient":""}},"ast-content-background-meta":{"desktop":{"background-color":"var(--ast-global-color-4)","background-image":"","background-repeat":"repeat","background-position":"center center","background-size":"auto","background-attachment":"scroll","background-type":"","background-media":"","overlay-type":"","overlay-color":"","overlay-opacity":"","overlay-gradient":""},"tablet":{"background-color":"var(--ast-global-color-4)","background-image":"","background-repeat":"repeat","background-position":"center center","background-size":"auto","background-attachment":"scroll","background-type":"","background-media":"","overlay-type":"","overlay-color":"","overlay-opacity":"","overlay-gradient":""},"mobile":{"background-color":"var(--ast-global-color-4)","background-image":"","background-repeat":"repeat","background-position":"center center","background-size":"auto","background-attachment":"scroll","background-type":"","background-media":"","overlay-type":"","overlay-color":"","overlay-opacity":"","overlay-gradient":""}},"footnotes":""},"class_list":["post-1203","page","type-page","status-publish","hentry"],"acf":[],"yoast_head":"<!-- This site is optimized with the Yoast SEO plugin v28.4 - https:\/\/yoast.com\/product\/yoast-seo-wordpress\/ -->\n<title>Faisn\u00e9is do Scoileanna, Comhlachta\u00ed P\u00e1tr\u00fanachta agus Boird Bhainist\u00edochta - Commission of Investigation<\/title>\n<meta name=\"robots\" content=\"index, follow, max-snippet:-1, max-image-preview:large, max-video-preview:-1\" \/>\n<link rel=\"canonical\" href=\"https:\/\/www.commissionofinvestigation.ie\/ga\/imscruduchan\/faisneis-do-scoileanna-comhlachtai-patrunachta-agus-boird-bhainistiochta\/\" \/>\n<meta property=\"og:locale\" content=\"en_US\" \/>\n<meta property=\"og:type\" content=\"article\" \/>\n<meta property=\"og:title\" content=\"Faisn\u00e9is do Scoileanna, Comhlachta\u00ed P\u00e1tr\u00fanachta agus Boird Bhainist\u00edochta - Commission of Investigation\" \/>\n<meta property=\"og:description\" content=\"R\u00e9amhr\u00e1 Buna\u00edodh an Coimisi\u00fan Imscr\u00fad\u00fach\u00e1in maidir le L\u00e1imhse\u00e1il Droch\u00fas\u00e1ide Gn\u00e9asa\u00ed Stairi\u00fala Leana\u00ed i Scoileanna chun imscr\u00fad\u00fa a dh\u00e9anamh ar an [&hellip;]\" \/>\n<meta property=\"og:url\" content=\"https:\/\/www.commissionofinvestigation.ie\/ga\/imscruduchan\/faisneis-do-scoileanna-comhlachtai-patrunachta-agus-boird-bhainistiochta\/\" \/>\n<meta property=\"og:site_name\" content=\"Commission of Investigation\" \/>\n<meta property=\"article:modified_time\" content=\"2026-08-24T11:51:27+00:00\" \/>\n<meta name=\"twitter:card\" content=\"summary_large_image\" \/>\n<meta name=\"twitter:label1\" content=\"Est. reading time\" \/>\n\t<meta name=\"twitter:data1\" content=\"4 minutes\" \/>\n<script type=\"application\/ld+json\" class=\"yoast-schema-graph\">{\"@context\":\"https:\\\/\\\/schema.org\",\"@graph\":[{\"@type\":\"WebPage\",\"@id\":\"https:\\\/\\\/www.commissionofinvestigation.ie\\\/ga\\\/imscruduchan\\\/faisneis-do-scoileanna-comhlachtai-patrunachta-agus-boird-bhainistiochta\\\/\",\"url\":\"https:\\\/\\\/www.commissionofinvestigation.ie\\\/ga\\\/imscruduchan\\\/faisneis-do-scoileanna-comhlachtai-patrunachta-agus-boird-bhainistiochta\\\/\",\"name\":\"Faisn\u00e9is do Scoileanna, Comhlachta\u00ed P\u00e1tr\u00fanachta agus Boird Bhainist\u00edochta - Commission of Investigation\",\"isPartOf\":{\"@id\":\"https:\\\/\\\/www.commissionofinvestigation.ie\\\/#website\"},\"datePublished\":\"2026-06-18T12:41:22+00:00\",\"dateModified\":\"2026-08-24T11:51:27+00:00\",\"breadcrumb\":{\"@id\":\"https:\\\/\\\/www.commissionofinvestigation.ie\\\/ga\\\/imscruduchan\\\/faisneis-do-scoileanna-comhlachtai-patrunachta-agus-boird-bhainistiochta\\\/#breadcrumb\"},\"inLanguage\":\"ga\",\"potentialAction\":[{\"@type\":\"ReadAction\",\"target\":[\"https:\\\/\\\/www.commissionofinvestigation.ie\\\/ga\\\/imscruduchan\\\/faisneis-do-scoileanna-comhlachtai-patrunachta-agus-boird-bhainistiochta\\\/\"]}]},{\"@type\":\"BreadcrumbList\",\"@id\":\"https:\\\/\\\/www.commissionofinvestigation.ie\\\/ga\\\/imscruduchan\\\/faisneis-do-scoileanna-comhlachtai-patrunachta-agus-boird-bhainistiochta\\\/#breadcrumb\",\"itemListElement\":[{\"@type\":\"ListItem\",\"position\":1,\"name\":\"Home\",\"item\":\"https:\\\/\\\/www.commissionofinvestigation.ie\\\/ga\\\/\"},{\"@type\":\"ListItem\",\"position\":2,\"name\":\"Imscr\u00fad\u00fach\u00e1n\",\"item\":\"https:\\\/\\\/www.commissionofinvestigation.ie\\\/ga\\\/imscruduchan\\\/\"},{\"@type\":\"ListItem\",\"position\":3,\"name\":\"Faisn\u00e9is do Scoileanna, Comhlachta\u00ed P\u00e1tr\u00fanachta agus Boird Bhainist\u00edochta\"}]},{\"@type\":\"WebSite\",\"@id\":\"https:\\\/\\\/www.commissionofinvestigation.ie\\\/#website\",\"url\":\"https:\\\/\\\/www.commissionofinvestigation.ie\\\/\",\"name\":\"Commission of Investigation\",\"description\":\"Commission of Investigation: Handling of historical child sexual abuse in schools.\",\"publisher\":{\"@id\":\"https:\\\/\\\/www.commissionofinvestigation.ie\\\/#organization\"},\"potentialAction\":[{\"@type\":\"SearchAction\",\"target\":{\"@type\":\"EntryPoint\",\"urlTemplate\":\"https:\\\/\\\/www.commissionofinvestigation.ie\\\/?s={search_term_string}\"},\"query-input\":{\"@type\":\"PropertyValueSpecification\",\"valueRequired\":true,\"valueName\":\"search_term_string\"}}],\"inLanguage\":\"ga\"},{\"@type\":\"Organization\",\"@id\":\"https:\\\/\\\/www.commissionofinvestigation.ie\\\/#organization\",\"name\":\"Commission of Investigation\",\"url\":\"https:\\\/\\\/www.commissionofinvestigation.ie\\\/\",\"logo\":{\"@type\":\"ImageObject\",\"inLanguage\":\"ga\",\"@id\":\"https:\\\/\\\/www.commissionofinvestigation.ie\\\/#\\\/schema\\\/logo\\\/image\\\/\",\"url\":\"https:\\\/\\\/www.commissionofinvestigation.ie\\\/app\\\/uploads\\\/2026\\\/05\\\/coi-logo-scaled.png\",\"contentUrl\":\"https:\\\/\\\/www.commissionofinvestigation.ie\\\/app\\\/uploads\\\/2026\\\/05\\\/coi-logo-scaled.png\",\"width\":2560,\"height\":425,\"caption\":\"Commission of Investigation\"},\"image\":{\"@id\":\"https:\\\/\\\/www.commissionofinvestigation.ie\\\/#\\\/schema\\\/logo\\\/image\\\/\"}}]}<\/script>\n<!-- \/ Yoast SEO plugin. -->","yoast_head_json":{"title":"Faisn\u00e9is do Scoileanna, Comhlachta\u00ed P\u00e1tr\u00fanachta agus Boird Bhainist\u00edochta - Commission of Investigation","robots":{"index":"index","follow":"follow","max-snippet":"max-snippet:-1","max-image-preview":"max-image-preview:large","max-video-preview":"max-video-preview:-1"},"canonical":"https:\/\/www.commissionofinvestigation.ie\/ga\/imscruduchan\/faisneis-do-scoileanna-comhlachtai-patrunachta-agus-boird-bhainistiochta\/","og_locale":"en_US","og_type":"article","og_title":"Faisn\u00e9is do Scoileanna, Comhlachta\u00ed P\u00e1tr\u00fanachta agus Boird Bhainist\u00edochta - Commission of Investigation","og_description":"R\u00e9amhr\u00e1 Buna\u00edodh an Coimisi\u00fan Imscr\u00fad\u00fach\u00e1in maidir le L\u00e1imhse\u00e1il Droch\u00fas\u00e1ide Gn\u00e9asa\u00ed Stairi\u00fala Leana\u00ed i Scoileanna chun imscr\u00fad\u00fa a dh\u00e9anamh ar an [&hellip;]","og_url":"https:\/\/www.commissionofinvestigation.ie\/ga\/imscruduchan\/faisneis-do-scoileanna-comhlachtai-patrunachta-agus-boird-bhainistiochta\/","og_site_name":"Commission of Investigation","article_modified_time":"2026-08-24T11:51:27+00:00","twitter_card":"summary_large_image","twitter_misc":{"Est. reading time":"4 minutes"},"schema":{"@context":"https:\/\/schema.org","@graph":[{"@type":"WebPage","@id":"https:\/\/www.commissionofinvestigation.ie\/ga\/imscruduchan\/faisneis-do-scoileanna-comhlachtai-patrunachta-agus-boird-bhainistiochta\/","url":"https:\/\/www.commissionofinvestigation.ie\/ga\/imscruduchan\/faisneis-do-scoileanna-comhlachtai-patrunachta-agus-boird-bhainistiochta\/","name":"Faisn\u00e9is do Scoileanna, Comhlachta\u00ed P\u00e1tr\u00fanachta agus Boird Bhainist\u00edochta - Commission of Investigation","isPartOf":{"@id":"https:\/\/www.commissionofinvestigation.ie\/#website"},"datePublished":"2026-06-18T12:41:22+00:00","dateModified":"2026-08-24T11:51:27+00:00","breadcrumb":{"@id":"https:\/\/www.commissionofinvestigation.ie\/ga\/imscruduchan\/faisneis-do-scoileanna-comhlachtai-patrunachta-agus-boird-bhainistiochta\/#breadcrumb"},"inLanguage":"ga","potentialAction":[{"@type":"ReadAction","target":["https:\/\/www.commissionofinvestigation.ie\/ga\/imscruduchan\/faisneis-do-scoileanna-comhlachtai-patrunachta-agus-boird-bhainistiochta\/"]}]},{"@type":"BreadcrumbList","@id":"https:\/\/www.commissionofinvestigation.ie\/ga\/imscruduchan\/faisneis-do-scoileanna-comhlachtai-patrunachta-agus-boird-bhainistiochta\/#breadcrumb","itemListElement":[{"@type":"ListItem","position":1,"name":"Home","item":"https:\/\/www.commissionofinvestigation.ie\/ga\/"},{"@type":"ListItem","position":2,"name":"Imscr\u00fad\u00fach\u00e1n","item":"https:\/\/www.commissionofinvestigation.ie\/ga\/imscruduchan\/"},{"@type":"ListItem","position":3,"name":"Faisn\u00e9is do Scoileanna, Comhlachta\u00ed P\u00e1tr\u00fanachta agus Boird Bhainist\u00edochta"}]},{"@type":"WebSite","@id":"https:\/\/www.commissionofinvestigation.ie\/#website","url":"https:\/\/www.commissionofinvestigation.ie\/","name":"Commission of Investigation","description":"Commission of Investigation: Handling of historical child sexual abuse in schools.","publisher":{"@id":"https:\/\/www.commissionofinvestigation.ie\/#organization"},"potentialAction":[{"@type":"SearchAction","target":{"@type":"EntryPoint","urlTemplate":"https:\/\/www.commissionofinvestigation.ie\/?s={search_term_string}"},"query-input":{"@type":"PropertyValueSpecification","valueRequired":true,"valueName":"search_term_string"}}],"inLanguage":"ga"},{"@type":"Organization","@id":"https:\/\/www.commissionofinvestigation.ie\/#organization","name":"Commission of Investigation","url":"https:\/\/www.commissionofinvestigation.ie\/","logo":{"@type":"ImageObject","inLanguage":"ga","@id":"https:\/\/www.commissionofinvestigation.ie\/#\/schema\/logo\/image\/","url":"https:\/\/www.commissionofinvestigation.ie\/app\/uploads\/2026\/05\/coi-logo-scaled.png","contentUrl":"https:\/\/www.commissionofinvestigation.ie\/app\/uploads\/2026\/05\/coi-logo-scaled.png","width":2560,"height":425,"caption":"Commission of Investigation"},"image":{"@id":"https:\/\/www.commissionofinvestigation.ie\/#\/schema\/logo\/image\/"}}]}},"spectra_custom_meta":{"_uagb_previous_block_counts":["a:90:{s:21:\"uagb\/advanced-heading\";i:0;s:15:\"uagb\/blockquote\";i:0;s:12:\"uagb\/buttons\";i:0;s:18:\"uagb\/buttons-child\";i:0;s:19:\"uagb\/call-to-action\";i:0;s:15:\"uagb\/cf7-styler\";i:0;s:11:\"uagb\/column\";i:0;s:12:\"uagb\/columns\";i:0;s:14:\"uagb\/container\";i:0;s:21:\"uagb\/content-timeline\";i:0;s:27:\"uagb\/content-timeline-child\";i:0;s:14:\"uagb\/countdown\";i:0;s:12:\"uagb\/counter\";i:0;s:8:\"uagb\/faq\";i:0;s:14:\"uagb\/faq-child\";i:0;s:10:\"uagb\/forms\";i:0;s:17:\"uagb\/forms-accept\";i:0;s:19:\"uagb\/forms-checkbox\";i:0;s:15:\"uagb\/forms-date\";i:0;s:16:\"uagb\/forms-email\";i:0;s:17:\"uagb\/forms-hidden\";i:0;s:15:\"uagb\/forms-name\";i:0;s:16:\"uagb\/forms-phone\";i:0;s:16:\"uagb\/forms-radio\";i:0;s:17:\"uagb\/forms-select\";i:0;s:19:\"uagb\/forms-textarea\";i:0;s:17:\"uagb\/forms-toggle\";i:0;s:14:\"uagb\/forms-url\";i:0;s:14:\"uagb\/gf-styler\";i:0;s:15:\"uagb\/google-map\";i:0;s:11:\"uagb\/how-to\";i:0;s:16:\"uagb\/how-to-step\";i:0;s:9:\"uagb\/icon\";i:0;s:14:\"uagb\/icon-list\";i:0;s:20:\"uagb\/icon-list-child\";i:0;s:10:\"uagb\/image\";i:0;s:18:\"uagb\/image-gallery\";i:0;s:13:\"uagb\/info-box\";i:0;s:18:\"uagb\/inline-notice\";i:0;s:11:\"uagb\/lottie\";i:0;s:21:\"uagb\/marketing-button\";i:0;s:10:\"uagb\/modal\";i:0;s:18:\"uagb\/popup-builder\";i:0;s:16:\"uagb\/post-button\";i:0;s:18:\"uagb\/post-carousel\";i:0;s:17:\"uagb\/post-excerpt\";i:0;s:14:\"uagb\/post-grid\";i:0;s:15:\"uagb\/post-image\";i:0;s:17:\"uagb\/post-masonry\";i:0;s:14:\"uagb\/post-meta\";i:0;s:18:\"uagb\/post-taxonomy\";i:0;s:18:\"uagb\/post-timeline\";i:0;s:15:\"uagb\/post-title\";i:0;s:20:\"uagb\/restaurant-menu\";i:0;s:26:\"uagb\/restaurant-menu-child\";i:0;s:11:\"uagb\/review\";i:0;s:12:\"uagb\/section\";i:0;s:14:\"uagb\/separator\";i:0;s:11:\"uagb\/slider\";i:0;s:17:\"uagb\/slider-child\";i:0;s:17:\"uagb\/social-share\";i:0;s:23:\"uagb\/social-share-child\";i:0;s:16:\"uagb\/star-rating\";i:0;s:23:\"uagb\/sure-cart-checkout\";i:0;s:22:\"uagb\/sure-cart-product\";i:0;s:15:\"uagb\/sure-forms\";i:0;s:22:\"uagb\/table-of-contents\";i:0;s:9:\"uagb\/tabs\";i:0;s:15:\"uagb\/tabs-child\";i:0;s:18:\"uagb\/taxonomy-list\";i:0;s:9:\"uagb\/team\";i:0;s:16:\"uagb\/testimonial\";i:0;s:14:\"uagb\/wp-search\";i:0;s:19:\"uagb\/instagram-feed\";i:0;s:10:\"uagb\/login\";i:0;s:17:\"uagb\/loop-builder\";i:0;s:18:\"uagb\/loop-category\";i:0;s:20:\"uagb\/loop-pagination\";i:0;s:15:\"uagb\/loop-reset\";i:0;s:16:\"uagb\/loop-search\";i:0;s:14:\"uagb\/loop-sort\";i:0;s:17:\"uagb\/loop-wrapper\";i:0;s:13:\"uagb\/register\";i:0;s:19:\"uagb\/register-email\";i:0;s:24:\"uagb\/register-first-name\";i:0;s:23:\"uagb\/register-last-name\";i:0;s:22:\"uagb\/register-password\";i:0;s:30:\"uagb\/register-reenter-password\";i:0;s:19:\"uagb\/register-terms\";i:0;s:22:\"uagb\/register-username\";i:0;}"],"_last_translation_edit_mode":["translation-editor"],"ast-main-header-display":[""],"ast-hfb-above-header-display":[""],"ast-hfb-below-header-display":[""],"ast-hfb-mobile-header-display":[""],"adv-header-id-meta":[""],"footer-sml-layout":[""],"stick-header-meta":[""],"header-main-stick-meta":[""],"header-above-stick-meta":[""],"header-below-stick-meta":[""],"site-post-title":[""],"site-sidebar-layout":["default"],"site-content-layout":[""],"ast-featured-img":[""],"ast-breadcrumbs-content":[""],"theme-transparent-header-meta":[""],"ast-banner-title-visibility":[""],"ast-global-header-display":[""],"ast-site-content-layout":["default"],"site-content-style":["default"],"site-sidebar-style":["default"],"menu_type":["sections"],"sections":["5"],"_menu_type":["field_6a33d6ebaeaaa"],"_sections":["field_6a33d800aeaab"],"_sections_0_title":["field_6a33d81daeaac"],"_sections_0_anchor":["field_6a33d828aeaad"],"_sections_1_title":["field_6a33d81daeaac"],"_sections_1_anchor":["field_6a33d828aeaad"],"_sections_2_title":["field_6a33d81daeaac"],"_sections_2_anchor":["field_6a33d828aeaad"],"_sections_3_title":["field_6a33d81daeaac"],"_sections_3_anchor":["field_6a33d828aeaad"],"_sections_4_title":["field_6a33d81daeaac"],"_sections_4_anchor":["field_6a33d828aeaad"],"_top_nav_excluded":[""],"_cms_nav_minihome":[""],"_wpml_word_count":["932"],"_edit_lock":["1787578601:2"],"_wp_page_template":[""],"_edit_last":["7"],"_yoast_wpseo_content_score":["60"],"_yoast_wpseo_estimated-reading-time-minutes":["4"],"sections_0_title":["R\u00e9amhr\u00e1"],"sections_0_anchor":["introduction"],"sections_1_title":["Sc\u00f3ip Imscr\u00fad\u00fach\u00e1in an Choimisi\u00fain"],"sections_1_anchor":["scope"],"sections_2_title":["Taifid agus Doicim\u00e9id"],"sections_2_anchor":["records"],"sections_3_title":["Cur Chuige i dtreo Faisn\u00e9is a Bhaili\u00fa"],"sections_3_anchor":["approach"],"sections_4_title":["Tuilleadh Eolais"],"sections_4_anchor":["further-information"],"_uag_page_assets":["a:9:{s:3:\"css\";s:0:\"\";s:2:\"js\";s:0:\"\";s:18:\"current_block_list\";a:10:{i:0;s:12:\"core\/heading\";i:1;s:14:\"core\/paragraph\";i:2;s:9:\"core\/list\";i:3;s:14:\"core\/list-item\";i:4;s:11:\"core\/search\";i:5;s:10:\"core\/group\";i:6;s:17:\"core\/latest-posts\";i:7;s:20:\"core\/latest-comments\";i:8;s:13:\"core\/archives\";i:9;s:15:\"core\/categories\";}s:8:\"uag_flag\";b:0;s:11:\"uag_version\";s:10:\"1788698914\";s:6:\"gfonts\";a:0:{}s:10:\"gfonts_url\";s:0:\"\";s:12:\"gfonts_files\";a:0:{}s:14:\"uag_faq_layout\";b:0;}"]},"uagb_featured_image_src":{"full":false,"thumbnail":false,"medium":false,"medium_large":false,"large":false,"1536x1536":false,"2048x2048":false},"uagb_author_info":{"display_name":"Padraig Foran","author_link":"https:\/\/www.commissionofinvestigation.ie\/ga\/author\/padraig\/"},"uagb_comment_info":0,"uagb_excerpt":"R\u00e9amhr\u00e1 Buna\u00edodh an Coimisi\u00fan Imscr\u00fad\u00fach\u00e1in maidir le L\u00e1imhse\u00e1il Droch\u00fas\u00e1ide Gn\u00e9asa\u00ed Stairi\u00fala Leana\u00ed i Scoileanna chun imscr\u00fad\u00fa a dh\u00e9anamh ar an [&hellip;]","_links":{"self":[{"href":"https:\/\/www.commissionofinvestigation.ie\/ga\/wp-json\/wp\/v2\/pages\/1203","targetHints":{"allow":["GET"]}}],"collection":[{"href":"https:\/\/www.commissionofinvestigation.ie\/ga\/wp-json\/wp\/v2\/pages"}],"about":[{"href":"https:\/\/www.commissionofinvestigation.ie\/ga\/wp-json\/wp\/v2\/types\/page"}],"author":[{"embeddable":true,"href":"https:\/\/www.commissionofinvestigation.ie\/ga\/wp-json\/wp\/v2\/users\/3"}],"replies":[{"embeddable":true,"href":"https:\/\/www.commissionofinvestigation.ie\/ga\/wp-json\/wp\/v2\/comments?post=1203"}],"version-history":[{"count":6,"href":"https:\/\/www.commissionofinvestigation.ie\/ga\/wp-json\/wp\/v2\/pages\/1203\/revisions"}],"predecessor-version":[{"id":1535,"href":"https:\/\/www.commissionofinvestigation.ie\/ga\/wp-json\/wp\/v2\/pages\/1203\/revisions\/1535"}],"up":[{"embeddable":true,"href":"https:\/\/www.commissionofinvestigation.ie\/ga\/wp-json\/wp\/v2\/pages\/898"}],"wp:attachment":[{"href":"https:\/\/www.commissionofinvestigation.ie\/ga\/wp-json\/wp\/v2\/media?parent=1203"}],"curies":[{"name":"wp","href":"https:\/\/api.w.org\/{rel}","templated":true}]}}