{"id":1173,"date":"2026-06-02T10:57:56","date_gmt":"2026-06-02T09:57:56","guid":{"rendered":"https:\/\/www.commissionofinvestigation.ie\/maidir-leis-an-gcoimisiun\/foireann-an-choimsiuin\/"},"modified":"2026-08-24T11:37:17","modified_gmt":"2026-08-24T10:37:17","slug":"foireann-an-choimsiuin","status":"publish","type":"page","link":"https:\/\/www.commissionofinvestigation.ie\/ga\/maidir-leis-an-gcoimisiun\/foireann-an-choimsiuin\/","title":{"rendered":"Foireann an Choimsi\u00fain"},"content":{"rendered":"\n<div class=\"wp-block-uagb-advanced-heading uagb-block-958b977d\" id=\"chair\"><h2 class=\"uagb-heading-text\"><strong>Cathaoirleach<\/strong><\/h2><\/div>\n\n\n\n<p class=\"wp-block-paragraph\">Ceapadh an <strong>Breitheamh Uasal MacGrath<\/strong> mar bhreitheamh den Ard-Ch\u00fairt i m\u00ed Ean\u00e1ir 2018, \u00e1it a raibh s\u00e9 i gceannas c\u00e1sanna sibhialta. Bh\u00ed s\u00e9 i gceannas trialacha coiri\u00fala freisin sa Ch\u00fairt Choiri\u00fail Speisialta agus sa Phr\u00edomh-Ch\u00fairt Choiri\u00fail idir 2020 agus 2024. Ceapadh \u00e9 ar an gC\u00fairt Achomhairc i m\u00ed an Mheithimh 2024. Roimh a cheapach\u00e1in bhreithni\u00fanacha, bh\u00ed s\u00e9 ag cleachtadh mar abhc\u00f3ide agus ceapadh mar Abhc\u00f3ide Sinsearach in 2000. Ceapadh \u00e9 mar chathaoirleach ar an gCoimisi\u00fan Imscr\u00fad\u00fach\u00e1in maidir le L\u00e1imhse\u00e1il Droch\u00fas\u00e1ide Gn\u00e9asa\u00ed Stairi\u00fala Leana\u00ed in 2025.<\/p>\n\n\n\n<div class=\"wp-block-uagb-advanced-heading uagb-block-7c65366e\" id=\"commissioners\"><h2 class=\"uagb-heading-text\"><strong>Coimimsin\u00e9ir\u00ed<\/strong><\/h2><\/div>\n\n\n\n<p class=\"wp-block-paragraph\"><strong>An Breitheamh Mary Ellen Ring Uasal, <\/strong>a ceapadh mar bhreitheamh den Ch\u00fairt Chuarda in 2012, \u00e1it a raibh s\u00ed i gceannas ar ch\u00fairteanna coiri\u00fala amh\u00e1in, agus ceapadh \u00ed mar bhreitheamh ar an Ard-Ch\u00fairt in 2015 \u00e1it ar thug s\u00ed seirbh\u00eds ar feadh n\u00edos m\u00f3 n\u00e1 deich mbliana. Mar iar-Chathaoirleach de Choimisi\u00fan Ombudsman An Gharda S\u00edoch\u00e1na \u00f3 2015 go 2021, bh\u00ed s\u00ed ag cleachtadh roimhe sin mar abhc\u00f3ide ag d\u00e9anamh speisialt\u00f3ireachta i ndl\u00ed coiri\u00fail agus poibl\u00ed, dl\u00edth\u00edocht bhunreacht\u00fail agus dl\u00ed leana\u00ed. T\u00e1 s\u00ed mar chomhbhunaitheoir freisin d\u2019Ionad Dl\u00ed na Leana\u00ed agus den Chumann um Thaighde agus Fhorbairt Ceartais Choiri\u00fail.<\/p>\n\n\n\n<p class=\"wp-block-paragraph\">Is dl\u00edod\u00f3ir \u00e9 <strong>Roddy Bourke<\/strong>&nbsp;a bhfuil taith\u00ed aige a bh\u00ed mar chomhph\u00e1irt\u00ed in McCann FitzGerald LLP \u00f3 1992 go 2024 \u00e1it a ndearna s\u00e9 speisialt\u00f3ireacht i ndl\u00edth\u00edocht chasta agus imscr\u00fad\u00fach\u00e1in. T\u00e1 go leor taith\u00ed aige ag gn\u00edomh\u00fa i mbins\u00ed agus i gcoimisi\u00fain imscr\u00fad\u00fach\u00e1in agus is iarbhall agus iar-Chathaoirleach \u00e9 de Choist\u00ed Dl\u00edth\u00edochta, R\u00e9itigh Mhalartaigh D\u00edosp\u00f3ide agus Athch\u00f3irithe Dl\u00ed an Dl\u00ed-Chumainn.<\/p>\n\n\n\n<p class=\"wp-block-paragraph\">Is comhairleoir cumhdaigh neamhsple\u00e1ch \u00e9 <strong>Kieran McGrath<\/strong>&nbsp;a bhfuil fiche bliain taith\u00ed aige ag cur comhairle ar chomhlachta\u00ed Rialtais agus Neamhrialtais maidir le c\u00farsa\u00ed cosanta agus leasa leana\u00ed. Ina ghairm bheatha mar oibr\u00ed s\u00f3isialta, rinne s\u00e9 speisialt\u00f3ireacht i ndroch\u00fas\u00e1id ghn\u00e9asach a chosc, i meas\u00fan\u00fa riosca\u00ed agus i maoirseacht chlinici\u00fail. Bh\u00ed s\u00e9 i gceannas ar an bpr\u00f3iseas rannph\u00e1irt\u00edochta marthan\u00f3ir\u00ed tr\u00e1matheoraithe don Fhiosr\u00fach\u00e1n Sc\u00f3ipe faoi Dhroch\u00fas\u00e1id Ghn\u00e9asach Stairi\u00fail i Scoileanna Lae agus C\u00f3naithe arna re\u00e1cht\u00e1il ag Oird Rialta.<\/p>\n\n\n\n<p class=\"wp-block-paragraph\">Is Ollamh Taca \u00ed <strong>Michele Clarke<\/strong>&nbsp;i Scoil na hOibre S\u00f3isialta agus an Bheartais Sh\u00f3isialta, Col\u00e1iste na Tr\u00edon\u00f3ide, Baile \u00c1tha Cliath. San \u00e1ireamh sna r\u00f3il a bh\u00ed aici roimhe seo bh\u00ed s\u00ed mar Phr\u00edomhoibr\u00ed S\u00f3isialta sa Roinn Leana\u00ed, Comhionannais, M\u00edchumais, L\u00e1nph\u00e1irt\u00edochta agus \u00d3ige agus mar Phr\u00edomhchigire de Chigireacht na Seirbh\u00eds\u00ed S\u00f3isialta. Bh\u00ed s\u00ed mar an comhairleoir rannph\u00e1irt\u00edochta marthan\u00f3ir\u00ed tr\u00e1matheoraithe don Fhiosr\u00fach\u00e1n Sc\u00f3ipe faoi Dhroch\u00fas\u00e1id Ghn\u00e9asach Stairi\u00fail i Scoileanna Lae agus C\u00f3naithe arna re\u00e1cht\u00e1il ag Oird Rialta.<\/p>\n\n\n\n<div class=\"wp-block-uagb-advanced-heading uagb-block-8451f0b5\"><h2 class=\"uagb-heading-text\"><strong>Taca\u00edocht Bhreise<\/strong><\/h2><\/div>\n\n\n\n<p class=\"wp-block-paragraph\">Faigheann na Coimisin\u00e9ir\u00ed taca\u00edocht \u00f3 fhoireann de ghairmithe dl\u00ed agus riarach\u00e1in a bhfuil taith\u00ed acu agus ina gcl\u00fada\u00edtear raon discipl\u00edn\u00ed lena gc\u00falra\u00ed i riarach\u00e1n poibl\u00ed agus san earn\u00e1il phr\u00edobh\u00e1ideach.<\/p>\n\n\n\n<p class=\"wp-block-paragraph\">Le ch\u00e9ile, cuireann siad taca\u00edocht dl\u00ed, imscr\u00fadaitheach, beartais agus oibr\u00edocht\u00fail lena gcuirtear taca faoi obair an Choimisi\u00fain mar at\u00e1 leagtha amach ina Th\u00e9arma\u00ed Tagartha. T\u00e1 an Coimisi\u00fan tiomanta do chur chuige tr\u00e1mathreoraithe i dtreo a chuid oibre, agus t\u00e1<\/p>\n","protected":false},"excerpt":{"rendered":"<p>Cathaoirleach Ceapadh an Breitheamh Uasal MacGrath mar bhreitheamh den Ard-Ch\u00fairt i m\u00ed Ean\u00e1ir 2018, \u00e1it a raibh s\u00e9 i gceannas [&hellip;]<\/p>\n","protected":false},"author":5,"featured_media":0,"parent":892,"menu_order":50,"comment_status":"closed","ping_status":"closed","template":"","meta":{"_acf_changed":false,"_uag_custom_page_level_css":"","site-sidebar-layout":"default","site-content-layout":"","ast-site-content-layout":"default","site-content-style":"default","site-sidebar-style":"default","ast-global-header-display":"","ast-banner-title-visibility":"","ast-main-header-display":"","ast-hfb-above-header-display":"","ast-hfb-below-header-display":"","ast-hfb-mobile-header-display":"","site-post-title":"","ast-breadcrumbs-content":"","ast-featured-img":"","footer-sml-layout":"","ast-disable-related-posts":"","theme-transparent-header-meta":"","adv-header-id-meta":"","stick-header-meta":"","header-above-stick-meta":"","header-main-stick-meta":"","header-below-stick-meta":"","astra-migrate-meta-layouts":"default","ast-page-background-enabled":"default","ast-page-background-meta":{"desktop":{"background-color":"var(--ast-global-color-5)","background-image":"","background-repeat":"repeat","background-position":"center center","background-size":"auto","background-attachment":"scroll","background-type":"","background-media":"","overlay-type":"","overlay-color":"","overlay-opacity":"","overlay-gradient":""},"tablet":{"background-color":"","background-image":"","background-repeat":"repeat","background-position":"center center","background-size":"auto","background-attachment":"scroll","background-type":"","background-media":"","overlay-type":"","overlay-color":"","overlay-opacity":"","overlay-gradient":""},"mobile":{"background-color":"","background-image":"","background-repeat":"repeat","background-position":"center center","background-size":"auto","background-attachment":"scroll","background-type":"","background-media":"","overlay-type":"","overlay-color":"","overlay-opacity":"","overlay-gradient":""}},"ast-content-background-meta":{"desktop":{"background-color":"var(--ast-global-color-4)","background-image":"","background-repeat":"repeat","background-position":"center center","background-size":"auto","background-attachment":"scroll","background-type":"","background-media":"","overlay-type":"","overlay-color":"","overlay-opacity":"","overlay-gradient":""},"tablet":{"background-color":"var(--ast-global-color-4)","background-image":"","background-repeat":"repeat","background-position":"center center","background-size":"auto","background-attachment":"scroll","background-type":"","background-media":"","overlay-type":"","overlay-color":"","overlay-opacity":"","overlay-gradient":""},"mobile":{"background-color":"var(--ast-global-color-4)","background-image":"","background-repeat":"repeat","background-position":"center center","background-size":"auto","background-attachment":"scroll","background-type":"","background-media":"","overlay-type":"","overlay-color":"","overlay-opacity":"","overlay-gradient":""}},"footnotes":""},"class_list":["post-1173","page","type-page","status-publish","hentry"],"acf":[],"yoast_head":"<!-- This site is optimized with the Yoast SEO plugin v28.4 - https:\/\/yoast.com\/product\/yoast-seo-wordpress\/ -->\n<title>Foireann an Choimsi\u00fain - Commission of Investigation<\/title>\n<meta name=\"robots\" content=\"index, follow, max-snippet:-1, max-image-preview:large, max-video-preview:-1\" \/>\n<link rel=\"canonical\" href=\"https:\/\/www.commissionofinvestigation.ie\/ga\/maidir-leis-an-gcoimisiun\/foireann-an-choimsiuin\/\" \/>\n<meta property=\"og:locale\" content=\"en_US\" \/>\n<meta property=\"og:type\" content=\"article\" \/>\n<meta property=\"og:title\" content=\"Foireann an Choimsi\u00fain - Commission of Investigation\" \/>\n<meta property=\"og:description\" content=\"Cathaoirleach Ceapadh an Breitheamh Uasal MacGrath mar bhreitheamh den Ard-Ch\u00fairt i m\u00ed Ean\u00e1ir 2018, \u00e1it a raibh s\u00e9 i gceannas [&hellip;]\" \/>\n<meta property=\"og:url\" content=\"https:\/\/www.commissionofinvestigation.ie\/ga\/maidir-leis-an-gcoimisiun\/foireann-an-choimsiuin\/\" \/>\n<meta property=\"og:site_name\" content=\"Commission of Investigation\" \/>\n<meta property=\"article:modified_time\" content=\"2026-08-24T10:37:17+00:00\" \/>\n<meta name=\"twitter:card\" content=\"summary_large_image\" \/>\n<meta name=\"twitter:label1\" content=\"Est. reading time\" \/>\n\t<meta name=\"twitter:data1\" content=\"3 minutes\" \/>\n<script type=\"application\/ld+json\" class=\"yoast-schema-graph\">{\"@context\":\"https:\\\/\\\/schema.org\",\"@graph\":[{\"@type\":\"WebPage\",\"@id\":\"https:\\\/\\\/www.commissionofinvestigation.ie\\\/ga\\\/maidir-leis-an-gcoimisiun\\\/foireann-an-choimsiuin\\\/\",\"url\":\"https:\\\/\\\/www.commissionofinvestigation.ie\\\/ga\\\/maidir-leis-an-gcoimisiun\\\/foireann-an-choimsiuin\\\/\",\"name\":\"Foireann an Choimsi\u00fain - Commission of Investigation\",\"isPartOf\":{\"@id\":\"https:\\\/\\\/www.commissionofinvestigation.ie\\\/#website\"},\"datePublished\":\"2026-06-02T09:57:56+00:00\",\"dateModified\":\"2026-08-24T10:37:17+00:00\",\"breadcrumb\":{\"@id\":\"https:\\\/\\\/www.commissionofinvestigation.ie\\\/ga\\\/maidir-leis-an-gcoimisiun\\\/foireann-an-choimsiuin\\\/#breadcrumb\"},\"inLanguage\":\"ga\",\"potentialAction\":[{\"@type\":\"ReadAction\",\"target\":[\"https:\\\/\\\/www.commissionofinvestigation.ie\\\/ga\\\/maidir-leis-an-gcoimisiun\\\/foireann-an-choimsiuin\\\/\"]}]},{\"@type\":\"BreadcrumbList\",\"@id\":\"https:\\\/\\\/www.commissionofinvestigation.ie\\\/ga\\\/maidir-leis-an-gcoimisiun\\\/foireann-an-choimsiuin\\\/#breadcrumb\",\"itemListElement\":[{\"@type\":\"ListItem\",\"position\":1,\"name\":\"Home\",\"item\":\"https:\\\/\\\/www.commissionofinvestigation.ie\\\/ga\\\/\"},{\"@type\":\"ListItem\",\"position\":2,\"name\":\"Maidir Leis an gCoimisi\u00fan\",\"item\":\"https:\\\/\\\/www.commissionofinvestigation.ie\\\/ga\\\/maidir-leis-an-gcoimisiun\\\/\"},{\"@type\":\"ListItem\",\"position\":3,\"name\":\"Foireann an Choimsi\u00fain\"}]},{\"@type\":\"WebSite\",\"@id\":\"https:\\\/\\\/www.commissionofinvestigation.ie\\\/#website\",\"url\":\"https:\\\/\\\/www.commissionofinvestigation.ie\\\/\",\"name\":\"Commission of Investigation\",\"description\":\"Commission of Investigation: Handling of historical child sexual abuse in schools.\",\"publisher\":{\"@id\":\"https:\\\/\\\/www.commissionofinvestigation.ie\\\/#organization\"},\"potentialAction\":[{\"@type\":\"SearchAction\",\"target\":{\"@type\":\"EntryPoint\",\"urlTemplate\":\"https:\\\/\\\/www.commissionofinvestigation.ie\\\/?s={search_term_string}\"},\"query-input\":{\"@type\":\"PropertyValueSpecification\",\"valueRequired\":true,\"valueName\":\"search_term_string\"}}],\"inLanguage\":\"ga\"},{\"@type\":\"Organization\",\"@id\":\"https:\\\/\\\/www.commissionofinvestigation.ie\\\/#organization\",\"name\":\"Commission of Investigation\",\"url\":\"https:\\\/\\\/www.commissionofinvestigation.ie\\\/\",\"logo\":{\"@type\":\"ImageObject\",\"inLanguage\":\"ga\",\"@id\":\"https:\\\/\\\/www.commissionofinvestigation.ie\\\/#\\\/schema\\\/logo\\\/image\\\/\",\"url\":\"https:\\\/\\\/www.commissionofinvestigation.ie\\\/app\\\/uploads\\\/2026\\\/05\\\/coi-logo-scaled.png\",\"contentUrl\":\"https:\\\/\\\/www.commissionofinvestigation.ie\\\/app\\\/uploads\\\/2026\\\/05\\\/coi-logo-scaled.png\",\"width\":2560,\"height\":425,\"caption\":\"Commission of Investigation\"},\"image\":{\"@id\":\"https:\\\/\\\/www.commissionofinvestigation.ie\\\/#\\\/schema\\\/logo\\\/image\\\/\"}}]}<\/script>\n<!-- \/ Yoast SEO plugin. -->","yoast_head_json":{"title":"Foireann an Choimsi\u00fain - Commission of Investigation","robots":{"index":"index","follow":"follow","max-snippet":"max-snippet:-1","max-image-preview":"max-image-preview:large","max-video-preview":"max-video-preview:-1"},"canonical":"https:\/\/www.commissionofinvestigation.ie\/ga\/maidir-leis-an-gcoimisiun\/foireann-an-choimsiuin\/","og_locale":"en_US","og_type":"article","og_title":"Foireann an Choimsi\u00fain - Commission of Investigation","og_description":"Cathaoirleach Ceapadh an Breitheamh Uasal MacGrath mar bhreitheamh den Ard-Ch\u00fairt i m\u00ed Ean\u00e1ir 2018, \u00e1it a raibh s\u00e9 i gceannas [&hellip;]","og_url":"https:\/\/www.commissionofinvestigation.ie\/ga\/maidir-leis-an-gcoimisiun\/foireann-an-choimsiuin\/","og_site_name":"Commission of Investigation","article_modified_time":"2026-08-24T10:37:17+00:00","twitter_card":"summary_large_image","twitter_misc":{"Est. reading time":"3 minutes"},"schema":{"@context":"https:\/\/schema.org","@graph":[{"@type":"WebPage","@id":"https:\/\/www.commissionofinvestigation.ie\/ga\/maidir-leis-an-gcoimisiun\/foireann-an-choimsiuin\/","url":"https:\/\/www.commissionofinvestigation.ie\/ga\/maidir-leis-an-gcoimisiun\/foireann-an-choimsiuin\/","name":"Foireann an Choimsi\u00fain - Commission of Investigation","isPartOf":{"@id":"https:\/\/www.commissionofinvestigation.ie\/#website"},"datePublished":"2026-06-02T09:57:56+00:00","dateModified":"2026-08-24T10:37:17+00:00","breadcrumb":{"@id":"https:\/\/www.commissionofinvestigation.ie\/ga\/maidir-leis-an-gcoimisiun\/foireann-an-choimsiuin\/#breadcrumb"},"inLanguage":"ga","potentialAction":[{"@type":"ReadAction","target":["https:\/\/www.commissionofinvestigation.ie\/ga\/maidir-leis-an-gcoimisiun\/foireann-an-choimsiuin\/"]}]},{"@type":"BreadcrumbList","@id":"https:\/\/www.commissionofinvestigation.ie\/ga\/maidir-leis-an-gcoimisiun\/foireann-an-choimsiuin\/#breadcrumb","itemListElement":[{"@type":"ListItem","position":1,"name":"Home","item":"https:\/\/www.commissionofinvestigation.ie\/ga\/"},{"@type":"ListItem","position":2,"name":"Maidir Leis an gCoimisi\u00fan","item":"https:\/\/www.commissionofinvestigation.ie\/ga\/maidir-leis-an-gcoimisiun\/"},{"@type":"ListItem","position":3,"name":"Foireann an Choimsi\u00fain"}]},{"@type":"WebSite","@id":"https:\/\/www.commissionofinvestigation.ie\/#website","url":"https:\/\/www.commissionofinvestigation.ie\/","name":"Commission of Investigation","description":"Commission of Investigation: Handling of historical child sexual abuse in schools.","publisher":{"@id":"https:\/\/www.commissionofinvestigation.ie\/#organization"},"potentialAction":[{"@type":"SearchAction","target":{"@type":"EntryPoint","urlTemplate":"https:\/\/www.commissionofinvestigation.ie\/?s={search_term_string}"},"query-input":{"@type":"PropertyValueSpecification","valueRequired":true,"valueName":"search_term_string"}}],"inLanguage":"ga"},{"@type":"Organization","@id":"https:\/\/www.commissionofinvestigation.ie\/#organization","name":"Commission of Investigation","url":"https:\/\/www.commissionofinvestigation.ie\/","logo":{"@type":"ImageObject","inLanguage":"ga","@id":"https:\/\/www.commissionofinvestigation.ie\/#\/schema\/logo\/image\/","url":"https:\/\/www.commissionofinvestigation.ie\/app\/uploads\/2026\/05\/coi-logo-scaled.png","contentUrl":"https:\/\/www.commissionofinvestigation.ie\/app\/uploads\/2026\/05\/coi-logo-scaled.png","width":2560,"height":425,"caption":"Commission of Investigation"},"image":{"@id":"https:\/\/www.commissionofinvestigation.ie\/#\/schema\/logo\/image\/"}}]}},"spectra_custom_meta":{"_uagb_previous_block_counts":["a:90:{s:21:\"uagb\/advanced-heading\";i:3;s:15:\"uagb\/blockquote\";i:0;s:12:\"uagb\/buttons\";i:0;s:18:\"uagb\/buttons-child\";i:0;s:19:\"uagb\/call-to-action\";i:0;s:15:\"uagb\/cf7-styler\";i:0;s:11:\"uagb\/column\";i:0;s:12:\"uagb\/columns\";i:0;s:14:\"uagb\/container\";i:0;s:21:\"uagb\/content-timeline\";i:0;s:27:\"uagb\/content-timeline-child\";i:0;s:14:\"uagb\/countdown\";i:0;s:12:\"uagb\/counter\";i:0;s:8:\"uagb\/faq\";i:0;s:14:\"uagb\/faq-child\";i:0;s:10:\"uagb\/forms\";i:0;s:17:\"uagb\/forms-accept\";i:0;s:19:\"uagb\/forms-checkbox\";i:0;s:15:\"uagb\/forms-date\";i:0;s:16:\"uagb\/forms-email\";i:0;s:17:\"uagb\/forms-hidden\";i:0;s:15:\"uagb\/forms-name\";i:0;s:16:\"uagb\/forms-phone\";i:0;s:16:\"uagb\/forms-radio\";i:0;s:17:\"uagb\/forms-select\";i:0;s:19:\"uagb\/forms-textarea\";i:0;s:17:\"uagb\/forms-toggle\";i:0;s:14:\"uagb\/forms-url\";i:0;s:14:\"uagb\/gf-styler\";i:0;s:15:\"uagb\/google-map\";i:0;s:11:\"uagb\/how-to\";i:0;s:16:\"uagb\/how-to-step\";i:0;s:9:\"uagb\/icon\";i:0;s:14:\"uagb\/icon-list\";i:0;s:20:\"uagb\/icon-list-child\";i:0;s:10:\"uagb\/image\";i:0;s:18:\"uagb\/image-gallery\";i:0;s:13:\"uagb\/info-box\";i:0;s:18:\"uagb\/inline-notice\";i:0;s:11:\"uagb\/lottie\";i:0;s:21:\"uagb\/marketing-button\";i:0;s:10:\"uagb\/modal\";i:0;s:18:\"uagb\/popup-builder\";i:0;s:16:\"uagb\/post-button\";i:0;s:18:\"uagb\/post-carousel\";i:0;s:17:\"uagb\/post-excerpt\";i:0;s:14:\"uagb\/post-grid\";i:0;s:15:\"uagb\/post-image\";i:0;s:17:\"uagb\/post-masonry\";i:0;s:14:\"uagb\/post-meta\";i:0;s:18:\"uagb\/post-taxonomy\";i:0;s:18:\"uagb\/post-timeline\";i:0;s:15:\"uagb\/post-title\";i:0;s:20:\"uagb\/restaurant-menu\";i:0;s:26:\"uagb\/restaurant-menu-child\";i:0;s:11:\"uagb\/review\";i:0;s:12:\"uagb\/section\";i:0;s:14:\"uagb\/separator\";i:0;s:11:\"uagb\/slider\";i:0;s:17:\"uagb\/slider-child\";i:0;s:17:\"uagb\/social-share\";i:0;s:23:\"uagb\/social-share-child\";i:0;s:16:\"uagb\/star-rating\";i:0;s:23:\"uagb\/sure-cart-checkout\";i:0;s:22:\"uagb\/sure-cart-product\";i:0;s:15:\"uagb\/sure-forms\";i:0;s:22:\"uagb\/table-of-contents\";i:0;s:9:\"uagb\/tabs\";i:0;s:15:\"uagb\/tabs-child\";i:0;s:18:\"uagb\/taxonomy-list\";i:0;s:9:\"uagb\/team\";i:0;s:16:\"uagb\/testimonial\";i:0;s:14:\"uagb\/wp-search\";i:0;s:19:\"uagb\/instagram-feed\";i:0;s:10:\"uagb\/login\";i:0;s:17:\"uagb\/loop-builder\";i:0;s:18:\"uagb\/loop-category\";i:0;s:20:\"uagb\/loop-pagination\";i:0;s:15:\"uagb\/loop-reset\";i:0;s:16:\"uagb\/loop-search\";i:0;s:14:\"uagb\/loop-sort\";i:0;s:17:\"uagb\/loop-wrapper\";i:0;s:13:\"uagb\/register\";i:0;s:19:\"uagb\/register-email\";i:0;s:24:\"uagb\/register-first-name\";i:0;s:23:\"uagb\/register-last-name\";i:0;s:22:\"uagb\/register-password\";i:0;s:30:\"uagb\/register-reenter-password\";i:0;s:19:\"uagb\/register-terms\";i:0;s:22:\"uagb\/register-username\";i:0;}"],"_last_translation_edit_mode":["native-editor"],"ast-main-header-display":[""],"ast-hfb-above-header-display":[""],"ast-hfb-below-header-display":[""],"ast-hfb-mobile-header-display":[""],"adv-header-id-meta":[""],"footer-sml-layout":[""],"stick-header-meta":[""],"header-main-stick-meta":[""],"header-above-stick-meta":[""],"header-below-stick-meta":[""],"site-post-title":[""],"site-sidebar-layout":["default"],"site-content-layout":[""],"ast-featured-img":[""],"ast-breadcrumbs-content":[""],"theme-transparent-header-meta":[""],"ast-banner-title-visibility":[""],"ast-global-header-display":[""],"ast-site-content-layout":["default"],"site-content-style":["default"],"site-sidebar-style":["default"],"menu_type":["sections"],"_menu_type":["field_6a33d6ebaeaaa"],"_sections":["field_6a33d800aeaab"],"_sections_0_title":["field_6a33d81daeaac"],"_sections_0_anchor":["field_6a33d828aeaad"],"_sections_1_title":["field_6a33d81daeaac"],"_sections_1_anchor":["field_6a33d828aeaad"],"_top_nav_excluded":[""],"_cms_nav_minihome":[""],"sections_0_title":["Chair"],"sections_0_anchor":["chair"],"sections_1_title":["Commissioners"],"sections_1_anchor":["commissioners"],"_wpml_word_count":["583"],"_wp_page_template":[""],"_edit_lock":["1787567844:7"],"_edit_last":["7"],"_yoast_wpseo_content_score":["30"],"_yoast_wpseo_estimated-reading-time-minutes":["3"],"sections":["3"],"_sections_2_title":["field_6a33d81daeaac"],"_sections_2_anchor":["field_6a33d828aeaad"],"_uag_page_assets":["a:9:{s:3:\"css\";s:2019:\".wp-block-uagb-advanced-heading.uagb-block-958b977d.wp-block-uagb-advanced-heading .uagb-desc-text{margin-bottom: 15px;}.wp-block-uagb-advanced-heading.uagb-block-958b977d.wp-block-uagb-advanced-heading .uagb-highlight{font-style: normal;font-weight: Default;background: #007cba;color: #fff;-webkit-text-fill-color: #fff;}.wp-block-uagb-advanced-heading.uagb-block-958b977d.wp-block-uagb-advanced-heading .uagb-highlight::-moz-selection{color: #fff;background: #007cba;-webkit-text-fill-color: #fff;}.wp-block-uagb-advanced-heading.uagb-block-958b977d.wp-block-uagb-advanced-heading .uagb-highlight::selection{color: #fff;background: #007cba;-webkit-text-fill-color: #fff;}.wp-block-uagb-advanced-heading.uagb-block-7c65366e.wp-block-uagb-advanced-heading .uagb-desc-text{margin-bottom: 15px;}.wp-block-uagb-advanced-heading.uagb-block-7c65366e.wp-block-uagb-advanced-heading .uagb-highlight{font-style: normal;font-weight: Default;background: #007cba;color: #fff;-webkit-text-fill-color: #fff;}.wp-block-uagb-advanced-heading.uagb-block-7c65366e.wp-block-uagb-advanced-heading .uagb-highlight::-moz-selection{color: #fff;background: #007cba;-webkit-text-fill-color: #fff;}.wp-block-uagb-advanced-heading.uagb-block-7c65366e.wp-block-uagb-advanced-heading .uagb-highlight::selection{color: #fff;background: #007cba;-webkit-text-fill-color: #fff;}.wp-block-uagb-advanced-heading.uagb-block-8451f0b5.wp-block-uagb-advanced-heading .uagb-desc-text{margin-bottom: 15px;}.wp-block-uagb-advanced-heading.uagb-block-8451f0b5.wp-block-uagb-advanced-heading .uagb-highlight{font-style: normal;font-weight: Default;background: #007cba;color: #fff;-webkit-text-fill-color: #fff;}.wp-block-uagb-advanced-heading.uagb-block-8451f0b5.wp-block-uagb-advanced-heading .uagb-highlight::-moz-selection{color: #fff;background: #007cba;-webkit-text-fill-color: #fff;}.wp-block-uagb-advanced-heading.uagb-block-8451f0b5.wp-block-uagb-advanced-heading .uagb-highlight::selection{color: #fff;background: #007cba;-webkit-text-fill-color: #fff;}\";s:2:\"js\";s:0:\"\";s:18:\"current_block_list\";a:9:{i:0;s:21:\"uagb\/advanced-heading\";i:1;s:14:\"core\/paragraph\";i:2;s:11:\"core\/search\";i:3;s:10:\"core\/group\";i:4;s:12:\"core\/heading\";i:5;s:17:\"core\/latest-posts\";i:6;s:20:\"core\/latest-comments\";i:7;s:13:\"core\/archives\";i:8;s:15:\"core\/categories\";}s:8:\"uag_flag\";b:1;s:11:\"uag_version\";s:10:\"1788698914\";s:6:\"gfonts\";a:0:{}s:10:\"gfonts_url\";s:0:\"\";s:12:\"gfonts_files\";a:0:{}s:14:\"uag_faq_layout\";b:0;}"]},"uagb_featured_image_src":{"full":false,"thumbnail":false,"medium":false,"medium_large":false,"large":false,"1536x1536":false,"2048x2048":false},"uagb_author_info":{"display_name":"Lisa Westermann","author_link":"https:\/\/www.commissionofinvestigation.ie\/ga\/author\/lisa\/"},"uagb_comment_info":0,"uagb_excerpt":"Cathaoirleach Ceapadh an Breitheamh Uasal MacGrath mar bhreitheamh den Ard-Ch\u00fairt i m\u00ed Ean\u00e1ir 2018, \u00e1it a raibh s\u00e9 i gceannas [&hellip;]","_links":{"self":[{"href":"https:\/\/www.commissionofinvestigation.ie\/ga\/wp-json\/wp\/v2\/pages\/1173","targetHints":{"allow":["GET"]}}],"collection":[{"href":"https:\/\/www.commissionofinvestigation.ie\/ga\/wp-json\/wp\/v2\/pages"}],"about":[{"href":"https:\/\/www.commissionofinvestigation.ie\/ga\/wp-json\/wp\/v2\/types\/page"}],"author":[{"embeddable":true,"href":"https:\/\/www.commissionofinvestigation.ie\/ga\/wp-json\/wp\/v2\/users\/5"}],"replies":[{"embeddable":true,"href":"https:\/\/www.commissionofinvestigation.ie\/ga\/wp-json\/wp\/v2\/comments?post=1173"}],"version-history":[{"count":3,"href":"https:\/\/www.commissionofinvestigation.ie\/ga\/wp-json\/wp\/v2\/pages\/1173\/revisions"}],"predecessor-version":[{"id":1511,"href":"https:\/\/www.commissionofinvestigation.ie\/ga\/wp-json\/wp\/v2\/pages\/1173\/revisions\/1511"}],"up":[{"embeddable":true,"href":"https:\/\/www.commissionofinvestigation.ie\/ga\/wp-json\/wp\/v2\/pages\/892"}],"wp:attachment":[{"href":"https:\/\/www.commissionofinvestigation.ie\/ga\/wp-json\/wp\/v2\/media?parent=1173"}],"curies":[{"name":"wp","href":"https:\/\/api.w.org\/{rel}","templated":true}]}}